{"id":1845,"date":"2024-10-03T17:52:56","date_gmt":"2024-10-03T15:52:56","guid":{"rendered":"https:\/\/www.mvgphoto.com\/?page_id=1845"},"modified":"2026-04-03T16:55:18","modified_gmt":"2026-04-03T14:55:18","slug":"espace-mvg","status":"publish","type":"page","link":"https:\/\/www.mvgphoto.com\/","title":{"rendered":"ESPACE MVG"},"content":{"rendered":"<p class=\"has-accent-color has-text-color has-link-color wp-elements-b1b09e1f1f202aeba7752461de36ba88\"><strong><strong>Prochaine exposition \u00e0 l&#8217;ESPACE MVG<\/strong><\/strong><\/p><figure class=\"wp-block-image size-large\"><a href=\"https:\/\/www.mvgphoto.com\/mvg_photo\/wp-content\/uploads\/2026\/04\/Nu-au-Paradis_MVG_2-scaled.jpg\"><img loading=\"lazy\" decoding=\"async\" width=\"1024\" height=\"753\" src=\"https:\/\/www.mvgphoto.com\/mvg_photo\/wp-content\/uploads\/2026\/04\/Nu-au-Paradis_MVG_2-1024x753.jpg\" alt=\"\" class=\"wp-image-3207\" srcset=\"https:\/\/www.mvgphoto.com\/mvg_photo\/wp-content\/uploads\/2026\/04\/Nu-au-Paradis_MVG_2-1024x753.jpg 1024w, https:\/\/www.mvgphoto.com\/mvg_photo\/wp-content\/uploads\/2026\/04\/Nu-au-Paradis_MVG_2-300x221.jpg 300w, https:\/\/www.mvgphoto.com\/mvg_photo\/wp-content\/uploads\/2026\/04\/Nu-au-Paradis_MVG_2-768x565.jpg 768w, https:\/\/www.mvgphoto.com\/mvg_photo\/wp-content\/uploads\/2026\/04\/Nu-au-Paradis_MVG_2-1536x1130.jpg 1536w, https:\/\/www.mvgphoto.com\/mvg_photo\/wp-content\/uploads\/2026\/04\/Nu-au-Paradis_MVG_2-2048x1506.jpg 2048w, https:\/\/www.mvgphoto.com\/mvg_photo\/wp-content\/uploads\/2026\/04\/Nu-au-Paradis_MVG_2-600x441.jpg 600w\" sizes=\"auto, (max-width: 1024px) 100vw, 1024px\" \/><\/a><\/figure><p class=\"has-text-align-center\"><strong><em>Nu au Paradis<\/em><\/strong><\/p><p class=\"has-text-align-center\"><strong>Michael von Graffenried<\/strong><br><strong>Vernissage le 16 avril 2026 entre 18h et 21h<\/strong><\/p><p class=\"has-text-align-center\">Exposition: Du 16 avril au 4 juillet, 2026<br>Commissariat : Natasha Guy\u00a0\u00a0<br>\u00a0<br><em><strong>ESPACE MVG<\/strong><br>36 rue Falgui\u00e8re, 75015 Paris<br>jeudi, vendredi, samedi 14h \u2013 18h<\/em><\/p><figure class=\"wp-block-table\"><table class=\"has-fixed-layout\"><tbody><tr><td><strong><em>\u00ab Les gens affirment collectivement leurs intentions pacifiques en se d\u00e9barrassant de l&#8217;uniforme de la soci\u00e9t\u00e9, se rendant ainsi aussi vuln\u00e9rables que seuls des \u00eatres humains d\u00e9sarm\u00e9s et d\u00e9nud\u00e9s peuvent l&#8217;\u00eatre. Si cela constitue un message, de leur part ou de celle de\u00a0Graffenried, c&#8217;est celui-ci : ce ne sont pas les corps qui se comportent mal et font du mal\u00a0aux autres, mais les esprits. \u00bb<\/em><\/strong><br><strong><em>\u2014 A.D. Coleman<\/em><\/strong><br><br>Du\u00a0<strong>16 avril au 4 juillet 2026<\/strong>, l\u2019ESPACE MVG\u00a0pr\u00e9sente\u00a0<strong><em>Nu au Paradis<\/em><\/strong>, une s\u00e9rie photographique de\u00a0<strong>Michael von Graffenried\u00a0<\/strong>r\u00e9alis\u00e9e au sein d\u2019une des plus anciennes communaut\u00e9s naturistes d\u2019Europe, install\u00e9e au bord du lac de Neuch\u00e2tel en Suisse. Derri\u00e8re les murs du camp\u00a0<em>Die Neue Zeit<\/em>, les images r\u00e9v\u00e8lent une vie \u00e9tonnamment ordinaire : faire du sport, cuisiner, danser ou partager un pique-nique \u2014\u00a0<strong>simplement, sans v\u00eatements.\u00a0<\/strong>Dans cette s\u00e9rie, la nudit\u00e9 n\u2019est pas spectaculaire : elle devient presque banale, r\u00e9v\u00e9lant la vuln\u00e9rabilit\u00e9 et l\u2019humanit\u00e9 des corps. Comme pour chaque exposition pr\u00e9sent\u00e9e \u00e0 l\u2019ESPACE MVG, un\u00a0<em>mur des amis<\/em>\u00a0vient accompagner l\u2019ensemble. \u00c0 cette occasion, des \u0153uvres de\u00a0<strong>Edward Weston<\/strong>\u00a0et\u00a0<strong>Manuel \u00c1lvarez Bravo<\/strong>, issues de la COLLECTION\u00a0MVG, seront \u00e9galement pr\u00e9sent\u00e9es, offrant un dialogue avec la repr\u00e9sentation du corps et l\u2019histoire de la photographie.<br><br><strong><em>\u00ab La premi\u00e8re heure pass\u00e9e dans le plus simple appareil s&#8217;av\u00e8re difficile, mais je ne tarde\u00a0pas \u00e0 retrouver mon aisance. Il est interdit de prendre des photos: un mur entoure le domaine. Je n&#8217;obtiens le feu vert qu&#8217;apr\u00e8s plusieurs entretiens. Pendant une semaine, je me\u00a0pr\u00e9sente comme un reporter, je montre des diapositives et je r\u00e9colte les signatures des naturistes qui veulent bien se laisser photographier: \u201cJe donne mon accord \u00e0 la publication.\u201d<\/em><\/strong> <strong><em>Beaucoup d&#8217;entre eux ne peuvent pas se permettre que parents, voisins et coll\u00e8gues de\u00a0travail apprennent o\u00f9 ils passent l\u2019\u00e9t\u00e9. Le dimanche, un pr\u00eatre d\u00e9v\u00eatu c\u00e9l\u00e8bre un service en\u00a0plein air. Impossible de fixer cette sc\u00e8ne sur la pellicule, la paroisse s&#8217;y opposerait. &#8222;Die\u00a0neue zeit\u201d (temps nouveaux), situ\u00e9e au bord du lac de Neuch\u00e2tel, constitue l&#8217;une des plus\u00a0anciennes organisations naturistes du monde. Etre nus ne suffit pas aux \u201cLichtfreunde&#8220;\u00a0(amis de la lumi\u00e8re), nom que le groupement porte depuis sa fondation voil\u00e0 soixante ans.\u00a0Ils ne fument pas, ne boivent pas d&#8217;alcool, ne mangent pas de viande. Ils aspirent \u00e0 l&#8217;am\u00e9lioration et \u00e0 l&#8217;ennoblissement de l&#8217;homme. \u00bb<\/em><\/strong><br><strong><em>\u2014 Michael von Graffenried<\/em><\/strong><br><br>Au fil des \u00e9t\u00e9s, une relation s\u2019est construite, donnant naissance \u00e0 la s\u00e9rie et au livre\u00a0<em>Nu au Paradis<\/em>, o\u00f9 l\u2019intime et le collectif se rencontrent, r\u00e9v\u00e9lant un monde \u00e0 la fois fragile, id\u00e9aliste et profond\u00e9ment humain. \u00c0 travers cette s\u00e9rie, Michael von Graffenried propose une r\u00e9flexion sur la visibili t\u00e9 du corps et sur les formes de vie collective qui se construisent \u00e0 l\u2019\u00e9cart du regard public.<\/td><\/tr><\/tbody><\/table><\/figure><figure class=\"wp-block-image size-large\"><a href=\"https:\/\/www.mvgphoto.com\/mvg_photo\/wp-content\/uploads\/2026\/04\/Nu-au-Paradis_MVG_1-scaled.jpg\"><img loading=\"lazy\" decoding=\"async\" width=\"1024\" height=\"762\" src=\"https:\/\/www.mvgphoto.com\/mvg_photo\/wp-content\/uploads\/2026\/04\/Nu-au-Paradis_MVG_1-1024x762.jpg\" alt=\"\" class=\"wp-image-3209\" srcset=\"https:\/\/www.mvgphoto.com\/mvg_photo\/wp-content\/uploads\/2026\/04\/Nu-au-Paradis_MVG_1-1024x762.jpg 1024w, https:\/\/www.mvgphoto.com\/mvg_photo\/wp-content\/uploads\/2026\/04\/Nu-au-Paradis_MVG_1-300x223.jpg 300w, https:\/\/www.mvgphoto.com\/mvg_photo\/wp-content\/uploads\/2026\/04\/Nu-au-Paradis_MVG_1-768x572.jpg 768w, https:\/\/www.mvgphoto.com\/mvg_photo\/wp-content\/uploads\/2026\/04\/Nu-au-Paradis_MVG_1-1536x1143.jpg 1536w, https:\/\/www.mvgphoto.com\/mvg_photo\/wp-content\/uploads\/2026\/04\/Nu-au-Paradis_MVG_1-2048x1524.jpg 2048w, https:\/\/www.mvgphoto.com\/mvg_photo\/wp-content\/uploads\/2026\/04\/Nu-au-Paradis_MVG_1-600x447.jpg 600w\" sizes=\"auto, (max-width: 1024px) 100vw, 1024px\" \/><\/a><\/figure><p><strong><u>Programmation<\/u><\/strong><\/p><p><em><strong>Session de dessin avec mod\u00e8le vivant \u2014 mercredi 29 avril, 19h\u201321h<\/strong><\/em><br><em>Une s\u00e9ance de dessin invitant les participants \u00e0 observer &amp; repr\u00e9senter le corps dans un cadre\u00a0bienveillant.\u00a0<a href=\"https:\/\/ej70k.r.ag.d.sendibm3.com\/mk\/cl\/f\/sh\/6rqJfgq8dIR6SY0ozcLwlHfC1UW\/v8eE8wQL7yKm\" target=\"_blank\" rel=\"noreferrer noopener\"><em>R\u00e9servations ici.<\/em><\/a><\/em><\/p><p><strong>Conversation avec Jean-Hubert Martin \u2014 vendredi 5 juin, 19h<\/strong><br><em>Cette conversation abordera la repr\u00e9sentation du corps nu dans l\u2019histoire de l\u2019art et dans l\u2019art contemporaine.<\/em><\/p><p><strong>Visite naturiste avec l\u2019Association des Naturistes de Paris et la\u00a0F\u00e9d\u00e9ration fran\u00e7aise de naturisme\u00a0\u2014 dimanche 7 juin, 14h\u201318h<\/strong><br><em>Une visite exceptionnelle de l\u2019exposition proposant une exp\u00e9rience de regard et de perception en \u00e9cho \u00e0 l\u2019univers de la s\u00e9rie.<\/em><\/p><p class=\"has-accent-color has-text-color has-link-color wp-elements-376bc4dba0d786e091baa491aa97f4bf\"><strong><strong>Exposition en cours \u00e0 l&#8217;ESPACE MVG<\/strong><\/strong><\/p><figure class=\"wp-block-image size-full\"><a href=\"https:\/\/www.mvgphoto.com\/mvg_photo\/wp-content\/uploads\/2014\/10\/Cocainelove_mvg_02.jpg\"><img loading=\"lazy\" decoding=\"async\" width=\"1300\" height=\"485\" src=\"https:\/\/www.mvgphoto.com\/mvg_photo\/wp-content\/uploads\/2014\/10\/Cocainelove_mvg_02.jpg\" alt=\"\" class=\"wp-image-523\" srcset=\"https:\/\/www.mvgphoto.com\/mvg_photo\/wp-content\/uploads\/2014\/10\/Cocainelove_mvg_02.jpg 1300w, https:\/\/www.mvgphoto.com\/mvg_photo\/wp-content\/uploads\/2014\/10\/Cocainelove_mvg_02-600x224.jpg 600w, https:\/\/www.mvgphoto.com\/mvg_photo\/wp-content\/uploads\/2014\/10\/Cocainelove_mvg_02-300x111.jpg 300w, https:\/\/www.mvgphoto.com\/mvg_photo\/wp-content\/uploads\/2014\/10\/Cocainelove_mvg_02-1024x382.jpg 1024w\" sizes=\"auto, (max-width: 1300px) 100vw, 1300px\" \/><\/a><\/figure><p class=\"has-text-align-center\"><br><strong><em>COCAINELOVE :&nbsp;<\/em><\/strong><em><strong>Une histoire d\u2019amour au c\u0153ur de l\u2019addiction<\/strong><\/em><\/p><p class=\"has-text-align-center\"><strong>Michael von Graffenried<\/strong><br><strong>Vernissage le 22 janvier 2026 entre 18h et 21h<\/strong><\/p><p class=\"has-text-align-center\">Exposition: Du 22 janvier au 11 avril, 2026<br>Commissariat : Natasha Guy&nbsp;&nbsp;<br>&nbsp;<br><em><strong>ESPACE MVG<\/strong><br>36 rue Falgui\u00e8re, 75015 Paris<br>jeudi, vendredi, samedi 14h \u2013 18h<\/em><\/p><hr class=\"wp-block-separator has-text-color has-accent-color has-alpha-channel-opacity has-accent-background-color has-background is-style-wide\"\/><p id=\"isPasted\"><strong><em>Pendant deux ans, Astrid et Pierre se livrent&nbsp;<\/em><\/strong><em><strong>ouvertement au regard panoramique de&nbsp;<\/strong><strong>Michael von Graffenried, de l\u2019amour \u00e0 la&nbsp;<\/strong><strong>d\u00e9pendance. Cette s\u00e9rie au long cours&nbsp;<\/strong><strong>d\u00e9ploie une approche intime de leur histoire,&nbsp;<\/strong><strong>attentive aux gestes, aux liens et aux&nbsp;<\/strong><strong>fragilit\u00e9s, donnant un visage humain \u00e0 une&nbsp;<\/strong><strong>r\u00e9alit\u00e9 souvent marginalis\u00e9e et interrogeant&nbsp;<\/strong><strong>sa place dans l\u2019espace public.<\/strong><\/em><\/p><p id=\"isPasted\">En 1987, alors qu\u2019il photographiait la premi\u00e8re salle de consommation supervis\u00e9e au monde \u00e0 Berne pour l\u2019association de r\u00e9duction des risques R\u00e9seau Contact, Michael von Graffenried a commenc\u00e9 \u00e0 tisser les liens de confiance fragiles qui allaient ancrer&nbsp;<em>COCAINELOVE<\/em>. La Suisse avait ouvert l\u2019une des premi\u00e8res salles de consommation au monde, au plus fort d\u2019une crise de sant\u00e9 publique marqu\u00e9e par la transmission du VIH, les overdoses et les sc\u00e8nes ouvertes de consommation du Platzspitz (\u00ab Needle Park \u00bb) \u00e0 Zurich.<\/p><p id=\"isPasted\">C\u2019est dans ce contexte que Graffenried a rencontr\u00e9 Astrid et Pierre :&nbsp;<strong>un jeune couple uni par&nbsp;<\/strong><strong>l\u2019amour autant que par l\u2019addiction<\/strong>. Pendant dix-huit mois, il les a suivis \u00e0 travers la tendresse et la violence, l\u2019incarc\u00e9ration, les rechutes et la survie. Avec son appareil panoramique, il a enregistr\u00e9 leur relation \u00e0 hauteur d\u2019\u0153il, r\u00e9v\u00e9lant non pas le spectaculaire, mais la proximit\u00e9. Astrid est morte d\u2019une overdose en 2008. Elle avait trente-six ans. Pierre a \u00e9t\u00e9 poignard\u00e9 \u00e0 mort par un ami-dealer en 2018.<\/p><p id=\"isPasted\">En 2005, plut\u00f4t que de pr\u00e9senter ce travail dans un mus\u00e9e, Graffenried a install\u00e9 trente grands panoramas sur des panneaux d&#8217;affichage publics \u00e0 Gen\u00e8ve, Lausanne, Lugano, B\u00e2le, Berne et Zurich, avant de les rassembler au Platzspitz de l\u2019\u00e9poque. Rendre ces images \u00e0 la rue \u00e9tait un geste de visibilit\u00e9 et de responsabilit\u00e9 : Astrid et Pierre avaient accept\u00e9 de montrer leurs visages, leurs noms et leur histoire. La s\u00e9rie \u00e9tait ensuite expos\u00e9e dans sa r\u00e9trospective \u00e0 la Maison Europ\u00e9enne de la Photographie \u00e0 Paris en 2010.<\/p><figure class=\"wp-block-image size-full\"><a href=\"https:\/\/www.mvgphoto.com\/mvg_photo\/wp-content\/uploads\/2014\/10\/Cocainelove_mvg_p94_95.jpg\"><img loading=\"lazy\" decoding=\"async\" width=\"1300\" height=\"485\" src=\"https:\/\/www.mvgphoto.com\/mvg_photo\/wp-content\/uploads\/2014\/10\/Cocainelove_mvg_p94_95.jpg\" alt=\"\" class=\"wp-image-535\" srcset=\"https:\/\/www.mvgphoto.com\/mvg_photo\/wp-content\/uploads\/2014\/10\/Cocainelove_mvg_p94_95.jpg 1300w, https:\/\/www.mvgphoto.com\/mvg_photo\/wp-content\/uploads\/2014\/10\/Cocainelove_mvg_p94_95-600x224.jpg 600w, https:\/\/www.mvgphoto.com\/mvg_photo\/wp-content\/uploads\/2014\/10\/Cocainelove_mvg_p94_95-300x111.jpg 300w, https:\/\/www.mvgphoto.com\/mvg_photo\/wp-content\/uploads\/2014\/10\/Cocainelove_mvg_p94_95-1024x382.jpg 1024w\" sizes=\"auto, (max-width: 1300px) 100vw, 1300px\" \/><\/a><\/figure><p><em><strong>COCAINELOVE<\/strong><\/em>&nbsp;<strong>demeure d\u2019une actualit\u00e9 d\u00e9sarmante<\/strong>. Les questions qu\u2019il soul\u00e8ve, dignit\u00e9, sant\u00e9 publique, co\u00fbts intimes de l\u2019addiction, continuent de structurer les d\u00e9bats sociaux et politiques. Les politiques pionni\u00e8res de r\u00e9duction des risques d\u00e9velopp\u00e9es en Suisse \u00e0 la fin des ann\u00e9es 1980 et dans les ann\u00e9es 1990, des salles de consommation supervis\u00e9e aux programmes de substitution \u00e0 grande \u00e9chelle et aux traitements \u00e0 l\u2019h\u00e9ro\u00efne m\u00e9dicalis\u00e9e, sont depuis devenues des r\u00e9f\u00e9rences internationales. En France, o\u00f9 la premi\u00e8re salle de consommation n\u2019a ouvert qu\u2019en 2016 et o\u00f9 les discussions restent vives, la r\u00e9sonance de l\u2019histoire d\u2019Astrid et de Pierre appara\u00eet particuli\u00e8rement forte.<\/p><p id=\"isPasted\"><strong>\u00c0 l\u2019heure o\u00f9 en France les politiques contemporaines tendent de plus en plus \u00e0 criminaliser les usages plut\u00f4t qu\u2019\u00e0 les consid\u00e9rer comme des enjeux de sant\u00e9 publique,<\/strong>&nbsp;rel\u00e9guant celles et ceux qui les vivent toujours plus loin des espaces de soin et de visibilit\u00e9,&nbsp;<em>COCAINELOVE<\/em>&nbsp;agit comme un rappel frontal : ce sont des vies humaines que ces choix politiques rendent invisibles.<\/p><p>Revisiter cette s\u00e9rie aujourd\u2019hui, c\u2019est revenir \u00e0 un moment o\u00f9 la photographie rendait visible ce que la soci\u00e9t\u00e9 pr\u00e9f\u00e9rait ne pas voir. Il ne s\u2019agit pas seulement du portrait d\u2019un couple, mais d\u2019une mani\u00e8re de comprendre des questions toujours actuelles : le soin, les politiques publiques et l\u2019humanit\u00e9 de celles et ceux qui vivent aux marges.&nbsp;<strong><em>COCAINELOVE est une archive vivante. Vingt ans plus&nbsp;<\/em><\/strong><strong><em>tard, elle parle encore.<\/em><\/strong><\/p><figure class=\"wp-block-image size-full\"><a href=\"https:\/\/www.mvgphoto.com\/mvg_photo\/wp-content\/uploads\/2014\/10\/Cocainelove_mvg_03.jpg\"><img loading=\"lazy\" decoding=\"async\" width=\"1300\" height=\"485\" src=\"https:\/\/www.mvgphoto.com\/mvg_photo\/wp-content\/uploads\/2014\/10\/Cocainelove_mvg_03.jpg\" alt=\"\" class=\"wp-image-524\" srcset=\"https:\/\/www.mvgphoto.com\/mvg_photo\/wp-content\/uploads\/2014\/10\/Cocainelove_mvg_03.jpg 1300w, https:\/\/www.mvgphoto.com\/mvg_photo\/wp-content\/uploads\/2014\/10\/Cocainelove_mvg_03-600x224.jpg 600w, https:\/\/www.mvgphoto.com\/mvg_photo\/wp-content\/uploads\/2014\/10\/Cocainelove_mvg_03-300x111.jpg 300w, https:\/\/www.mvgphoto.com\/mvg_photo\/wp-content\/uploads\/2014\/10\/Cocainelove_mvg_03-1024x382.jpg 1024w\" sizes=\"auto, (max-width: 1300px) 100vw, 1300px\" \/><\/a><\/figure><p><a href=\"https:\/\/www.mvgphoto.com\/mvg_photo\/wp-content\/uploads\/2025\/12\/DOSSIER-DE-PRESSE_COCAINELOVE_ESPACE-MVG_FR_V2.pdf\" data-type=\"link\" data-id=\"https:\/\/www.mvgphoto.com\/mvg_photo\/wp-content\/uploads\/2025\/12\/DOSSIER-DE-PRESSE_COCAINELOVE_ESPACE-MVG_FR_V2.pdf\"><strong>-&gt; PDF Dossier de Presse<\/strong><\/a><\/p><hr class=\"wp-block-separator has-text-color has-accent-color has-alpha-channel-opacity has-accent-background-color has-background is-style-wide\"\/><p class=\"has-accent-color has-text-color has-link-color wp-elements-e2bcdfed309dce4c6cc70ffea26130ed\"><strong>Pass\u00e9es<\/strong><\/p><p class=\"has-accent-color has-text-color has-link-color wp-elements-8c2ac44eb1176b256471dc9544adb464\"><strong><em>L\u2019exposition est prolong\u00e9e + Rencontre exceptionnelle avec Olga Kisseleva &amp; Michael von Graffenried<\/em><\/strong><\/p><p>Apr\u00e8s tous les retours incroyablement positifs re\u00e7us depuis l\u2019ouverture de&nbsp;<em><strong>BACK IN THE USSR \u2013 les artistes de la P\u00e9restro\u00efka<\/strong><\/em>, nous sommes ravis d\u2019annoncer que l\u2019exposition est prolong\u00e9e jusqu\u2019au 20 d\u00e9cembre.<\/p><p>La semaine derni\u00e8re, nous avons \u00e9galement install\u00e9 de nouvelles \u0153uvres de&nbsp;<strong>Georgy Litichevsky<\/strong>, dont une peinture remarquable cr\u00e9\u00e9e \u00e0 l\u2019origine en 1987, revisit\u00e9e et recr\u00e9\u00e9e r\u00e9cemment par l\u2019artiste. En int\u00e9grant de nouveaux symboles et r\u00e9f\u00e9rences contemporaines, Litichevsky tisse un pont vibrant entre l\u2019avant-garde sovi\u00e9tique tardive et l\u2019imaginaire visuel d\u2019aujourd\u2019hui.<\/p><p><strong>Nous vous invitons donc \u00e0 (re)d\u00e9couvrir l\u2019exposition dans sa forme enrichie :<br>ESPACE MVG, 36 rue Falgui\u00e8re, Paris 15e<br>Ouverture du jeudi au samedi, 14h\u201318h<\/strong><\/p><figure class=\"wp-block-image size-full\"><a href=\"https:\/\/www.mvgphoto.com\/mvg_photo\/wp-content\/uploads\/2025\/12\/expo_back_in_the_ussr.jpg\"><img loading=\"lazy\" decoding=\"async\" width=\"1200\" height=\"799\" src=\"https:\/\/www.mvgphoto.com\/mvg_photo\/wp-content\/uploads\/2025\/12\/expo_back_in_the_ussr.jpg\" alt=\"\" class=\"wp-image-3185\" srcset=\"https:\/\/www.mvgphoto.com\/mvg_photo\/wp-content\/uploads\/2025\/12\/expo_back_in_the_ussr.jpg 1200w, https:\/\/www.mvgphoto.com\/mvg_photo\/wp-content\/uploads\/2025\/12\/expo_back_in_the_ussr-300x200.jpg 300w, https:\/\/www.mvgphoto.com\/mvg_photo\/wp-content\/uploads\/2025\/12\/expo_back_in_the_ussr-1024x682.jpg 1024w, https:\/\/www.mvgphoto.com\/mvg_photo\/wp-content\/uploads\/2025\/12\/expo_back_in_the_ussr-768x511.jpg 768w, https:\/\/www.mvgphoto.com\/mvg_photo\/wp-content\/uploads\/2025\/12\/expo_back_in_the_ussr-360x240.jpg 360w, https:\/\/www.mvgphoto.com\/mvg_photo\/wp-content\/uploads\/2025\/12\/expo_back_in_the_ussr-600x400.jpg 600w\" sizes=\"auto, (max-width: 1200px) 100vw, 1200px\" \/><\/a><\/figure><p><strong><u>\u00c9v\u00e9nement \u2013 Samedi 13 d\u00e9cembre \u00e0 18h<br><\/u><\/strong><em>Quand l\u2019art contemporain naissait en URSS : vue de l\u2019int\u00e9rieur &amp; regard ext\u00e9rieur<br><\/em>Conversation avec Olga Kisseleva &amp; Michael von Graffenried<\/p><p>Dans le cadre de l\u2019exposition, nous aurons l\u2019honneur d\u2019accueillir une discussion exceptionnelle entre :&nbsp;<\/p><p>&#8211;&nbsp;<strong>Olga Kisseleva<\/strong>, artiste, th\u00e9oricienne et fondatrice du Laboratoire Art &amp; Science \u00e0 l\u2019Universit\u00e9 Paris 1 Panth\u00e9on-Sorbonne, issue de Poushkinskaia 10, l\u2019un des centres n\u00e9vralgiques de l\u2019avant-garde ind\u00e9pendante post-URSS.<br>&#8211;&nbsp;<strong>Michael von Graffenried<\/strong>, photographe bas\u00e9 \u00e0 Berne, Paris et Brooklyn, dont le travail documentaire et photojournalistique s\u2019\u00e9tend depuis 1978.<\/p><p>\u00c0 travers leurs trajectoires respectives. l\u2019une v\u00e9cue de l\u2019int\u00e9rieur des cercles artistiques sovi\u00e9tiques, l\u2019autre observ\u00e9e sur le terrain depuis l\u2019autre c\u00f4t\u00e9 du rideau. ils croiseront deux perspectives uniques sur la naissance de l\u2019art contemporain en URSS dans les ann\u00e9es 1980.<br>La rencontre sera accompagn\u00e9e de la projection de&nbsp;<em>Red Flag Factory&nbsp;<\/em>d\u2019Olga Kisseleva.<\/p><p><strong>Samedi 13 d\u00e9cembre \u2013 18h<br>ESPACE MVG, 36 rue Falgui\u00e8re, Paris 15e<br>\u00c9v\u00e9nement gratuit \u2013 r\u00e9servation conseill\u00e9e<br><a href=\"https:\/\/www.eventbrite.com\/e\/quand-lart-contemporain-naissait-en-urss-tickets-1975993966145?aff=oddtdtcreator\" target=\"_blank\" rel=\"noreferrer noopener\">Lien d&#8217;inscription ici.<\/a><\/strong><\/p><figure class=\"wp-block-image size-full\"><a href=\"https:\/\/www.mvgphoto.com\/mvg_photo\/wp-content\/uploads\/2025\/12\/Invitation_Rencontre_Olga_Kisseleva.jpg\"><img loading=\"lazy\" decoding=\"async\" width=\"1200\" height=\"1600\" src=\"https:\/\/www.mvgphoto.com\/mvg_photo\/wp-content\/uploads\/2025\/12\/Invitation_Rencontre_Olga_Kisseleva.jpg\" alt=\"\" class=\"wp-image-3186\" srcset=\"https:\/\/www.mvgphoto.com\/mvg_photo\/wp-content\/uploads\/2025\/12\/Invitation_Rencontre_Olga_Kisseleva.jpg 1200w, https:\/\/www.mvgphoto.com\/mvg_photo\/wp-content\/uploads\/2025\/12\/Invitation_Rencontre_Olga_Kisseleva-225x300.jpg 225w, https:\/\/www.mvgphoto.com\/mvg_photo\/wp-content\/uploads\/2025\/12\/Invitation_Rencontre_Olga_Kisseleva-768x1024.jpg 768w, https:\/\/www.mvgphoto.com\/mvg_photo\/wp-content\/uploads\/2025\/12\/Invitation_Rencontre_Olga_Kisseleva-1152x1536.jpg 1152w, https:\/\/www.mvgphoto.com\/mvg_photo\/wp-content\/uploads\/2025\/12\/Invitation_Rencontre_Olga_Kisseleva-600x800.jpg 600w\" sizes=\"auto, (max-width: 1200px) 100vw, 1200px\" \/><\/a><\/figure><hr class=\"wp-block-separator has-text-color has-accent-color has-alpha-channel-opacity has-accent-background-color has-background is-style-wide\"\/><p>After the incredibly positive feedback we\u2019ve received since the opening of&nbsp;<em><strong>BACK IN THE USSR \u2013 The Artists of Perestroika<\/strong><\/em>, we are delighted to announce that the exhibition has been extended until December 20.<\/p><p>Last week, we also installed new works by&nbsp;<strong>Georgy Litichevsky<\/strong>, including a remarkable painting originally created in 1987 and recently revisited and recreated by the artist. By introducing new symbols and contemporary references, Litichevsky creates a vivid bridge between the late Soviet avant-garde and today\u2019s visual landscape.<\/p><p><strong>We invite you to (re)discover the exhibition in its enriched form:<\/strong><br><strong>ESPACE MVG, 36 rue Falgui\u00e8re, Paris 15e<\/strong><br><strong>Open Thursday to Saturday, 2\u20136 PM<\/strong><\/p><p><strong>Event \u2013 Saturday, December 13 at 6 PM<br><\/strong><em>When Contemporary Art Was Born in the USSR: An Inside View &amp; an Outside Perspective<br><\/em>Conversation with Olga Kisseleva &amp; Michael von Graffenried<br>As part of the exhibition, we are honored to host an exceptional conversation between:<\/p><p><strong>Olga Kisseleva<\/strong>, artist, theorist, and founder of the Art &amp; Science Laboratory at Paris 1 Panth\u00e9on-Sorbonne University. She is originally from Poushkinskaia 10, one of the key hubs of the independent post-Soviet avant-garde.<\/p><p><strong>Michael von Graffenried<\/strong>, a photographer based in Bern, Paris, and Brooklyn, whose documentary and photojournalistic work has spanned the globe since 1978.<\/p><p>Through their respective trajectories, one lived from within Soviet artistic circles, the other observed from the field on the opposite side of the Iron Curtain, they will bring together two unique perspectives on the emergence of contemporary art in the USSR during the 1980s.<br>The conversation will be accompanied by a screening of&nbsp;<em>Red Flag Factory&nbsp;<\/em>by Olga Kisseleva.<\/p><p><strong>Saturday, December 13 \u2013 6 PM<br>ESPACE MVG, 36 rue Falgui\u00e8re, Paris 15e<br>Free event in French \u2013 reservation recommended<br><a href=\"https:\/\/www.eventbrite.com\/e\/quand-lart-contemporain-naissait-en-urss-tickets-1975993966145?aff=oddtdtcreator\" target=\"_blank\" rel=\"noreferrer noopener\">Registration link here.<\/a><\/strong><\/p><hr class=\"wp-block-separator has-text-color has-accent-color has-alpha-channel-opacity has-accent-background-color has-background is-style-wide\"\/><p><strong>Jenya Kukoverov <\/strong>\u2014 concert live<br><strong>Samedi 22 novembre \u00e0 18 h<\/strong><br><strong>ESPACE MVG, 36 rue Falgui\u00e8re, Paris 15\u1d49<\/strong><br>au c\u0153ur de l\u2019exposition&nbsp;<em>BACK IN THE USSR \u2013 les artistes de la P\u00e9restro\u00efka<\/em><\/p><p>Multi-instrumentiste et artiste contemporain, <em><strong>Jenya Kukoverov<\/strong><\/em> construit son propre univers sonore depuis un studio DIY dans le sud de Paris.<br>Pour une soir\u00e9e exceptionnelle, sa musique r\u00e9sonnera \u00e0 travers BACK IN THE USSR, une rencontre entre le son, l\u2019image et la m\u00e9moire.<\/p><figure class=\"wp-block-image size-full\"><a href=\"https:\/\/www.mvgphoto.com\/mvg_photo\/wp-content\/uploads\/2025\/11\/concert.jpg\"><img loading=\"lazy\" decoding=\"async\" width=\"1600\" height=\"1600\" src=\"https:\/\/www.mvgphoto.com\/mvg_photo\/wp-content\/uploads\/2025\/11\/concert.jpg\" alt=\"\" class=\"wp-image-3173\" srcset=\"https:\/\/www.mvgphoto.com\/mvg_photo\/wp-content\/uploads\/2025\/11\/concert.jpg 1600w, https:\/\/www.mvgphoto.com\/mvg_photo\/wp-content\/uploads\/2025\/11\/concert-300x300.jpg 300w, https:\/\/www.mvgphoto.com\/mvg_photo\/wp-content\/uploads\/2025\/11\/concert-1024x1024.jpg 1024w, https:\/\/www.mvgphoto.com\/mvg_photo\/wp-content\/uploads\/2025\/11\/concert-150x150.jpg 150w, https:\/\/www.mvgphoto.com\/mvg_photo\/wp-content\/uploads\/2025\/11\/concert-768x768.jpg 768w, https:\/\/www.mvgphoto.com\/mvg_photo\/wp-content\/uploads\/2025\/11\/concert-1536x1536.jpg 1536w, https:\/\/www.mvgphoto.com\/mvg_photo\/wp-content\/uploads\/2025\/11\/concert-600x600.jpg 600w, https:\/\/www.mvgphoto.com\/mvg_photo\/wp-content\/uploads\/2025\/11\/concert-160x160.jpg 160w\" sizes=\"auto, (max-width: 1600px) 100vw, 1600px\" \/><\/a><\/figure><p><\/p><p><strong>Jenya Kukoverov<\/strong> \u2014 live concert<br><strong>Saturday, Nov 22 at 6 PM<\/strong><br><strong>ESPACE MVG, 36 rue Falgui\u00e8re, Paris 15\u1d49<\/strong><br>in the heart of the exhibition&nbsp;<em>Back in the USSR \u2013 les artistes de la P\u00e9restro\u00efka<\/em><\/p><p>Multi-instrumentalist and contemporary artist <em><strong>Jenya Kukoverov<\/strong><\/em> builds his own sonic universe from a DIY studio in the south of Paris.<br>For one special evening, his music will resonate through&nbsp;<em>Back in the USSR,&nbsp;<\/em>a meeting of sound, image, and memory.<\/p><hr class=\"wp-block-separator has-text-color has-accent-color has-alpha-channel-opacity has-accent-background-color has-background is-style-wide\"\/><p class=\"has-text-align-center\"><strong>BACK IN THE USSR \u2013 les artistes de la P\u00e9restro\u00efka&nbsp;<br>Michael von Graffenried<br>ALEX KAYSER, portraits d\u2019artistes&nbsp;<\/strong><br>&nbsp;<br>Du 11 septembre au 13 d\u00e9cembre 2025<br>&nbsp;Curatrice : Natasha Guy &nbsp;&nbsp;<br>&nbsp;<br><em><strong>ESPACE MVG<\/strong><br>36 rue Falgui\u00e8re, 75015 Paris<br>jeudi, vendredi, samedi 14h \u2013 18h<\/em><\/p><hr class=\"wp-block-separator has-text-color has-accent-color has-alpha-channel-opacity has-accent-background-color has-background is-style-wide\"\/><figure class=\"wp-block-image size-full\"><a href=\"https:\/\/www.mvgphoto.com\/mvg_photo\/wp-content\/uploads\/2025\/09\/ESPACE-MVG_BACK-_IN_THE_USSR_FR2_1.png\"><img loading=\"lazy\" decoding=\"async\" width=\"1230\" height=\"1497\" src=\"https:\/\/www.mvgphoto.com\/mvg_photo\/wp-content\/uploads\/2025\/09\/ESPACE-MVG_BACK-_IN_THE_USSR_FR2_1.png\" alt=\"\" class=\"wp-image-3160\" srcset=\"https:\/\/www.mvgphoto.com\/mvg_photo\/wp-content\/uploads\/2025\/09\/ESPACE-MVG_BACK-_IN_THE_USSR_FR2_1.png 1230w, https:\/\/www.mvgphoto.com\/mvg_photo\/wp-content\/uploads\/2025\/09\/ESPACE-MVG_BACK-_IN_THE_USSR_FR2_1-246x300.png 246w, https:\/\/www.mvgphoto.com\/mvg_photo\/wp-content\/uploads\/2025\/09\/ESPACE-MVG_BACK-_IN_THE_USSR_FR2_1-841x1024.png 841w, https:\/\/www.mvgphoto.com\/mvg_photo\/wp-content\/uploads\/2025\/09\/ESPACE-MVG_BACK-_IN_THE_USSR_FR2_1-768x935.png 768w, https:\/\/www.mvgphoto.com\/mvg_photo\/wp-content\/uploads\/2025\/09\/ESPACE-MVG_BACK-_IN_THE_USSR_FR2_1-600x730.png 600w\" sizes=\"auto, (max-width: 1230px) 100vw, 1230px\" \/><\/a><\/figure><figure class=\"wp-block-image size-full\"><a href=\"https:\/\/www.mvgphoto.com\/mvg_photo\/wp-content\/uploads\/2025\/09\/ESPACE-MVG_BACK-_IN_THE_USSR_FR2_2.png\"><img loading=\"lazy\" decoding=\"async\" width=\"1230\" height=\"494\" src=\"https:\/\/www.mvgphoto.com\/mvg_photo\/wp-content\/uploads\/2025\/09\/ESPACE-MVG_BACK-_IN_THE_USSR_FR2_2.png\" alt=\"\" class=\"wp-image-3162\" srcset=\"https:\/\/www.mvgphoto.com\/mvg_photo\/wp-content\/uploads\/2025\/09\/ESPACE-MVG_BACK-_IN_THE_USSR_FR2_2.png 1230w, https:\/\/www.mvgphoto.com\/mvg_photo\/wp-content\/uploads\/2025\/09\/ESPACE-MVG_BACK-_IN_THE_USSR_FR2_2-300x120.png 300w, https:\/\/www.mvgphoto.com\/mvg_photo\/wp-content\/uploads\/2025\/09\/ESPACE-MVG_BACK-_IN_THE_USSR_FR2_2-1024x411.png 1024w, https:\/\/www.mvgphoto.com\/mvg_photo\/wp-content\/uploads\/2025\/09\/ESPACE-MVG_BACK-_IN_THE_USSR_FR2_2-768x308.png 768w, https:\/\/www.mvgphoto.com\/mvg_photo\/wp-content\/uploads\/2025\/09\/ESPACE-MVG_BACK-_IN_THE_USSR_FR2_2-600x241.png 600w\" sizes=\"auto, (max-width: 1230px) 100vw, 1230px\" \/><\/a><\/figure><figure class=\"wp-block-image size-full\"><a href=\"https:\/\/www.mvgphoto.com\/mvg_photo\/wp-content\/uploads\/2025\/09\/ESPACE-MVG_BACK-_IN_THE_USSR_b.jpg\"><img loading=\"lazy\" decoding=\"async\" width=\"1500\" height=\"2036\" src=\"https:\/\/www.mvgphoto.com\/mvg_photo\/wp-content\/uploads\/2025\/09\/ESPACE-MVG_BACK-_IN_THE_USSR_b.jpg\" alt=\"\" class=\"wp-image-3150\" srcset=\"https:\/\/www.mvgphoto.com\/mvg_photo\/wp-content\/uploads\/2025\/09\/ESPACE-MVG_BACK-_IN_THE_USSR_b.jpg 1500w, https:\/\/www.mvgphoto.com\/mvg_photo\/wp-content\/uploads\/2025\/09\/ESPACE-MVG_BACK-_IN_THE_USSR_b-221x300.jpg 221w, https:\/\/www.mvgphoto.com\/mvg_photo\/wp-content\/uploads\/2025\/09\/ESPACE-MVG_BACK-_IN_THE_USSR_b-754x1024.jpg 754w, https:\/\/www.mvgphoto.com\/mvg_photo\/wp-content\/uploads\/2025\/09\/ESPACE-MVG_BACK-_IN_THE_USSR_b-768x1042.jpg 768w, https:\/\/www.mvgphoto.com\/mvg_photo\/wp-content\/uploads\/2025\/09\/ESPACE-MVG_BACK-_IN_THE_USSR_b-1132x1536.jpg 1132w, https:\/\/www.mvgphoto.com\/mvg_photo\/wp-content\/uploads\/2025\/09\/ESPACE-MVG_BACK-_IN_THE_USSR_b-600x814.jpg 600w\" sizes=\"auto, (max-width: 1500px) 100vw, 1500px\" \/><\/a><\/figure><figure class=\"wp-block-image size-full\"><a href=\"https:\/\/www.mvgphoto.com\/mvg_photo\/wp-content\/uploads\/2025\/09\/ESPACE-MVG_BACK-_IN_THE_USSR_E2.png\"><img loading=\"lazy\" decoding=\"async\" width=\"1230\" height=\"1988\" src=\"https:\/\/www.mvgphoto.com\/mvg_photo\/wp-content\/uploads\/2025\/09\/ESPACE-MVG_BACK-_IN_THE_USSR_E2.png\" alt=\"\" class=\"wp-image-3156\" srcset=\"https:\/\/www.mvgphoto.com\/mvg_photo\/wp-content\/uploads\/2025\/09\/ESPACE-MVG_BACK-_IN_THE_USSR_E2.png 1230w, https:\/\/www.mvgphoto.com\/mvg_photo\/wp-content\/uploads\/2025\/09\/ESPACE-MVG_BACK-_IN_THE_USSR_E2-186x300.png 186w, https:\/\/www.mvgphoto.com\/mvg_photo\/wp-content\/uploads\/2025\/09\/ESPACE-MVG_BACK-_IN_THE_USSR_E2-634x1024.png 634w, https:\/\/www.mvgphoto.com\/mvg_photo\/wp-content\/uploads\/2025\/09\/ESPACE-MVG_BACK-_IN_THE_USSR_E2-768x1241.png 768w, https:\/\/www.mvgphoto.com\/mvg_photo\/wp-content\/uploads\/2025\/09\/ESPACE-MVG_BACK-_IN_THE_USSR_E2-950x1536.png 950w, https:\/\/www.mvgphoto.com\/mvg_photo\/wp-content\/uploads\/2025\/09\/ESPACE-MVG_BACK-_IN_THE_USSR_E2-600x970.png 600w\" sizes=\"auto, (max-width: 1230px) 100vw, 1230px\" \/><\/a><\/figure><hr class=\"wp-block-separator has-text-color has-accent-color has-alpha-channel-opacity has-accent-background-color has-background is-style-wide\"\/><p><strong>Pass\u00e9esProjection exceptionnelle du film Soviet Hippies<br><\/strong><em>de la r\u00e9alisatrice estonienne Terje Toomistu (2017) dans le cadre de l\u2019exposition BACK IN THE USSR \u2013 les artistes de la P\u00e9restro\u00efka pr\u00e9sent\u00e9e \u00e0 l\u2019ESPACE MV<\/em>G<\/p><p><strong>Cin\u00e9ma<\/strong> <strong>L&#8217;entrep\u00f4t<\/strong>, 7 rue Francis de Pressens\u00e9, 75014 Paris,<strong> vendredi 26.9.2025, 19h30<\/strong><\/p><figure class=\"wp-block-image size-full\"><a href=\"https:\/\/www.mvgphoto.com\/mvg_photo\/wp-content\/uploads\/2025\/09\/soviet_hippies_NL.jpg\"><img loading=\"lazy\" decoding=\"async\" width=\"1200\" height=\"1494\" src=\"https:\/\/www.mvgphoto.com\/mvg_photo\/wp-content\/uploads\/2025\/09\/soviet_hippies_NL.jpg\" alt=\"\" class=\"wp-image-3166\" srcset=\"https:\/\/www.mvgphoto.com\/mvg_photo\/wp-content\/uploads\/2025\/09\/soviet_hippies_NL.jpg 1200w, https:\/\/www.mvgphoto.com\/mvg_photo\/wp-content\/uploads\/2025\/09\/soviet_hippies_NL-241x300.jpg 241w, https:\/\/www.mvgphoto.com\/mvg_photo\/wp-content\/uploads\/2025\/09\/soviet_hippies_NL-822x1024.jpg 822w, https:\/\/www.mvgphoto.com\/mvg_photo\/wp-content\/uploads\/2025\/09\/soviet_hippies_NL-768x956.jpg 768w, https:\/\/www.mvgphoto.com\/mvg_photo\/wp-content\/uploads\/2025\/09\/soviet_hippies_NL-600x747.jpg 600w\" sizes=\"auto, (max-width: 1200px) 100vw, 1200px\" \/><\/a><\/figure><p><strong>L&#8217;entrep\u00f4t<\/strong>, 7 rue Francis de Pressens\u00e9, 75014 Paris, vendredi 26.9.2025, 19h30<\/p><p>Cette s\u00e9ance, fruit d\u2019une collaboration entre&nbsp;<strong>l\u2019Entrep\u00f4t<\/strong>, le photographe<strong>&nbsp;Michael von Graffenried<\/strong>&nbsp;et la commissaire&nbsp;<strong>Natasha Guy<\/strong>, croise deux r\u00e9cits compl\u00e9mentaires : les artistes underground photographi\u00e9s \u00e0 Moscou en 1988, et l\u2019histoire parall\u00e8le du mouvement hippie en URSS. Ensemble, ils \u00e9clairent les formes multiples de r\u00e9sistance culturelle face \u00e0 la surveillance politique, hier comme aujourd\u2019hui.<br><br>&#8222;La r\u00e9surgence r\u00e9cente de l&#8217;autoritarisme, les reculs dans les luttes pour la justice sociale et l&#8217;\u00e9clatement de guerres &#8211; dont celle en Ukraine &#8211; imposent de poursuivre sans rel\u00e2che la r\u00e9flexion autour de l&#8217;id\u00e9e de non-violence.&nbsp;<em>Soviet Hippies<\/em>&nbsp;met en lumi\u00e8re l&#8217;histoire du mouvement pacifiste en Russie et en Europe de l&#8217;Est, et propose une trajectoire alternative dans la m\u00e9moire culturelle mondiale, en r\u00e9v\u00e9lant l&#8217;immense potentiel cr\u00e9atif qui a \u00e9merg\u00e9 au sein m\u00eame d&#8217;un r\u00e9gime totalitaire.&#8220;<strong>&nbsp;Terje Toomistu, r\u00e9alisatrice et sc\u00e9nariste<\/strong>. <strong>S\u00e9ance en version originale sous-titr\u00e9e en anglais<\/strong><\/p><hr class=\"wp-block-separator has-text-color has-accent-color has-alpha-channel-opacity has-accent-background-color has-background is-style-wide\"\/><p><strong>Special screening of the film SOVIET HIPPIES<\/strong><br>by Estonian director Terje Toomistu (2017)<br>as part of the exhibition&nbsp;<em>BACK IN THE USSR \u2013 Artists of Perestroika<\/em>, presented at ESPACE MVGby <\/p><p>This screening, the result of a collaboration between&nbsp;<strong>L\u2019Entrep\u00f4t<\/strong>, photographer&nbsp;<strong>Michael von Graffenried<\/strong>, and curator&nbsp;<strong>Natasha Guy<\/strong>, brings together two complementary narratives: the underground artists photographed in Moscow in 1988, and the parallel history of the hippie movement in the USSR. Together, they shed light on the many forms of cultural resistance to political surveillance, both then and now.<\/p><p>\u201cRecent rise of authoritarianism, setbacks in the struggles for social justice and the occurrence of wars \u2013 including the one in Ukraine \u2013 demands continuous discussion on the idea of non-violence. The Soviet Hippies sheds light on the history of the pacifist movement in Russia and Eastern Europe, and proposes an alternative trajectory in global cultural memory, demonstrating the vast creative potential that emerged within the totalitarian regime.\u201d \u2014&nbsp;<strong>Terje Toomistu, director and screenwriter<\/strong><br><strong>Screening in original version with English subtitles<\/strong><\/p><hr class=\"wp-block-separator has-text-color has-accent-color has-alpha-channel-opacity has-accent-background-color has-background is-style-wide\"\/><figure class=\"wp-block-embed is-type-video is-provider-youtube wp-block-embed-youtube wp-embed-aspect-16-9 wp-has-aspect-ratio\"><div class=\"wp-block-embed__wrapper\">\n<iframe loading=\"lazy\"  id=\"_ytid_84905\"  width=\"750\" height=\"422\"  data-origwidth=\"750\" data-origheight=\"422\" src=\"https:\/\/www.youtube.com\/embed\/KTnw021A9lc?enablejsapi=1&#038;autoplay=0&#038;cc_load_policy=0&#038;cc_lang_pref=&#038;iv_load_policy=1&#038;loop=0&#038;modestbranding=0&#038;rel=0&#038;fs=1&#038;playsinline=0&#038;autohide=2&#038;theme=light&#038;color=red&#038;controls=1&#038;\" class=\"__youtube_prefs__  epyt-is-override  no-lazyload\" title=\"YouTube player\"  allow=\"fullscreen; accelerometer; autoplay; clipboard-write; encrypted-media; gyroscope; picture-in-picture\" allowfullscreen data-no-lazy=\"1\" data-skipgform_ajax_framebjll=\"\"><\/iframe>\n<\/div><\/figure><p class=\"has-text-align-center\"><br><strong>INDIA \u2013 ON THE EDGE \u2013 AU BORD DU GOUFFRE<\/strong><\/p><p class=\"has-text-align-center\"><strong>Du 3 avril au 4 juillet 2025<\/strong><\/p><p class=\"has-text-align-center\"><em><strong>ESPACE MVG<\/strong><\/em><\/p><p class=\"has-text-align-center\"><em>36 rue Falgui\u00e8re, 75015 Paris<\/em><\/p><p class=\"has-text-align-center\"><em>jeudi, vendredi, samedi 14h \u2013 18h<\/em><\/p><figure class=\"wp-block-table has-medium-font-size\"><table class=\"has-fixed-layout\"><tbody><tr><td>\u00ab On the Edge \u00bb pr\u00e9sente des impressions de la ville indienne de Varanasi que le photographe Michael von Graffenried a saisies lors de son s\u00e9jour de six mois sur place, en 2012. Les photographies ont \u00e9t\u00e9 expos\u00e9es cette m\u00eame ann\u00e9e sous forme d&#8217;installations grand format au centre-ville, mais ont \u00e9t\u00e9 retir\u00e9es apr\u00e8s seulement quelques jours.&nbsp;En 2012, sur une longueur de 125 m\u00e8tres, vingt photographies panoramiques de Michael von Graffenried ont \u00e9t\u00e9 install\u00e9es sur des panneaux publicitaires le long de la rue tr\u00e8s fr\u00e9quent\u00e9e Rathyatra Crossing, au centre de Varanasi. L&#8217;exposition a eu lieu en collaboration avec la Kriti Gallery for Contemporary Art. Avec leur grand format de trois m\u00e8tres sur six, les images &#8211; impossibles \u00e0 ignorer \u2013 ont attir\u00e9 une grande attention de la part de la population. Peut-\u00eatre trop : l&#8217;exposition a \u00e9t\u00e9 retir\u00e9e apr\u00e8s seulement onze jours, apr\u00e8s qu&#8217;une photographie a \u00e9t\u00e9 vandalis\u00e9e d\u00e8s la premi\u00e8re nuit. Il est compr\u00e9hensible que ces images \u2013 n\u00e9es du regard d\u2019un \u00e9tranger qui documente la ville avec un regard radical \u2013 aient suscit\u00e9 du m\u00e9contentement parmi les habitants. Varanasi est connue comme la \u00ab Ville de la Lumi\u00e8re \u00bb, la capitale spirituelle de l&#8217;Inde, attirant d&#8217;innombrables p\u00e8lerins hindous qui se baignent dans les eaux sacr\u00e9es du Gange. Les photographies montrent la r\u00e9alit\u00e9 telle que vue par le photographe, et non celle des habitants. Gr\u00e2ce \u00e0 sa cam\u00e9ra panoramique, Michael von Graffenried a pu photographier \u00ab sur le vif \u00bb et rapidement, saisissant ainsi une s\u00e9rie de moments de la vie quotidienne. La probl\u00e9matique de l&#8217;exposition \u00e0 Varanasi a \u00e9t\u00e9 exacerb\u00e9e par le titre provocateur \u00ab On the Edge \u00bb, qui accompagnait chacune des photographies grand format. Avec ce titre, Michael von Graffenried a refl\u00e9t\u00e9 son exp\u00e9rience personnelle dans la ville, o\u00f9 il s&#8217;est constamment senti \u00ab au bord du gouffre \u00bb.&nbsp;L&#8217;exposition pr\u00e9sent\u00e9e \u00e0 l&#8217;ESPACE MVG \u00e0 Paris a pour objectif d&#8217;examiner l&#8217;installation montr\u00e9e \u00e0 Varanasi ainsi que la r\u00e9action qu&#8217;elle a provoqu\u00e9e. Il convient de noter que, dans \u00ab On the Edge \u00bb, il s&#8217;agit de photographies d&#8217;un voyageur qui n&#8217;a pass\u00e9 que quelques mois \u00e0 Varanasi. C&#8217;est ainsi un regard ext\u00e9rieur, qui capture des impressions subjectives et ne donne pas \u00e0 voir la ville de mani\u00e8re repr\u00e9sentative. Pour cette raison, un mur de l&#8217;ESPACE MVG a \u00e9t\u00e9 d\u00e9di\u00e9 au photographe et reporter indien ANIRUDHA PANDEY, qui non seulement a \u00e9t\u00e9 un contact important pour Michael von Graffenried pendant son s\u00e9jour, mais qui travaille \u00e9galement sur sa ville natale, Varanasi, sous un autre angle.<br><br><strong><a href=\"https:\/\/www.mvgphoto.com\/mvg_photo\/wp-content\/uploads\/2025\/04\/ESPACE-MVG_On-the-Edge_DE.pdf\">-&gt; PDF D<\/a><\/strong><br><strong><a href=\"https:\/\/www.mvgphoto.com\/mvg_photo\/wp-content\/uploads\/2025\/04\/ESPACE-MVG_On-the-Edge_FR.pdf\">-&gt; PDF F<\/a><\/strong><br><strong><a href=\"https:\/\/www.mvgphoto.com\/mvg_photo\/wp-content\/uploads\/2025\/04\/ESPACE-MVG_On-the-Edge_EN.pdf\">-&gt; PDF E<\/a><\/strong><br><\/td><\/tr><\/tbody><\/table><\/figure><figure class=\"wp-block-image size-large\"><a href=\"https:\/\/www.mvgphoto.com\/mvg_photo\/wp-content\/uploads\/2025\/04\/On-The-Edge-01_Michael-von-Graffenried-scaled.jpg\"><img loading=\"lazy\" decoding=\"async\" width=\"1024\" height=\"426\" src=\"https:\/\/www.mvgphoto.com\/mvg_photo\/wp-content\/uploads\/2025\/04\/On-The-Edge-01_Michael-von-Graffenried-1024x426.jpg\" alt=\"\" class=\"wp-image-3144\" srcset=\"https:\/\/www.mvgphoto.com\/mvg_photo\/wp-content\/uploads\/2025\/04\/On-The-Edge-01_Michael-von-Graffenried-1024x426.jpg 1024w, https:\/\/www.mvgphoto.com\/mvg_photo\/wp-content\/uploads\/2025\/04\/On-The-Edge-01_Michael-von-Graffenried-300x125.jpg 300w, https:\/\/www.mvgphoto.com\/mvg_photo\/wp-content\/uploads\/2025\/04\/On-The-Edge-01_Michael-von-Graffenried-768x319.jpg 768w, https:\/\/www.mvgphoto.com\/mvg_photo\/wp-content\/uploads\/2025\/04\/On-The-Edge-01_Michael-von-Graffenried-1536x638.jpg 1536w, https:\/\/www.mvgphoto.com\/mvg_photo\/wp-content\/uploads\/2025\/04\/On-The-Edge-01_Michael-von-Graffenried-2048x851.jpg 2048w, https:\/\/www.mvgphoto.com\/mvg_photo\/wp-content\/uploads\/2025\/04\/On-The-Edge-01_Michael-von-Graffenried-600x249.jpg 600w\" sizes=\"auto, (max-width: 1024px) 100vw, 1024px\" \/><\/a><figcaption class=\"wp-element-caption\"><em>Michael von Graffenried, aus der Serie On the Edge, 2012<\/em><\/figcaption><\/figure><figure class=\"wp-block-image size-large\"><a href=\"https:\/\/www.mvgphoto.com\/mvg_photo\/wp-content\/uploads\/2025\/04\/On-The-Edge-02_Michael-von-Graffenried-scaled.jpg\"><img loading=\"lazy\" decoding=\"async\" width=\"1024\" height=\"421\" src=\"https:\/\/www.mvgphoto.com\/mvg_photo\/wp-content\/uploads\/2025\/04\/On-The-Edge-02_Michael-von-Graffenried-1024x421.jpg\" alt=\"\" class=\"wp-image-3131\" srcset=\"https:\/\/www.mvgphoto.com\/mvg_photo\/wp-content\/uploads\/2025\/04\/On-The-Edge-02_Michael-von-Graffenried-1024x421.jpg 1024w, https:\/\/www.mvgphoto.com\/mvg_photo\/wp-content\/uploads\/2025\/04\/On-The-Edge-02_Michael-von-Graffenried-300x123.jpg 300w, https:\/\/www.mvgphoto.com\/mvg_photo\/wp-content\/uploads\/2025\/04\/On-The-Edge-02_Michael-von-Graffenried-768x316.jpg 768w, https:\/\/www.mvgphoto.com\/mvg_photo\/wp-content\/uploads\/2025\/04\/On-The-Edge-02_Michael-von-Graffenried-1536x632.jpg 1536w, https:\/\/www.mvgphoto.com\/mvg_photo\/wp-content\/uploads\/2025\/04\/On-The-Edge-02_Michael-von-Graffenried-2048x842.jpg 2048w, https:\/\/www.mvgphoto.com\/mvg_photo\/wp-content\/uploads\/2025\/04\/On-The-Edge-02_Michael-von-Graffenried-600x247.jpg 600w\" sizes=\"auto, (max-width: 1024px) 100vw, 1024px\" \/><\/a><figcaption class=\"wp-element-caption\"><em>Michael von Graffenried, aus der Serie On the Edge, 2012<\/em><\/figcaption><\/figure><figure class=\"wp-block-image size-large\"><a href=\"https:\/\/www.mvgphoto.com\/mvg_photo\/wp-content\/uploads\/2025\/04\/Installation_On-the-Edge_Varanasi_01-scaled.jpg\"><img loading=\"lazy\" decoding=\"async\" width=\"1024\" height=\"683\" src=\"https:\/\/www.mvgphoto.com\/mvg_photo\/wp-content\/uploads\/2025\/04\/Installation_On-the-Edge_Varanasi_01-1024x683.jpg\" alt=\"\" class=\"wp-image-3129\" srcset=\"https:\/\/www.mvgphoto.com\/mvg_photo\/wp-content\/uploads\/2025\/04\/Installation_On-the-Edge_Varanasi_01-1024x683.jpg 1024w, https:\/\/www.mvgphoto.com\/mvg_photo\/wp-content\/uploads\/2025\/04\/Installation_On-the-Edge_Varanasi_01-300x200.jpg 300w, https:\/\/www.mvgphoto.com\/mvg_photo\/wp-content\/uploads\/2025\/04\/Installation_On-the-Edge_Varanasi_01-768x512.jpg 768w, https:\/\/www.mvgphoto.com\/mvg_photo\/wp-content\/uploads\/2025\/04\/Installation_On-the-Edge_Varanasi_01-1536x1024.jpg 1536w, https:\/\/www.mvgphoto.com\/mvg_photo\/wp-content\/uploads\/2025\/04\/Installation_On-the-Edge_Varanasi_01-2048x1366.jpg 2048w, https:\/\/www.mvgphoto.com\/mvg_photo\/wp-content\/uploads\/2025\/04\/Installation_On-the-Edge_Varanasi_01-360x240.jpg 360w, https:\/\/www.mvgphoto.com\/mvg_photo\/wp-content\/uploads\/2025\/04\/Installation_On-the-Edge_Varanasi_01-600x400.jpg 600w\" sizes=\"auto, (max-width: 1024px) 100vw, 1024px\" \/><\/a><figcaption class=\"wp-element-caption\"><em>Installation der Serie On the Edge in Varanasi, 2012<\/em><\/figcaption><\/figure><figure class=\"wp-block-image size-large\"><a href=\"https:\/\/www.mvgphoto.com\/mvg_photo\/wp-content\/uploads\/2025\/04\/Installation_On-the-Edge_Varanasi_02-scaled.jpg\"><img loading=\"lazy\" decoding=\"async\" width=\"1024\" height=\"682\" src=\"https:\/\/www.mvgphoto.com\/mvg_photo\/wp-content\/uploads\/2025\/04\/Installation_On-the-Edge_Varanasi_02-1024x682.jpg\" alt=\"\" class=\"wp-image-3130\" srcset=\"https:\/\/www.mvgphoto.com\/mvg_photo\/wp-content\/uploads\/2025\/04\/Installation_On-the-Edge_Varanasi_02-1024x682.jpg 1024w, https:\/\/www.mvgphoto.com\/mvg_photo\/wp-content\/uploads\/2025\/04\/Installation_On-the-Edge_Varanasi_02-300x200.jpg 300w, https:\/\/www.mvgphoto.com\/mvg_photo\/wp-content\/uploads\/2025\/04\/Installation_On-the-Edge_Varanasi_02-768x512.jpg 768w, https:\/\/www.mvgphoto.com\/mvg_photo\/wp-content\/uploads\/2025\/04\/Installation_On-the-Edge_Varanasi_02-1536x1024.jpg 1536w, https:\/\/www.mvgphoto.com\/mvg_photo\/wp-content\/uploads\/2025\/04\/Installation_On-the-Edge_Varanasi_02-2048x1365.jpg 2048w, https:\/\/www.mvgphoto.com\/mvg_photo\/wp-content\/uploads\/2025\/04\/Installation_On-the-Edge_Varanasi_02-360x240.jpg 360w, https:\/\/www.mvgphoto.com\/mvg_photo\/wp-content\/uploads\/2025\/04\/Installation_On-the-Edge_Varanasi_02-600x400.jpg 600w\" sizes=\"auto, (max-width: 1024px) 100vw, 1024px\" \/><\/a><figcaption class=\"wp-element-caption\"><em>Installation der Serie On the Edge in Varanasi, 2012<\/em><\/figcaption><\/figure><p><\/p><p>Im Rahmen der Berner Museumsnacht empf\u00e4ngt das Schweizerische Archiv der Darstellenden K\u00fcnste, die Stiftung SAPA, den mobilen Ausstellungsraum ESPACE MVG in ihren R\u00e4umlichkeiten in Bern. Der Fotograf Michael von Graffenried pr\u00e4sentiert seine Theaterplakate aus den Jahren 2010 und 2011. Die Werbekampagne f\u00fcr das Stadttheater Bern hatte zum Ziel, die Theaterstars in privaten Momenten zu zeigen. Graffenried hat unter anderem den Don Giovanni (Bariton Robin Adams) in der Badewanne und die Tosca (Operns\u00e4ngerin Gabriela Georgieva) beim Stillen abgelichtet. Auch die Schauspielerin Heidi Maria Gl\u00f6ssner zeigt sich auf einem Plakat in ihrem Wohnzimmer. Michael von Graffenried wird am Freitag, den 21. M\u00e4rz, um 18.30, 19.30 und 20.30 Uhr anwesend sein und f\u00fcr Fragen zur Theaterfotografie zur Verf\u00fcgung stehen.<\/p><p><em>Museumsnacht, 21. M\u00e4rz, 18 bis 24 Uhr, SAPA, Schanzenstrasse 15, 3011 Bern<\/em><\/p>ngg_shortcode_0_placeholder<figure class=\"wp-block-image alignwide size-large\"><a href=\"https:\/\/www.mvgphoto.com\/mvg_photo\/wp-content\/uploads\/2024\/09\/OurTown1.jpg\"><img loading=\"lazy\" decoding=\"async\" width=\"1024\" height=\"481\" src=\"https:\/\/www.mvgphoto.com\/mvg_photo\/wp-content\/uploads\/2024\/09\/OurTown1-1024x481.jpg\" alt=\"\" class=\"wp-image-1808\" srcset=\"https:\/\/www.mvgphoto.com\/mvg_photo\/wp-content\/uploads\/2024\/09\/OurTown1-1024x481.jpg 1024w, https:\/\/www.mvgphoto.com\/mvg_photo\/wp-content\/uploads\/2024\/09\/OurTown1-600x282.jpg 600w, https:\/\/www.mvgphoto.com\/mvg_photo\/wp-content\/uploads\/2024\/09\/OurTown1-300x141.jpg 300w, https:\/\/www.mvgphoto.com\/mvg_photo\/wp-content\/uploads\/2024\/09\/OurTown1-768x361.jpg 768w, https:\/\/www.mvgphoto.com\/mvg_photo\/wp-content\/uploads\/2024\/09\/OurTown1-1536x721.jpg 1536w, https:\/\/www.mvgphoto.com\/mvg_photo\/wp-content\/uploads\/2024\/09\/OurTown1.jpg 1800w\" sizes=\"auto, (max-width: 1024px) 100vw, 1024px\" \/><\/a><\/figure><p>L&#8217;exposition inaugurale, intitul\u00e9e \u00ab OUR TOWN &#8211; Un regard sur l&#8217;Am\u00e9rique profonde \u00bb, est pr\u00e9sent\u00e9e \u00e0 l&#8217;ESPACE MVG parisien. En plus de cette s\u00e9rie, l&#8217;exposition comprend deux autres volets: des photographies des \u00e9lections pr\u00e9sidentielles am\u00e9ricaines pass\u00e9es, ainsi que cinq clich\u00e9s originaux de ROBERT FRANK, ami de MVG.<\/p><p>Exposition <strong>OUR TOWN<\/strong><br>Un regard sur l&#8217;Am\u00e9rique profonde<br>27 septembre 2024 &#8211;  1 mars 2025<\/p><p><strong>prolong\u00e9 jusqu&#8217;au 22 mars 2025<\/strong><\/p><p><strong>Jeudi, vendredi, samedi 14 &#8211; 18h<\/strong><br>36, rue Falgui\u00e8re, 75015 Paris<\/p><figure class=\"wp-block-image size-large\"><a href=\"https:\/\/www.mvgphoto.com\/mvg_photo\/wp-content\/uploads\/2024\/11\/Espace_NL3.jpg\"><img loading=\"lazy\" decoding=\"async\" width=\"1024\" height=\"683\" src=\"https:\/\/www.mvgphoto.com\/mvg_photo\/wp-content\/uploads\/2024\/11\/Espace_NL3-1024x683.jpg\" alt=\"\" class=\"wp-image-2458\" srcset=\"https:\/\/www.mvgphoto.com\/mvg_photo\/wp-content\/uploads\/2024\/11\/Espace_NL3-1024x683.jpg 1024w, https:\/\/www.mvgphoto.com\/mvg_photo\/wp-content\/uploads\/2024\/11\/Espace_NL3-600x400.jpg 600w, https:\/\/www.mvgphoto.com\/mvg_photo\/wp-content\/uploads\/2024\/11\/Espace_NL3-300x200.jpg 300w, https:\/\/www.mvgphoto.com\/mvg_photo\/wp-content\/uploads\/2024\/11\/Espace_NL3-768x512.jpg 768w, https:\/\/www.mvgphoto.com\/mvg_photo\/wp-content\/uploads\/2024\/11\/Espace_NL3-360x240.jpg 360w, https:\/\/www.mvgphoto.com\/mvg_photo\/wp-content\/uploads\/2024\/11\/Espace_NL3.jpg 1200w\" sizes=\"auto, (max-width: 1024px) 100vw, 1024px\" \/><\/a><figcaption class=\"wp-element-caption\">ESPACE MVG Paris<\/figcaption><\/figure><figure class=\"wp-block-image size-large\"><a href=\"https:\/\/loeildelaphotographie.com\/en\/espace-mvg-michael-von-graffenried-robert-frank-and-i\/\" target=\"_blank\" rel=\" noreferrer noopener\"><img loading=\"lazy\" decoding=\"async\" width=\"1024\" height=\"630\" src=\"https:\/\/www.mvgphoto.com\/mvg_photo\/wp-content\/uploads\/2024\/12\/eye-1024x630.png\" alt=\"\" class=\"wp-image-2907\" srcset=\"https:\/\/www.mvgphoto.com\/mvg_photo\/wp-content\/uploads\/2024\/12\/eye-1024x630.png 1024w, https:\/\/www.mvgphoto.com\/mvg_photo\/wp-content\/uploads\/2024\/12\/eye-300x184.png 300w, https:\/\/www.mvgphoto.com\/mvg_photo\/wp-content\/uploads\/2024\/12\/eye-768x472.png 768w, https:\/\/www.mvgphoto.com\/mvg_photo\/wp-content\/uploads\/2024\/12\/eye-1536x944.png 1536w, https:\/\/www.mvgphoto.com\/mvg_photo\/wp-content\/uploads\/2024\/12\/eye-2048x1259.png 2048w, https:\/\/www.mvgphoto.com\/mvg_photo\/wp-content\/uploads\/2024\/12\/eye-600x369.png 600w\" sizes=\"auto, (max-width: 1024px) 100vw, 1024px\" \/><\/a><\/figure><div style=\"height:20px\" aria-hidden=\"true\" class=\"wp-block-spacer\"><\/div><figure class=\"wp-block-image size-full\"><a href=\"https:\/\/www.mvgphoto.com\/mvg_photo\/wp-content\/uploads\/2024\/10\/RF_NL.jpg\"><img loading=\"lazy\" decoding=\"async\" width=\"1200\" height=\"800\" src=\"https:\/\/www.mvgphoto.com\/mvg_photo\/wp-content\/uploads\/2024\/10\/RF_NL.jpg\" alt=\"\" class=\"wp-image-2289\" srcset=\"https:\/\/www.mvgphoto.com\/mvg_photo\/wp-content\/uploads\/2024\/10\/RF_NL.jpg 1200w, https:\/\/www.mvgphoto.com\/mvg_photo\/wp-content\/uploads\/2024\/10\/RF_NL-600x400.jpg 600w, https:\/\/www.mvgphoto.com\/mvg_photo\/wp-content\/uploads\/2024\/10\/RF_NL-300x200.jpg 300w, https:\/\/www.mvgphoto.com\/mvg_photo\/wp-content\/uploads\/2024\/10\/RF_NL-1024x683.jpg 1024w, https:\/\/www.mvgphoto.com\/mvg_photo\/wp-content\/uploads\/2024\/10\/RF_NL-768x512.jpg 768w, https:\/\/www.mvgphoto.com\/mvg_photo\/wp-content\/uploads\/2024\/10\/RF_NL-360x240.jpg 360w\" sizes=\"auto, (max-width: 1200px) 100vw, 1200px\" \/><\/a><figcaption class=\"wp-element-caption\">Robert Frank, Bleecker Street, New York City, May 2014<\/figcaption><\/figure><figure class=\"wp-block-image size-large is-resized\"><a href=\"https:\/\/www.mvgphoto.com\/mvg_photo\/wp-content\/uploads\/2024\/10\/StreetLine_RF_NL.jpg\"><img loading=\"lazy\" decoding=\"async\" width=\"688\" height=\"1024\" src=\"https:\/\/www.mvgphoto.com\/mvg_photo\/wp-content\/uploads\/2024\/10\/StreetLine_RF_NL-688x1024.jpg\" alt=\"\" class=\"wp-image-2288\" style=\"width:840px;height:auto\" srcset=\"https:\/\/www.mvgphoto.com\/mvg_photo\/wp-content\/uploads\/2024\/10\/StreetLine_RF_NL-688x1024.jpg 688w, https:\/\/www.mvgphoto.com\/mvg_photo\/wp-content\/uploads\/2024\/10\/StreetLine_RF_NL-600x893.jpg 600w, https:\/\/www.mvgphoto.com\/mvg_photo\/wp-content\/uploads\/2024\/10\/StreetLine_RF_NL-202x300.jpg 202w, https:\/\/www.mvgphoto.com\/mvg_photo\/wp-content\/uploads\/2024\/10\/StreetLine_RF_NL-768x1142.jpg 768w, https:\/\/www.mvgphoto.com\/mvg_photo\/wp-content\/uploads\/2024\/10\/StreetLine_RF_NL-1033x1536.jpg 1033w, https:\/\/www.mvgphoto.com\/mvg_photo\/wp-content\/uploads\/2024\/10\/StreetLine_RF_NL.jpg 1200w\" sizes=\"auto, (max-width: 688px) 100vw, 688px\" \/><\/a><figcaption class=\"wp-element-caption\">Robert Frank, Street Line,&nbsp;34th Street, New York City<\/figcaption><\/figure><iframe loading=\"lazy\"  id=\"_ytid_27088\"  width=\"750\" height=\"422\"  data-origwidth=\"750\" data-origheight=\"422\" src=\"https:\/\/www.youtube.com\/embed\/YbMb-cjPCco?enablejsapi=1&#038;autoplay=0&#038;cc_load_policy=0&#038;cc_lang_pref=&#038;iv_load_policy=1&#038;loop=0&#038;modestbranding=0&#038;rel=0&#038;fs=1&#038;playsinline=0&#038;autohide=2&#038;theme=light&#038;color=red&#038;controls=1&#038;\" class=\"__youtube_prefs__  no-lazyload\" title=\"YouTube player\"  allow=\"fullscreen; accelerometer; autoplay; clipboard-write; encrypted-media; gyroscope; picture-in-picture\" allowfullscreen data-no-lazy=\"1\" data-skipgform_ajax_framebjll=\"\"><\/iframe><figure class=\"wp-block-image alignwide size-full\"><a href=\"https:\/\/www.mvgphoto.com\/mvg_photo\/wp-content\/uploads\/2024\/09\/OurTown2.jpg\"><img loading=\"lazy\" decoding=\"async\" width=\"2481\" height=\"1167\" src=\"https:\/\/www.mvgphoto.com\/mvg_photo\/wp-content\/uploads\/2024\/09\/OurTown2.jpg\" alt=\"\" class=\"wp-image-1811\" srcset=\"https:\/\/www.mvgphoto.com\/mvg_photo\/wp-content\/uploads\/2024\/09\/OurTown2.jpg 2481w, https:\/\/www.mvgphoto.com\/mvg_photo\/wp-content\/uploads\/2024\/09\/OurTown2-600x282.jpg 600w, https:\/\/www.mvgphoto.com\/mvg_photo\/wp-content\/uploads\/2024\/09\/OurTown2-300x141.jpg 300w, https:\/\/www.mvgphoto.com\/mvg_photo\/wp-content\/uploads\/2024\/09\/OurTown2-1024x482.jpg 1024w, https:\/\/www.mvgphoto.com\/mvg_photo\/wp-content\/uploads\/2024\/09\/OurTown2-768x361.jpg 768w, https:\/\/www.mvgphoto.com\/mvg_photo\/wp-content\/uploads\/2024\/09\/OurTown2-1536x722.jpg 1536w, https:\/\/www.mvgphoto.com\/mvg_photo\/wp-content\/uploads\/2024\/09\/OurTown2-2048x963.jpg 2048w\" sizes=\"auto, (max-width: 2481px) 100vw, 2481px\" \/><\/a><\/figure><p class=\"has-text-align-right\"><a href=\"https:\/\/www.mvgphoto.com\/mvg_photo\/wp-content\/uploads\/2024\/09\/EN_ESPACE-MVG_Our-Town.pdf\" data-type=\"link\" data-id=\"https:\/\/www.mvgphoto.com\/mvg_photo\/wp-content\/uploads\/2024\/09\/EN_ESPACE-MVG_Our-Town.pdf\">-&gt; PDF \u00ab Our Town \u00bb<\/a><\/p><div style=\"height:10px\" aria-hidden=\"true\" class=\"wp-block-spacer\"><\/div><hr class=\"wp-block-separator has-text-color has-accent-color has-alpha-channel-opacity has-accent-background-color has-background is-style-wide\"\/><div class=\"wp-block-group alignfull has-base-2-background-color has-background\" style=\"margin-top:0;margin-bottom:0;padding-top:var(--wp--preset--spacing--50);padding-right:var(--wp--preset--spacing--50);padding-bottom:var(--wp--preset--spacing--50);padding-left:var(--wp--preset--spacing--50)\"><div class=\"wp-block-group__inner-container is-layout-constrained wp-container-core-group-is-layout-1 wp-block-group-is-layout-constrained\"><div class=\"wp-block-columns alignwide is-layout-flex wp-container-core-columns-is-layout-1 wp-block-columns-is-layout-flex\"><div class=\"wp-block-column is-layout-flow wp-block-column-is-layout-flow\" style=\"flex-basis:40%\"><p class=\"wp-container-content-1\">News \/ Exhibitions<\/p><\/div>\n\n<div class=\"wp-block-column is-layout-flow wp-block-column-is-layout-flow\" style=\"flex-basis:60%\"><p class=\"has-heading-font-family has-x-large-font-size\" style=\"line-height:1.2\">Paradis Naturiste<\/p>\n\n<p>Exposition du 3 juillet au 9 d\u00e9cembre 2024<\/p>\n\n<p>Avec la <em>\u00ab joueuse de badminton \u00bb<\/em>, Thielle <\/p>\n\n<p>(tirage argentique au format 288 x 122 cm)<\/p>\n\n<p><strong>MUCEM<\/strong> &#8211; Mus\u00e9e des civilisations de l&#8217;Europe et de la M\u00e9diterran\u00e9e, Marseille<\/p>\n\n<p><a href=\"https:\/\/www.rts.ch\/play\/tv\/redirect\/detail\/15223753?startTime=1635\"><strong>-&gt; RTS T\u00e9l\u00e9journal 19h30, 14.10.2024<\/strong><\/a><\/p><\/div><\/div>\n\n<div style=\"height:var(--wp--preset--spacing--40)\" aria-hidden=\"true\" class=\"wp-block-spacer\"><\/div>\n\n<figure class=\"wp-block-image alignwide size-large is-style-default\"><img loading=\"lazy\" decoding=\"async\" width=\"1024\" height=\"382\" src=\"https:\/\/www.mvgphoto.com\/mvg_photo\/wp-content\/uploads\/2024\/09\/Badminton-1024x382.jpg\" alt=\"\" class=\"wp-image-1751\" srcset=\"https:\/\/www.mvgphoto.com\/mvg_photo\/wp-content\/uploads\/2024\/09\/Badminton-1024x382.jpg 1024w, https:\/\/www.mvgphoto.com\/mvg_photo\/wp-content\/uploads\/2024\/09\/Badminton-600x224.jpg 600w, https:\/\/www.mvgphoto.com\/mvg_photo\/wp-content\/uploads\/2024\/09\/Badminton-300x112.jpg 300w, https:\/\/www.mvgphoto.com\/mvg_photo\/wp-content\/uploads\/2024\/09\/Badminton-768x287.jpg 768w, https:\/\/www.mvgphoto.com\/mvg_photo\/wp-content\/uploads\/2024\/09\/Badminton-1536x574.jpg 1536w, https:\/\/www.mvgphoto.com\/mvg_photo\/wp-content\/uploads\/2024\/09\/Badminton.jpg 1941w\" sizes=\"auto, (max-width: 1024px) 100vw, 1024px\" \/><\/figure><\/div><\/div><div class=\"wp-block-group alignfull has-base-background-color has-background\" style=\"margin-top:0;margin-bottom:0;padding-top:var(--wp--preset--spacing--50);padding-right:var(--wp--preset--spacing--50);padding-bottom:var(--wp--preset--spacing--50);padding-left:var(--wp--preset--spacing--50)\"><div class=\"wp-block-group__inner-container is-layout-constrained wp-container-core-group-is-layout-2 wp-block-group-is-layout-constrained\"><div class=\"wp-block-columns alignwide is-layout-flex wp-container-core-columns-is-layout-2 wp-block-columns-is-layout-flex\"><div class=\"wp-block-column is-content-justification-left is-layout-constrained wp-container-core-column-is-layout-3 wp-block-column-is-layout-constrained\" style=\"flex-basis:40%\"><p>En parall\u00e8le, apr\u00e8s New York, Paris, Gen\u00e8ve, l&#8217;ESPACE MVG arrive \u00e0 Marseille<\/p><\/div>\n\n<div class=\"wp-block-column is-layout-flow wp-container-core-column-is-layout-4 wp-block-column-is-layout-flow\" style=\"flex-basis:60%\"><p class=\"has-heading-font-family has-medium-font-size\" style=\"line-height:1.2\">Exposition personnelle de MICHAEL von GRAFFENRIED sur proposition de Marie-Anne Kurdy<\/p>\n\n<p>Du 10 octobre au 3 novembre 2024<\/p>\n\n<p class=\"has-heading-font-family has-medium-font-size\" style=\"line-height:1.2\">Espace MVG @ Espace CRICO<\/p>\n\n<p>18 rue Farjon 13001 Marseille <a href=\"https:\/\/www.mvgphoto.com\/mvg_photo\/wp-content\/uploads\/2024\/09\/Flyer_Nu_au_paradis.pdf\" data-type=\"link\" data-id=\"https:\/\/www.mvgphoto.com\/mvg_photo\/wp-content\/uploads\/2024\/09\/Flyer_Nu_au_paradis.pdf\">-&gt; Flyer<\/a><\/p><\/div><\/div><\/div><\/div><figure class=\"wp-block-image size-full\"><a href=\"https:\/\/www.mvgphoto.com\/mvg_photo\/wp-content\/uploads\/2024\/09\/Nu_au-paradis_Marseille-1.jpg\"><img loading=\"lazy\" decoding=\"async\" width=\"1000\" height=\"1400\" src=\"https:\/\/www.mvgphoto.com\/mvg_photo\/wp-content\/uploads\/2024\/09\/Nu_au-paradis_Marseille-1.jpg\" alt=\"\" class=\"wp-image-1787\" srcset=\"https:\/\/www.mvgphoto.com\/mvg_photo\/wp-content\/uploads\/2024\/09\/Nu_au-paradis_Marseille-1.jpg 1000w, https:\/\/www.mvgphoto.com\/mvg_photo\/wp-content\/uploads\/2024\/09\/Nu_au-paradis_Marseille-1-600x840.jpg 600w, https:\/\/www.mvgphoto.com\/mvg_photo\/wp-content\/uploads\/2024\/09\/Nu_au-paradis_Marseille-1-214x300.jpg 214w, https:\/\/www.mvgphoto.com\/mvg_photo\/wp-content\/uploads\/2024\/09\/Nu_au-paradis_Marseille-1-731x1024.jpg 731w, https:\/\/www.mvgphoto.com\/mvg_photo\/wp-content\/uploads\/2024\/09\/Nu_au-paradis_Marseille-1-768x1075.jpg 768w\" sizes=\"auto, (max-width: 1000px) 100vw, 1000px\" \/><\/a><\/figure><div class=\"wp-block-group alignfull has-base-2-background-color has-background\" style=\"margin-top:0;margin-bottom:0;padding-top:var(--wp--preset--spacing--60);padding-right:var(--wp--preset--spacing--60);padding-bottom:var(--wp--preset--spacing--60);padding-left:var(--wp--preset--spacing--60)\"><div class=\"wp-block-group__inner-container is-layout-constrained wp-container-core-group-is-layout-4 wp-block-group-is-layout-constrained\"><div class=\"wp-block-group alignwide\"><div class=\"wp-block-group__inner-container is-layout-flow wp-block-group-is-layout-flow\"><div style=\"height:var(--wp--preset--spacing--20)\" aria-hidden=\"true\" class=\"wp-block-spacer\"><\/div>\n\n<blockquote class=\"wp-block-quote is-layout-flow wp-block-quote-is-layout-flow\"><p class=\"has-text-align-center has-heading-font-family has-medium-font-size\" style=\"font-style:normal;font-weight:400;line-height:1.2\">The first hour without clothes was difficult, but I soon began to feel confident. The site was surrounded by a high wall \u2013 taking photographs was forbidden \u2013 and it was only after much talking that I was given permission to go ahead.<\/p><\/blockquote>\n\n<div style=\"height:var(--wp--preset--spacing--40)\" aria-hidden=\"true\" class=\"wp-block-spacer\"><\/div><\/div><\/div>\n\n<figure class=\"wp-block-image size-large\"><a href=\"https:\/\/www.mvgphoto.com\/mvg_photo\/wp-content\/uploads\/2024\/09\/nu_au_pa_2.jpg\"><img loading=\"lazy\" decoding=\"async\" width=\"1024\" height=\"374\" src=\"https:\/\/www.mvgphoto.com\/mvg_photo\/wp-content\/uploads\/2024\/09\/nu_au_pa_2-1024x374.jpg\" alt=\"\" class=\"wp-image-1755\" srcset=\"https:\/\/www.mvgphoto.com\/mvg_photo\/wp-content\/uploads\/2024\/09\/nu_au_pa_2-1024x374.jpg 1024w, https:\/\/www.mvgphoto.com\/mvg_photo\/wp-content\/uploads\/2024\/09\/nu_au_pa_2-600x219.jpg 600w, https:\/\/www.mvgphoto.com\/mvg_photo\/wp-content\/uploads\/2024\/09\/nu_au_pa_2-300x109.jpg 300w, https:\/\/www.mvgphoto.com\/mvg_photo\/wp-content\/uploads\/2024\/09\/nu_au_pa_2-768x280.jpg 768w, https:\/\/www.mvgphoto.com\/mvg_photo\/wp-content\/uploads\/2024\/09\/nu_au_pa_2-1536x560.jpg 1536w, https:\/\/www.mvgphoto.com\/mvg_photo\/wp-content\/uploads\/2024\/09\/nu_au_pa_2.jpg 1935w\" sizes=\"auto, (max-width: 1024px) 100vw, 1024px\" \/><\/a><\/figure><\/div><\/div><hr class=\"wp-block-separator has-text-color has-accent-color has-alpha-channel-opacity has-accent-background-color has-background is-style-wide\"\/><div class=\"wp-block-group alignfull has-base-2-color has-contrast-background-color has-text-color has-background has-link-color wp-elements-b910b107cbd4d19d6c68aee2721eaa02\" style=\"margin-top:0;margin-bottom:0;padding-top:var(--wp--preset--spacing--50);padding-right:var(--wp--preset--spacing--50);padding-bottom:var(--wp--preset--spacing--50);padding-left:var(--wp--preset--spacing--50)\"><div class=\"wp-block-group__inner-container is-layout-constrained wp-container-core-group-is-layout-5 wp-block-group-is-layout-constrained\"><div class=\"wp-block-columns alignwide is-layout-flex wp-container-core-columns-is-layout-3 wp-block-columns-is-layout-flex\"><div class=\"wp-block-column is-vertically-aligned-stretch is-layout-flow wp-block-column-is-layout-flow\" style=\"padding-right:0;flex-basis:60%\"><p class=\"has-medium-font-size\">Media Coverage<\/p><\/div>\n\n<div class=\"wp-block-column is-layout-flow wp-block-column-is-layout-flow\" style=\"flex-basis:40%\"><p class=\"has-medium-font-size\" style=\"font-style:normal;font-weight:500;line-height:1.2\">Our Town \u2013 Exhibition from 7.10. &#8211; 22.11.23 at FivePoints in New Bern NC, USA<\/p><\/div><\/div><\/div><\/div><p><\/p><figure class=\"wp-block-embed is-type-video is-provider-youtube wp-block-embed-youtube wp-embed-aspect-16-9 wp-has-aspect-ratio\"><div class=\"wp-block-embed__wrapper\">\n<iframe loading=\"lazy\"  id=\"_ytid_62481\"  width=\"750\" height=\"422\"  data-origwidth=\"750\" data-origheight=\"422\" src=\"https:\/\/www.youtube.com\/embed\/74aTX_m_Ynw?enablejsapi=1&#038;autoplay=0&#038;cc_load_policy=0&#038;cc_lang_pref=&#038;iv_load_policy=1&#038;loop=0&#038;modestbranding=0&#038;rel=0&#038;fs=1&#038;playsinline=0&#038;autohide=2&#038;theme=light&#038;color=red&#038;controls=1&#038;\" class=\"__youtube_prefs__  epyt-is-override  no-lazyload\" title=\"YouTube player\"  allow=\"fullscreen; accelerometer; autoplay; clipboard-write; encrypted-media; gyroscope; picture-in-picture\" allowfullscreen data-no-lazy=\"1\" data-skipgform_ajax_framebjll=\"\"><\/iframe>\n<\/div><figcaption class=\"wp-element-caption\">Our Town &#8211; Exhibition Video Clip, New Bern<\/figcaption><\/figure><figure class=\"wp-block-embed is-type-video is-provider-youtube wp-block-embed-youtube wp-embed-aspect-4-3 wp-has-aspect-ratio\"><div class=\"wp-block-embed__wrapper\">\n<iframe loading=\"lazy\"  id=\"_ytid_18158\"  width=\"750\" height=\"563\"  data-origwidth=\"750\" data-origheight=\"563\" src=\"https:\/\/www.youtube.com\/embed\/723nG1wdiTo?enablejsapi=1&#038;autoplay=0&#038;cc_load_policy=0&#038;cc_lang_pref=&#038;iv_load_policy=1&#038;loop=0&#038;modestbranding=0&#038;rel=0&#038;fs=1&#038;playsinline=0&#038;autohide=2&#038;theme=light&#038;color=red&#038;controls=1&#038;\" class=\"__youtube_prefs__  epyt-is-override  no-lazyload\" title=\"YouTube player\"  allow=\"fullscreen; accelerometer; autoplay; clipboard-write; encrypted-media; gyroscope; picture-in-picture\" allowfullscreen data-no-lazy=\"1\" data-skipgform_ajax_framebjll=\"\"><\/iframe>\n<\/div><figcaption class=\"wp-element-caption\">OUR TOWN Exhibition Coverage on wcti News Channel12, October 16, 2023<\/figcaption><\/figure><figure class=\"wp-block-embed is-type-video is-provider-youtube wp-block-embed-youtube wp-embed-aspect-16-9 wp-has-aspect-ratio\"><div class=\"wp-block-embed__wrapper\">\n<iframe loading=\"lazy\"  id=\"_ytid_15838\"  width=\"750\" height=\"422\"  data-origwidth=\"750\" data-origheight=\"422\" src=\"https:\/\/www.youtube.com\/embed\/LQNQ_fhZI6I?enablejsapi=1&#038;autoplay=0&#038;cc_load_policy=0&#038;cc_lang_pref=&#038;iv_load_policy=1&#038;loop=0&#038;modestbranding=0&#038;rel=0&#038;fs=1&#038;playsinline=0&#038;autohide=2&#038;theme=light&#038;color=red&#038;controls=1&#038;\" class=\"__youtube_prefs__  epyt-is-override  no-lazyload\" title=\"YouTube player\"  allow=\"fullscreen; accelerometer; autoplay; clipboard-write; encrypted-media; gyroscope; picture-in-picture\" allowfullscreen data-no-lazy=\"1\" data-skipgform_ajax_framebjll=\"\"><\/iframe>\n<\/div><figcaption class=\"wp-element-caption\">OUR TOWN Exhibition Coverage wcti News Channel 12, November 1, 2023 (News Coverage by Bilyana Garland)<\/figcaption><\/figure><figure class=\"wp-block-embed is-type-video is-provider-youtube wp-block-embed-youtube wp-embed-aspect-16-9 wp-has-aspect-ratio\"><div class=\"wp-block-embed__wrapper\">\n<iframe loading=\"lazy\"  id=\"_ytid_87021\"  width=\"750\" height=\"422\"  data-origwidth=\"750\" data-origheight=\"422\" src=\"https:\/\/www.youtube.com\/embed\/hM_h3JoTc9w?enablejsapi=1&#038;autoplay=0&#038;cc_load_policy=0&#038;cc_lang_pref=&#038;iv_load_policy=1&#038;loop=0&#038;modestbranding=0&#038;rel=0&#038;fs=1&#038;playsinline=0&#038;autohide=2&#038;theme=light&#038;color=red&#038;controls=1&#038;\" class=\"__youtube_prefs__  epyt-is-override  no-lazyload\" title=\"YouTube player\"  allow=\"fullscreen; accelerometer; autoplay; clipboard-write; encrypted-media; gyroscope; picture-in-picture\" allowfullscreen data-no-lazy=\"1\" data-skipgform_ajax_framebjll=\"\"><\/iframe>\n<\/div><figcaption class=\"wp-element-caption\">OUR TOWN Coverage on Swiss National Television SRF, November 7, 2023 (in german)<\/figcaption><\/figure><p><strong>OUR TOWN<\/strong> Exhibition from October 7 to November 22, 2023: <\/p><p>Seit fast 20 Jahren h\u00e4lt der Berner Fotok\u00fcnstler Michael von Graffenried das allt\u00e4gliche Leben in der US-amerikanischen Kleinstadt New Bern fest. Die Aufnahmen sind nun vor Ort ausgestellt &#8211; und sorgen nicht bei allen Einwohnerinnen und Einwohnern f\u00fcr Begeisterung.<\/p><figure class=\"wp-block-embed is-type-video is-provider-youtube wp-block-embed-youtube wp-embed-aspect-16-9 wp-has-aspect-ratio\"><div class=\"wp-block-embed__wrapper\">\n<iframe loading=\"lazy\"  id=\"_ytid_64869\"  width=\"750\" height=\"422\"  data-origwidth=\"750\" data-origheight=\"422\" src=\"https:\/\/www.youtube.com\/embed\/U_75_gE4GxI?enablejsapi=1&#038;autoplay=0&#038;cc_load_policy=0&#038;cc_lang_pref=&#038;iv_load_policy=1&#038;loop=0&#038;modestbranding=0&#038;rel=0&#038;fs=1&#038;playsinline=0&#038;autohide=2&#038;theme=light&#038;color=red&#038;controls=1&#038;\" class=\"__youtube_prefs__  epyt-is-override  no-lazyload\" title=\"YouTube player\"  allow=\"fullscreen; accelerometer; autoplay; clipboard-write; encrypted-media; gyroscope; picture-in-picture\" allowfullscreen data-no-lazy=\"1\" data-skipgform_ajax_framebjll=\"\"><\/iframe>\n<\/div><figcaption class=\"wp-element-caption\">OurTown Exhibition Coverage on Swiss National TV RTS, October 24, 2023 (en fran\u00e7ais)<\/figcaption><\/figure><p><strong>OUR TOWN<\/strong> Exhibition from October 7 to November 22, 2023: <\/p><p>La version am\u00e9ricaine de la ville de Berne, New Bern, a \u00e9t\u00e9 fond\u00e9e au XVIIIe si\u00e8cle en Caroline du Nord par un \u00e9migr\u00e9 suisse. Trois si\u00e8cles plus tard, un de ses descendants, le c\u00e9l\u00e8bre photographe bernois Michael von Graffenried, rend hommage aux habitants du lieu.<\/p><figure class=\"wp-block-embed is-type-video is-provider-youtube wp-block-embed-youtube wp-embed-aspect-16-9 wp-has-aspect-ratio\"><div class=\"wp-block-embed__wrapper\">\n<iframe loading=\"lazy\"  id=\"_ytid_54463\"  width=\"750\" height=\"422\"  data-origwidth=\"750\" data-origheight=\"422\" src=\"https:\/\/www.youtube.com\/embed\/NxivM28E9d0?enablejsapi=1&#038;autoplay=0&#038;cc_load_policy=0&#038;cc_lang_pref=&#038;iv_load_policy=1&#038;loop=0&#038;modestbranding=0&#038;rel=0&#038;fs=1&#038;playsinline=0&#038;autohide=2&#038;theme=light&#038;color=red&#038;controls=1&#038;\" class=\"__youtube_prefs__  epyt-is-override  no-lazyload\" title=\"YouTube player\"  allow=\"fullscreen; accelerometer; autoplay; clipboard-write; encrypted-media; gyroscope; picture-in-picture\" allowfullscreen data-no-lazy=\"1\" data-skipgform_ajax_framebjll=\"\"><\/iframe>\n<\/div><figcaption class=\"wp-element-caption\">OUR TOWN Exhibition on Swiss National Television RSI, November 7, 2023 (in italian)<\/figcaption><\/figure><p><strong>OUR TOWN<\/strong> Exhibition from October 7 to November 22, 2023 at Five Points in New Bern NC, USA: New Bern attraverso l\u2019obiettivo svizzero di Michael von Graffenried. La cittadina della Carolina del Nord ospita un\u2019esposizione con gli scatti raccolti negli ultimi 17 anni dal celebre fotografo bernese, che raccoglie un microcosmo americano.<\/p><hr class=\"wp-block-separator has-text-color has-green-color has-css-opacity has-green-background-color has-background\"\/><figure class=\"wp-block-audio\"><audio controls src=\"https:\/\/www.mvgphoto.com\/mvg_photo\/wp-content\/uploads\/2023\/12\/SRF2OurTown.mp3\"><\/audio><figcaption class=\"wp-element-caption\">Gesichter einer Stadt-&nbsp;\u00abOur Town\u00bb zeigt die ungeschminkte Realit\u00e4t von New Bern, SRF 27.10.23<\/figcaption><\/figure><p><a href=\"https:\/\/www.srf.ch\/kultur\/kunst\/gesichter-einer-stadt-our-town-zeigt-die-ungeschminkte-realitaet-von-new-bern\" data-type=\"URL\" data-id=\"https:\/\/www.srf.ch\/kultur\/kunst\/gesichter-einer-stadt-our-town-zeigt-die-ungeschminkte-realitaet-von-new-bern\" target=\"_blank\" rel=\"noreferrer noopener\">-&gt; SRF Webseite zum Beitrag<\/a><\/p><hr class=\"wp-block-separator has-text-color has-green-color has-css-opacity has-green-background-color has-background\"\/><figure class=\"wp-block-image size-full\"><a href=\"https:\/\/www.mvgphoto.com\/mvg_photo\/wp-content\/uploads\/2023\/12\/BernerZeitung_cover4.11.12.jpg\"><img loading=\"lazy\" decoding=\"async\" width=\"1696\" height=\"2462\" src=\"https:\/\/www.mvgphoto.com\/mvg_photo\/wp-content\/uploads\/2023\/12\/BernerZeitung_cover4.11.12.jpg\" alt=\"\" class=\"wp-image-1641\" srcset=\"https:\/\/www.mvgphoto.com\/mvg_photo\/wp-content\/uploads\/2023\/12\/BernerZeitung_cover4.11.12.jpg 1696w, https:\/\/www.mvgphoto.com\/mvg_photo\/wp-content\/uploads\/2023\/12\/BernerZeitung_cover4.11.12-600x871.jpg 600w, https:\/\/www.mvgphoto.com\/mvg_photo\/wp-content\/uploads\/2023\/12\/BernerZeitung_cover4.11.12-207x300.jpg 207w, https:\/\/www.mvgphoto.com\/mvg_photo\/wp-content\/uploads\/2023\/12\/BernerZeitung_cover4.11.12-705x1024.jpg 705w, https:\/\/www.mvgphoto.com\/mvg_photo\/wp-content\/uploads\/2023\/12\/BernerZeitung_cover4.11.12-768x1115.jpg 768w, https:\/\/www.mvgphoto.com\/mvg_photo\/wp-content\/uploads\/2023\/12\/BernerZeitung_cover4.11.12-1058x1536.jpg 1058w, https:\/\/www.mvgphoto.com\/mvg_photo\/wp-content\/uploads\/2023\/12\/BernerZeitung_cover4.11.12-1411x2048.jpg 1411w\" sizes=\"auto, (max-width: 1696px) 100vw, 1696px\" \/><\/a><figcaption class=\"wp-element-caption\">BZ, 4.11.23 &#8211; Front<\/figcaption><\/figure><figure class=\"wp-block-image size-full\"><a href=\"https:\/\/www.mvgphoto.com\/mvg_photo\/wp-content\/uploads\/2023\/12\/BernerZeitung_4.11.23.jpg\"><img loading=\"lazy\" decoding=\"async\" width=\"1694\" height=\"2472\" src=\"https:\/\/www.mvgphoto.com\/mvg_photo\/wp-content\/uploads\/2023\/12\/BernerZeitung_4.11.23.jpg\" alt=\"\" class=\"wp-image-1642\" srcset=\"https:\/\/www.mvgphoto.com\/mvg_photo\/wp-content\/uploads\/2023\/12\/BernerZeitung_4.11.23.jpg 1694w, https:\/\/www.mvgphoto.com\/mvg_photo\/wp-content\/uploads\/2023\/12\/BernerZeitung_4.11.23-600x876.jpg 600w, https:\/\/www.mvgphoto.com\/mvg_photo\/wp-content\/uploads\/2023\/12\/BernerZeitung_4.11.23-206x300.jpg 206w, https:\/\/www.mvgphoto.com\/mvg_photo\/wp-content\/uploads\/2023\/12\/BernerZeitung_4.11.23-702x1024.jpg 702w, https:\/\/www.mvgphoto.com\/mvg_photo\/wp-content\/uploads\/2023\/12\/BernerZeitung_4.11.23-768x1121.jpg 768w, https:\/\/www.mvgphoto.com\/mvg_photo\/wp-content\/uploads\/2023\/12\/BernerZeitung_4.11.23-1053x1536.jpg 1053w, https:\/\/www.mvgphoto.com\/mvg_photo\/wp-content\/uploads\/2023\/12\/BernerZeitung_4.11.23-1403x2048.jpg 1403w\" sizes=\"auto, (max-width: 1694px) 100vw, 1694px\" \/><\/a><figcaption class=\"wp-element-caption\">BZ, 4.11.23<\/figcaption><\/figure><figure class=\"wp-block-image size-full\"><a href=\"https:\/\/www.mvgphoto.com\/mvg_photo\/wp-content\/uploads\/2023\/12\/DerBund_4.11.23.jpg\"><img loading=\"lazy\" decoding=\"async\" width=\"2048\" height=\"2110\" src=\"https:\/\/www.mvgphoto.com\/mvg_photo\/wp-content\/uploads\/2023\/12\/DerBund_4.11.23.jpg\" alt=\"\" class=\"wp-image-1643\" srcset=\"https:\/\/www.mvgphoto.com\/mvg_photo\/wp-content\/uploads\/2023\/12\/DerBund_4.11.23.jpg 2048w, https:\/\/www.mvgphoto.com\/mvg_photo\/wp-content\/uploads\/2023\/12\/DerBund_4.11.23-600x618.jpg 600w, https:\/\/www.mvgphoto.com\/mvg_photo\/wp-content\/uploads\/2023\/12\/DerBund_4.11.23-291x300.jpg 291w, https:\/\/www.mvgphoto.com\/mvg_photo\/wp-content\/uploads\/2023\/12\/DerBund_4.11.23-994x1024.jpg 994w, https:\/\/www.mvgphoto.com\/mvg_photo\/wp-content\/uploads\/2023\/12\/DerBund_4.11.23-768x791.jpg 768w, https:\/\/www.mvgphoto.com\/mvg_photo\/wp-content\/uploads\/2023\/12\/DerBund_4.11.23-1491x1536.jpg 1491w, https:\/\/www.mvgphoto.com\/mvg_photo\/wp-content\/uploads\/2023\/12\/DerBund_4.11.23-1988x2048.jpg 1988w\" sizes=\"auto, (max-width: 2048px) 100vw, 2048px\" \/><\/a><figcaption class=\"wp-element-caption\">Der Bund, 4.11.23<\/figcaption><\/figure><figure class=\"wp-block-image size-full\"><a href=\"https:\/\/www.mvgphoto.com\/mvg_photo\/wp-content\/uploads\/2023\/12\/LeTemps1_14.10.23.jpg\"><img loading=\"lazy\" decoding=\"async\" width=\"1139\" height=\"1808\" src=\"https:\/\/www.mvgphoto.com\/mvg_photo\/wp-content\/uploads\/2023\/12\/LeTemps1_14.10.23.jpg\" alt=\"\" class=\"wp-image-1645\" srcset=\"https:\/\/www.mvgphoto.com\/mvg_photo\/wp-content\/uploads\/2023\/12\/LeTemps1_14.10.23.jpg 1139w, https:\/\/www.mvgphoto.com\/mvg_photo\/wp-content\/uploads\/2023\/12\/LeTemps1_14.10.23-600x952.jpg 600w, https:\/\/www.mvgphoto.com\/mvg_photo\/wp-content\/uploads\/2023\/12\/LeTemps1_14.10.23-189x300.jpg 189w, https:\/\/www.mvgphoto.com\/mvg_photo\/wp-content\/uploads\/2023\/12\/LeTemps1_14.10.23-645x1024.jpg 645w, https:\/\/www.mvgphoto.com\/mvg_photo\/wp-content\/uploads\/2023\/12\/LeTemps1_14.10.23-768x1219.jpg 768w, https:\/\/www.mvgphoto.com\/mvg_photo\/wp-content\/uploads\/2023\/12\/LeTemps1_14.10.23-968x1536.jpg 968w\" sizes=\"auto, (max-width: 1139px) 100vw, 1139px\" \/><\/a><figcaption class=\"wp-element-caption\">Le Temps, 14.11.23<\/figcaption><\/figure><figure class=\"wp-block-image size-full\"><a href=\"https:\/\/www.mvgphoto.com\/mvg_photo\/wp-content\/uploads\/2023\/12\/LeTemps2_14.10.23.jpg\"><img loading=\"lazy\" decoding=\"async\" width=\"1745\" height=\"1807\" src=\"https:\/\/www.mvgphoto.com\/mvg_photo\/wp-content\/uploads\/2023\/12\/LeTemps2_14.10.23.jpg\" alt=\"\" class=\"wp-image-1646\" srcset=\"https:\/\/www.mvgphoto.com\/mvg_photo\/wp-content\/uploads\/2023\/12\/LeTemps2_14.10.23.jpg 1745w, https:\/\/www.mvgphoto.com\/mvg_photo\/wp-content\/uploads\/2023\/12\/LeTemps2_14.10.23-600x621.jpg 600w, https:\/\/www.mvgphoto.com\/mvg_photo\/wp-content\/uploads\/2023\/12\/LeTemps2_14.10.23-290x300.jpg 290w, https:\/\/www.mvgphoto.com\/mvg_photo\/wp-content\/uploads\/2023\/12\/LeTemps2_14.10.23-989x1024.jpg 989w, https:\/\/www.mvgphoto.com\/mvg_photo\/wp-content\/uploads\/2023\/12\/LeTemps2_14.10.23-768x795.jpg 768w, https:\/\/www.mvgphoto.com\/mvg_photo\/wp-content\/uploads\/2023\/12\/LeTemps2_14.10.23-1483x1536.jpg 1483w\" sizes=\"auto, (max-width: 1745px) 100vw, 1745px\" \/><\/a><figcaption class=\"wp-element-caption\">Le Temps, 14.11.23<\/figcaption><\/figure><figure class=\"wp-block-image size-full\"><a href=\"https:\/\/www.mvgphoto.com\/mvg_photo\/wp-content\/uploads\/2023\/12\/Schweizer_Illustrierte_20.10.23-scaled.jpg\"><img loading=\"lazy\" decoding=\"async\" width=\"2560\" height=\"1709\" src=\"https:\/\/www.mvgphoto.com\/mvg_photo\/wp-content\/uploads\/2023\/12\/Schweizer_Illustrierte_20.10.23-scaled.jpg\" alt=\"\" class=\"wp-image-1649\" srcset=\"https:\/\/www.mvgphoto.com\/mvg_photo\/wp-content\/uploads\/2023\/12\/Schweizer_Illustrierte_20.10.23-scaled.jpg 2560w, https:\/\/www.mvgphoto.com\/mvg_photo\/wp-content\/uploads\/2023\/12\/Schweizer_Illustrierte_20.10.23-scaled-600x401.jpg 600w, https:\/\/www.mvgphoto.com\/mvg_photo\/wp-content\/uploads\/2023\/12\/Schweizer_Illustrierte_20.10.23-300x200.jpg 300w, https:\/\/www.mvgphoto.com\/mvg_photo\/wp-content\/uploads\/2023\/12\/Schweizer_Illustrierte_20.10.23-1024x684.jpg 1024w, https:\/\/www.mvgphoto.com\/mvg_photo\/wp-content\/uploads\/2023\/12\/Schweizer_Illustrierte_20.10.23-768x513.jpg 768w, https:\/\/www.mvgphoto.com\/mvg_photo\/wp-content\/uploads\/2023\/12\/Schweizer_Illustrierte_20.10.23-1536x1025.jpg 1536w, https:\/\/www.mvgphoto.com\/mvg_photo\/wp-content\/uploads\/2023\/12\/Schweizer_Illustrierte_20.10.23-2048x1367.jpg 2048w\" sizes=\"auto, (max-width: 2560px) 100vw, 2560px\" \/><\/a><figcaption class=\"wp-element-caption\">Schweizer Illustrierte, 20.10.23 <\/figcaption><\/figure><div class=\"wp-block-file\"><a href=\"https:\/\/www.mvgphoto.com\/mvg_photo\/wp-content\/uploads\/2023\/12\/Schweizerillustrierte20.10.2023.pdf\">Schweizerillustrierte20.10.2023<\/a><a href=\"https:\/\/www.mvgphoto.com\/mvg_photo\/wp-content\/uploads\/2023\/12\/Schweizerillustrierte20.10.2023.pdf\" class=\"wp-block-file__button wp-element-button\" download>PDF<\/a><\/div><figure class=\"wp-block-image size-full\"><a href=\"https:\/\/www.mvgphoto.com\/mvg_photo\/wp-content\/uploads\/2023\/12\/Illustre_011123-scaled.jpg\"><img loading=\"lazy\" decoding=\"async\" width=\"2560\" height=\"1709\" src=\"https:\/\/www.mvgphoto.com\/mvg_photo\/wp-content\/uploads\/2023\/12\/Illustre_011123-scaled.jpg\" alt=\"\" class=\"wp-image-1652\" srcset=\"https:\/\/www.mvgphoto.com\/mvg_photo\/wp-content\/uploads\/2023\/12\/Illustre_011123-scaled.jpg 2560w, https:\/\/www.mvgphoto.com\/mvg_photo\/wp-content\/uploads\/2023\/12\/Illustre_011123-scaled-600x401.jpg 600w, https:\/\/www.mvgphoto.com\/mvg_photo\/wp-content\/uploads\/2023\/12\/Illustre_011123-300x200.jpg 300w, https:\/\/www.mvgphoto.com\/mvg_photo\/wp-content\/uploads\/2023\/12\/Illustre_011123-1024x684.jpg 1024w, https:\/\/www.mvgphoto.com\/mvg_photo\/wp-content\/uploads\/2023\/12\/Illustre_011123-768x513.jpg 768w, https:\/\/www.mvgphoto.com\/mvg_photo\/wp-content\/uploads\/2023\/12\/Illustre_011123-1536x1025.jpg 1536w, https:\/\/www.mvgphoto.com\/mvg_photo\/wp-content\/uploads\/2023\/12\/Illustre_011123-2048x1367.jpg 2048w\" sizes=\"auto, (max-width: 2560px) 100vw, 2560px\" \/><\/a><figcaption class=\"wp-element-caption\">L&#8217;Illustr\u00e9, 1.11.23<\/figcaption><\/figure><div class=\"wp-block-file\"><a href=\"https:\/\/www.mvgphoto.com\/mvg_photo\/wp-content\/uploads\/2023\/12\/LIllustre_01.1123.pdf\">LIllustre_01.1123<\/a><a href=\"https:\/\/www.mvgphoto.com\/mvg_photo\/wp-content\/uploads\/2023\/12\/LIllustre_01.1123.pdf\" class=\"wp-block-file__button wp-element-button\" download>PDF<\/a><\/div><hr class=\"wp-block-separator has-text-color has-green-color has-css-opacity has-green-background-color has-background\"\/><div class=\"wp-block-file\"><a href=\"https:\/\/www.mvgphoto.com\/mvg_photo\/wp-content\/uploads\/2023\/12\/OurTownKOMMENTARE.pdf\">OurTown- KOMMENTARE<\/a><a href=\"https:\/\/www.mvgphoto.com\/mvg_photo\/wp-content\/uploads\/2023\/12\/OurTownKOMMENTARE.pdf\" class=\"wp-block-file__button wp-element-button\" download>PDF<\/a><\/div><hr class=\"wp-block-separator has-text-color has-green-color has-css-opacity has-green-background-color has-background\"\/><p><strong>OUR TOWN Exhibition in Tblissi, Georgia<\/strong><\/p><figure class=\"wp-block-embed is-type-video is-provider-youtube wp-block-embed-youtube wp-embed-aspect-16-9 wp-has-aspect-ratio\"><div class=\"wp-block-embed__wrapper\">\n<iframe loading=\"lazy\"  id=\"_ytid_94775\"  width=\"750\" height=\"422\"  data-origwidth=\"750\" data-origheight=\"422\" src=\"https:\/\/www.youtube.com\/embed\/HZ5mI3DjF20?enablejsapi=1&#038;autoplay=0&#038;cc_load_policy=0&#038;cc_lang_pref=&#038;iv_load_policy=1&#038;loop=0&#038;modestbranding=0&#038;rel=0&#038;fs=1&#038;playsinline=0&#038;autohide=2&#038;theme=light&#038;color=red&#038;controls=1&#038;\" class=\"__youtube_prefs__  epyt-is-override  no-lazyload\" title=\"YouTube player\"  allow=\"fullscreen; accelerometer; autoplay; clipboard-write; encrypted-media; gyroscope; picture-in-picture\" allowfullscreen data-no-lazy=\"1\" data-skipgform_ajax_framebjll=\"\"><\/iframe>\n<\/div><figcaption class=\"wp-element-caption\">Our Town Exhibition History Museum Tbilisi in Georgia (country)<\/figcaption><\/figure><figure class=\"wp-block-embed is-type-video is-provider-youtube wp-block-embed-youtube wp-embed-aspect-16-9 wp-has-aspect-ratio\"><div class=\"wp-block-embed__wrapper\">\n<iframe loading=\"lazy\"  id=\"_ytid_95601\"  width=\"750\" height=\"422\"  data-origwidth=\"750\" data-origheight=\"422\" src=\"https:\/\/www.youtube.com\/embed\/skDZsVLCYL0?enablejsapi=1&#038;autoplay=0&#038;cc_load_policy=0&#038;cc_lang_pref=&#038;iv_load_policy=1&#038;loop=0&#038;modestbranding=0&#038;rel=0&#038;fs=1&#038;playsinline=0&#038;autohide=2&#038;theme=light&#038;color=red&#038;controls=1&#038;\" class=\"__youtube_prefs__  epyt-is-override  no-lazyload\" title=\"YouTube player\"  allow=\"fullscreen; accelerometer; autoplay; clipboard-write; encrypted-media; gyroscope; picture-in-picture\" allowfullscreen data-no-lazy=\"1\" data-skipgform_ajax_framebjll=\"\"><\/iframe>\n<\/div><figcaption class=\"wp-element-caption\">My photographs will never be icons&#8216; | Interview with photographer Michael von Graffenried, <strong>Steidl<\/strong><\/figcaption><\/figure><figure class=\"wp-block-image size-large\"><a href=\"https:\/\/www.mvgphoto.com\/mvg_photo\/wp-content\/uploads\/2022\/05\/flyer_our_town.jpg\"><img loading=\"lazy\" decoding=\"async\" width=\"736\" height=\"1024\" src=\"https:\/\/www.mvgphoto.com\/mvg_photo\/wp-content\/uploads\/2022\/05\/flyer_our_town-736x1024.jpg\" alt=\"\" class=\"wp-image-1492\" srcset=\"https:\/\/www.mvgphoto.com\/mvg_photo\/wp-content\/uploads\/2022\/05\/flyer_our_town-736x1024.jpg 736w, https:\/\/www.mvgphoto.com\/mvg_photo\/wp-content\/uploads\/2022\/05\/flyer_our_town-600x835.jpg 600w, https:\/\/www.mvgphoto.com\/mvg_photo\/wp-content\/uploads\/2022\/05\/flyer_our_town-216x300.jpg 216w, https:\/\/www.mvgphoto.com\/mvg_photo\/wp-content\/uploads\/2022\/05\/flyer_our_town-768x1068.jpg 768w, https:\/\/www.mvgphoto.com\/mvg_photo\/wp-content\/uploads\/2022\/05\/flyer_our_town-1104x1536.jpg 1104w, https:\/\/www.mvgphoto.com\/mvg_photo\/wp-content\/uploads\/2022\/05\/flyer_our_town.jpg 1281w\" sizes=\"auto, (max-width: 736px) 100vw, 736px\" \/><\/a><figcaption class=\"wp-element-caption\">Our Town &#8211;  <a rel=\"noreferrer noopener\" href=\"https:\/\/goo.gl\/maps\/kzgjMbpv5EwJqAiZ9\" target=\"_blank\">I. Grishashvili Tbilisi History Museum, Karvasla&nbsp;<\/a>is hosting Michael von Graffenried&#8217;s exhibition &#8222;Our Town, a Closer look at the United States today&#8220; at 8 Str. Sioni. Curated by Teona Gogichaishvili and Gregor Beltzig.<br><br><\/figcaption><\/figure><hr class=\"wp-block-separator has-text-color has-green-color has-css-opacity has-green-background-color has-background\"\/><figure class=\"wp-block-image size-large\"><a href=\"https:\/\/www.rts.ch\/play\/tv\/19h30\/video\/19h30?urn=urn:rts:video:12232113&amp;startTime=1258\"><img loading=\"lazy\" decoding=\"async\" width=\"960\" height=\"540\" src=\"https:\/\/www.mvgphoto.com\/mvg_photo\/wp-content\/uploads\/2021\/06\/960.png\" alt=\"\" class=\"wp-image-1466\" srcset=\"https:\/\/www.mvgphoto.com\/mvg_photo\/wp-content\/uploads\/2021\/06\/960.png 960w, https:\/\/www.mvgphoto.com\/mvg_photo\/wp-content\/uploads\/2021\/06\/960-600x338.png 600w, https:\/\/www.mvgphoto.com\/mvg_photo\/wp-content\/uploads\/2021\/06\/960-300x169.png 300w, https:\/\/www.mvgphoto.com\/mvg_photo\/wp-content\/uploads\/2021\/06\/960-768x432.png 768w\" sizes=\"auto, (max-width: 960px) 100vw, 960px\" \/><\/a><figcaption class=\"wp-element-caption\">RTS le 19.30, 27.05.2021<\/figcaption><\/figure><div class=\"wp-block-image\"><figure class=\"aligncenter size-large\"><a href=\"https:\/\/www.mvgphoto.com\/mvg_photo\/wp-content\/uploads\/2021\/06\/LeTemps_mvg_28.05.21.pdf\"><img loading=\"lazy\" decoding=\"async\" width=\"676\" height=\"1000\" src=\"https:\/\/www.mvgphoto.com\/mvg_photo\/wp-content\/uploads\/2021\/06\/LeTemps_mvg_28.05.21-1.jpg\" alt=\"\" class=\"wp-image-1459\" srcset=\"https:\/\/www.mvgphoto.com\/mvg_photo\/wp-content\/uploads\/2021\/06\/LeTemps_mvg_28.05.21-1.jpg 676w, https:\/\/www.mvgphoto.com\/mvg_photo\/wp-content\/uploads\/2021\/06\/LeTemps_mvg_28.05.21-1-600x888.jpg 600w, https:\/\/www.mvgphoto.com\/mvg_photo\/wp-content\/uploads\/2021\/06\/LeTemps_mvg_28.05.21-1-203x300.jpg 203w\" sizes=\"auto, (max-width: 676px) 100vw, 676px\" \/><\/a><figcaption class=\"wp-element-caption\">Le Temps, 28.05.2021<\/figcaption><\/figure><\/div><hr class=\"wp-block-separator has-text-color has-green-color has-css-opacity has-green-background-color has-background\"\/><p><strong>THE HUNGARIANS<\/strong><\/p><p>Der renommierte Schweizer Fotograf Michael von Graffenried hat vier Monate in Ungarn gelebt und gearbeitet. Die grossformatigen Panoramafotos sind aktuell in einer Open-Air-Fotoausstellung \u00abThe Hungarians\u00bb im Zentrum von Budapest zu sehen.<\/p><figure class=\"wp-block-image size-large\"><a href=\"https:\/\/www.youtube.com\/watch?v=UdErV4stiyM\"><img loading=\"lazy\" decoding=\"async\" width=\"1024\" height=\"576\" src=\"https:\/\/www.mvgphoto.com\/mvg_photo\/wp-content\/uploads\/2022\/05\/3sat_kulturzeit-1024x576.jpg\" alt=\"\" class=\"wp-image-1485\" srcset=\"https:\/\/www.mvgphoto.com\/mvg_photo\/wp-content\/uploads\/2022\/05\/3sat_kulturzeit-1024x576.jpg 1024w, https:\/\/www.mvgphoto.com\/mvg_photo\/wp-content\/uploads\/2022\/05\/3sat_kulturzeit-600x338.jpg 600w, https:\/\/www.mvgphoto.com\/mvg_photo\/wp-content\/uploads\/2022\/05\/3sat_kulturzeit-300x169.jpg 300w, https:\/\/www.mvgphoto.com\/mvg_photo\/wp-content\/uploads\/2022\/05\/3sat_kulturzeit-768x432.jpg 768w, https:\/\/www.mvgphoto.com\/mvg_photo\/wp-content\/uploads\/2022\/05\/3sat_kulturzeit-1536x864.jpg 1536w, https:\/\/www.mvgphoto.com\/mvg_photo\/wp-content\/uploads\/2022\/05\/3sat_kulturzeit.jpg 1920w\" sizes=\"auto, (max-width: 1024px) 100vw, 1024px\" \/><\/a><figcaption class=\"wp-element-caption\">3sat Kulturzeit, 03.05.2022 &#8211; ab Min. 27.45 <\/figcaption><\/figure><figure class=\"wp-block-image size-large\"><a href=\"https:\/\/www.youtube.com\/watch?v=_rD5phd1lMA\"><img loading=\"lazy\" decoding=\"async\" width=\"1024\" height=\"576\" src=\"https:\/\/www.mvgphoto.com\/mvg_photo\/wp-content\/uploads\/2022\/05\/srf_mvg-1024x576.jpg\" alt=\"\" class=\"wp-image-1481\" srcset=\"https:\/\/www.mvgphoto.com\/mvg_photo\/wp-content\/uploads\/2022\/05\/srf_mvg-1024x576.jpg 1024w, https:\/\/www.mvgphoto.com\/mvg_photo\/wp-content\/uploads\/2022\/05\/srf_mvg-600x338.jpg 600w, https:\/\/www.mvgphoto.com\/mvg_photo\/wp-content\/uploads\/2022\/05\/srf_mvg-300x169.jpg 300w, https:\/\/www.mvgphoto.com\/mvg_photo\/wp-content\/uploads\/2022\/05\/srf_mvg-768x432.jpg 768w, https:\/\/www.mvgphoto.com\/mvg_photo\/wp-content\/uploads\/2022\/05\/srf_mvg-1536x864.jpg 1536w, https:\/\/www.mvgphoto.com\/mvg_photo\/wp-content\/uploads\/2022\/05\/srf_mvg.jpg 1920w\" sizes=\"auto, (max-width: 1024px) 100vw, 1024px\" \/><\/a><figcaption class=\"wp-element-caption\">SRF Tagesschau, 04.05.2022<\/figcaption><\/figure><figure class=\"wp-block-image size-large\"><a href=\"https:\/\/www.mvgphoto.com\/mvg_photo\/wp-content\/uploads\/2022\/06\/Budapest.mp3\"><img decoding=\"async\" src=\"https:\/\/www.mvgphoto.com\/mvg_photo\/wp-content\/uploads\/2022\/06\/Tilos_Radio-1024x209.jpg\" alt=\"\" class=\"wp-image-1562\"\/><\/a><\/figure><figure class=\"wp-block-audio\"><audio controls src=\"https:\/\/www.mvgphoto.com\/mvg_photo\/wp-content\/uploads\/2022\/06\/Budapest.mp3\"><\/audio><figcaption class=\"wp-element-caption\">TILOS R\u00c1DI\u00d3 90,3 \u2013 Sendung 07.05.2022<\/figcaption><\/figure><div class=\"wp-block-image\"><figure class=\"aligncenter\"><a href=\"https:\/\/www.mvgphoto.com\/?p=72 \"><img loading=\"lazy\" decoding=\"async\" width=\"2504\" height=\"1670\" src=\"https:\/\/www.mvgphoto.com\/mvg_photo\/wp-content\/uploads\/2014\/09\/Cocainelove_mvg.jpg\" alt=\"Inside Cairo im Zentrum Paul Klee\" class=\"wp-image-1264\" srcset=\"https:\/\/www.mvgphoto.com\/mvg_photo\/wp-content\/uploads\/2014\/09\/Cocainelove_mvg.jpg 2504w, https:\/\/www.mvgphoto.com\/mvg_photo\/wp-content\/uploads\/2014\/09\/Cocainelove_mvg-600x400.jpg 600w, https:\/\/www.mvgphoto.com\/mvg_photo\/wp-content\/uploads\/2014\/09\/Cocainelove_mvg-300x200.jpg 300w, https:\/\/www.mvgphoto.com\/mvg_photo\/wp-content\/uploads\/2014\/09\/Cocainelove_mvg-1024x682.jpg 1024w\" sizes=\"auto, (max-width: 2504px) 100vw, 2504px\" \/><\/a><\/figure><\/div><p>Cocaine Love on Swiss Billboards Switzerland<\/p><div class=\"wp-block-image\"><figure class=\"aligncenter\"><a href=\"https:\/\/www.mvgphoto.com\/?p=76 \"><img loading=\"lazy\" decoding=\"async\" width=\"2560\" height=\"1707\" src=\"https:\/\/www.mvgphoto.com\/mvg_photo\/wp-content\/uploads\/2014\/09\/Rooftop_Cairo_mvg.jpg\" alt=\"Graffenried Rooftop Installation in Down Town Cairo, March 23, 2007\" class=\"wp-image-1263\" srcset=\"https:\/\/www.mvgphoto.com\/mvg_photo\/wp-content\/uploads\/2014\/09\/Rooftop_Cairo_mvg.jpg 2560w, https:\/\/www.mvgphoto.com\/mvg_photo\/wp-content\/uploads\/2014\/09\/Rooftop_Cairo_mvg-600x400.jpg 600w, https:\/\/www.mvgphoto.com\/mvg_photo\/wp-content\/uploads\/2014\/09\/Rooftop_Cairo_mvg-300x200.jpg 300w, https:\/\/www.mvgphoto.com\/mvg_photo\/wp-content\/uploads\/2014\/09\/Rooftop_Cairo_mvg-1024x682.jpg 1024w\" sizes=\"auto, (max-width: 2560px) 100vw, 2560px\" \/><\/a><\/figure><\/div><p>Rooftop Downtown Cairo Egypt<\/p><div class=\"wp-block-image\"><figure class=\"aligncenter\"><a href=\"https:\/\/www.mvgphoto.com\/?p=84\"><img loading=\"lazy\" decoding=\"async\" width=\"2560\" height=\"1707\" src=\"https:\/\/www.mvgphoto.com\/mvg_photo\/wp-content\/uploads\/2014\/09\/Varanasi_mvg.jpg\" alt=\"Billboards\" class=\"wp-image-1262\" srcset=\"https:\/\/www.mvgphoto.com\/mvg_photo\/wp-content\/uploads\/2014\/09\/Varanasi_mvg.jpg 2560w, https:\/\/www.mvgphoto.com\/mvg_photo\/wp-content\/uploads\/2014\/09\/Varanasi_mvg-600x400.jpg 600w, https:\/\/www.mvgphoto.com\/mvg_photo\/wp-content\/uploads\/2014\/09\/Varanasi_mvg-300x200.jpg 300w, https:\/\/www.mvgphoto.com\/mvg_photo\/wp-content\/uploads\/2014\/09\/Varanasi_mvg-1024x682.jpg 1024w\" sizes=\"auto, (max-width: 2560px) 100vw, 2560px\" \/><\/a><\/figure><\/div><p>Billboard Installation on Rathryata Crossing City of Varanasi India<\/p>","protected":false},"excerpt":{"rendered":"<p>Prochaine exposition \u00e0 l&#8217;ESPACE MVG Nu au Paradis Michael von GraffenriedVernissage le 16 avril 2026 entre 18h et 21h Exposition: Du 16 avril au 4 juillet, 2026Commissariat : Natasha Guy\u00a0\u00a0\u00a0ESPACE MVG36 rue Falgui\u00e8re, 75015 Parisjeudi, vendredi, samedi 14h \u2013 18h \u00ab Les gens affirment collectivement leurs intentions pacifiques en se [&hellip;]<\/p>\n","protected":false},"author":1,"featured_media":1855,"parent":0,"menu_order":0,"comment_status":"closed","ping_status":"closed","template":"","meta":{"ngg_post_thumbnail":0,"_themeisle_gutenberg_block_has_review":false,"footnotes":""},"class_list":["post-1845","page","type-page","status-publish","has-post-thumbnail","hentry"],"_links":{"self":[{"href":"https:\/\/www.mvgphoto.com\/index.php?rest_route=\/wp\/v2\/pages\/1845","targetHints":{"allow":["GET"]}}],"collection":[{"href":"https:\/\/www.mvgphoto.com\/index.php?rest_route=\/wp\/v2\/pages"}],"about":[{"href":"https:\/\/www.mvgphoto.com\/index.php?rest_route=\/wp\/v2\/types\/page"}],"author":[{"embeddable":true,"href":"https:\/\/www.mvgphoto.com\/index.php?rest_route=\/wp\/v2\/users\/1"}],"replies":[{"embeddable":true,"href":"https:\/\/www.mvgphoto.com\/index.php?rest_route=%2Fwp%2Fv2%2Fcomments&post=1845"}],"version-history":[{"count":76,"href":"https:\/\/www.mvgphoto.com\/index.php?rest_route=\/wp\/v2\/pages\/1845\/revisions"}],"predecessor-version":[{"id":3211,"href":"https:\/\/www.mvgphoto.com\/index.php?rest_route=\/wp\/v2\/pages\/1845\/revisions\/3211"}],"wp:featuredmedia":[{"embeddable":true,"href":"https:\/\/www.mvgphoto.com\/index.php?rest_route=\/wp\/v2\/media\/1855"}],"wp:attachment":[{"href":"https:\/\/www.mvgphoto.com\/index.php?rest_route=%2Fwp%2Fv2%2Fmedia&parent=1845"}],"curies":[{"name":"wp","href":"https:\/\/api.w.org\/{rel}","templated":true}]}}