{"id":915,"date":"2014-11-04T22:49:43","date_gmt":"2014-11-04T20:49:43","guid":{"rendered":"http:\/\/www.mvgphoto.com\/?page_id=915"},"modified":"2024-12-19T15:54:14","modified_gmt":"2024-12-19T13:54:14","slug":"exhibitions","status":"publish","type":"page","link":"https:\/\/www.mvgphoto.com\/?page_id=915","title":{"rendered":"Shows"},"content":{"rendered":"<p class=\"has-medium-font-size\" style=\"font-style:normal;font-weight:500\">SHOWS<\/p><p class=\"has-accent-color has-text-color has-link-color wp-elements-78fac41f7cdb7a02b35d45c1134031c7\"><strong>2024<\/strong><\/p><div id=\"wp-block-themeisle-blocks-accordion-0a8976c9\" class=\"wp-block-themeisle-blocks-accordion exclusive\"><details class=\"wp-block-themeisle-blocks-accordion-item\"><summary class=\"wp-block-themeisle-blocks-accordion-item__title\"><div><strong>PARADIS NATURISTES<\/strong>, Mus\u00e9e des Civilisations Europ\u00e9enne et M\u00e9diterran\u00e9e MUCEM Marseille, France (groupe show)<\/div><\/summary><div class=\"wp-block-themeisle-blocks-accordion-item__content\"><figure class=\"wp-block-image size-large\"><a href=\"https:\/\/www.mvgphoto.com\/mvg_photo\/wp-content\/uploads\/2024\/12\/MUCEM-scaled.jpg\"><img loading=\"lazy\" decoding=\"async\" width=\"1024\" height=\"768\" src=\"https:\/\/www.mvgphoto.com\/mvg_photo\/wp-content\/uploads\/2024\/12\/MUCEM-1024x768.jpg\" alt=\"\" class=\"wp-image-2928\" srcset=\"https:\/\/www.mvgphoto.com\/mvg_photo\/wp-content\/uploads\/2024\/12\/MUCEM-1024x768.jpg 1024w, https:\/\/www.mvgphoto.com\/mvg_photo\/wp-content\/uploads\/2024\/12\/MUCEM-300x225.jpg 300w, https:\/\/www.mvgphoto.com\/mvg_photo\/wp-content\/uploads\/2024\/12\/MUCEM-768x576.jpg 768w, https:\/\/www.mvgphoto.com\/mvg_photo\/wp-content\/uploads\/2024\/12\/MUCEM-1536x1152.jpg 1536w, https:\/\/www.mvgphoto.com\/mvg_photo\/wp-content\/uploads\/2024\/12\/MUCEM-2048x1536.jpg 2048w, https:\/\/www.mvgphoto.com\/mvg_photo\/wp-content\/uploads\/2024\/12\/MUCEM-600x450.jpg 600w\" sizes=\"auto, (max-width: 1024px) 100vw, 1024px\" \/><\/a><\/figure><\/div><\/details>\n\n<details class=\"wp-block-themeisle-blocks-accordion-item\"><summary class=\"wp-block-themeisle-blocks-accordion-item__title\"><div><strong>NU AU PARADIS<\/strong>, ESPACE MVG Marseille, 18 Rue Farjon Marseille, France<\/div><\/summary><div class=\"wp-block-themeisle-blocks-accordion-item__content\"><figure class=\"wp-block-image size-large\"><a href=\"https:\/\/www.mvgphoto.com\/mvg_photo\/wp-content\/uploads\/2024\/12\/NUauParadis2.jpg\"><img loading=\"lazy\" decoding=\"async\" width=\"1024\" height=\"683\" src=\"https:\/\/www.mvgphoto.com\/mvg_photo\/wp-content\/uploads\/2024\/12\/NUauParadis2-1024x683.jpg\" alt=\"\" class=\"wp-image-2929\" srcset=\"https:\/\/www.mvgphoto.com\/mvg_photo\/wp-content\/uploads\/2024\/12\/NUauParadis2-1024x683.jpg 1024w, https:\/\/www.mvgphoto.com\/mvg_photo\/wp-content\/uploads\/2024\/12\/NUauParadis2-300x200.jpg 300w, https:\/\/www.mvgphoto.com\/mvg_photo\/wp-content\/uploads\/2024\/12\/NUauParadis2-768x512.jpg 768w, https:\/\/www.mvgphoto.com\/mvg_photo\/wp-content\/uploads\/2024\/12\/NUauParadis2-360x240.jpg 360w, https:\/\/www.mvgphoto.com\/mvg_photo\/wp-content\/uploads\/2024\/12\/NUauParadis2-600x400.jpg 600w, https:\/\/www.mvgphoto.com\/mvg_photo\/wp-content\/uploads\/2024\/12\/NUauParadis2.jpg 1197w\" sizes=\"auto, (max-width: 1024px) 100vw, 1024px\" \/><\/a><\/figure>\n\n<div style=\"height:10px\" aria-hidden=\"true\" class=\"wp-block-spacer\"><\/div>\n\n<figure class=\"wp-block-image size-large\"><a href=\"https:\/\/www.mvgphoto.com\/mvg_photo\/wp-content\/uploads\/2024\/12\/NUauParadisMarseille3.jpg\"><img loading=\"lazy\" decoding=\"async\" width=\"1024\" height=\"682\" src=\"https:\/\/www.mvgphoto.com\/mvg_photo\/wp-content\/uploads\/2024\/12\/NUauParadisMarseille3-1024x682.jpg\" alt=\"\" class=\"wp-image-2934\" srcset=\"https:\/\/www.mvgphoto.com\/mvg_photo\/wp-content\/uploads\/2024\/12\/NUauParadisMarseille3-1024x682.jpg 1024w, https:\/\/www.mvgphoto.com\/mvg_photo\/wp-content\/uploads\/2024\/12\/NUauParadisMarseille3-300x200.jpg 300w, https:\/\/www.mvgphoto.com\/mvg_photo\/wp-content\/uploads\/2024\/12\/NUauParadisMarseille3-768x512.jpg 768w, https:\/\/www.mvgphoto.com\/mvg_photo\/wp-content\/uploads\/2024\/12\/NUauParadisMarseille3-1536x1024.jpg 1536w, https:\/\/www.mvgphoto.com\/mvg_photo\/wp-content\/uploads\/2024\/12\/NUauParadisMarseille3-360x240.jpg 360w, https:\/\/www.mvgphoto.com\/mvg_photo\/wp-content\/uploads\/2024\/12\/NUauParadisMarseille3-600x400.jpg 600w, https:\/\/www.mvgphoto.com\/mvg_photo\/wp-content\/uploads\/2024\/12\/NUauParadisMarseille3.jpg 2000w\" sizes=\"auto, (max-width: 1024px) 100vw, 1024px\" \/><\/a><figcaption class=\"wp-element-caption\">Vernissage de Michael Von Graffenried :  Marseille, octobre 2024<\/figcaption><\/figure><\/div><\/details>\n\n<details class=\"wp-block-themeisle-blocks-accordion-item\"><summary class=\"wp-block-themeisle-blocks-accordion-item__title\"><div><strong>OUR TOWN &amp; ROBERT FRANK,<\/strong> ESPACE MVG Paris, 36 Rue Falgui\u00e8re, Paris<\/div><\/summary><div class=\"wp-block-themeisle-blocks-accordion-item__content\"><figure class=\"wp-block-image size-large\"><a href=\"https:\/\/www.mvgphoto.com\/mvg_photo\/wp-content\/uploads\/2024\/11\/Espace_NL3.jpg\"><img loading=\"lazy\" decoding=\"async\" width=\"1024\" height=\"683\" src=\"https:\/\/www.mvgphoto.com\/mvg_photo\/wp-content\/uploads\/2024\/11\/Espace_NL3-1024x683.jpg\" alt=\"\" class=\"wp-image-2458\" srcset=\"https:\/\/www.mvgphoto.com\/mvg_photo\/wp-content\/uploads\/2024\/11\/Espace_NL3-1024x683.jpg 1024w, https:\/\/www.mvgphoto.com\/mvg_photo\/wp-content\/uploads\/2024\/11\/Espace_NL3-600x400.jpg 600w, https:\/\/www.mvgphoto.com\/mvg_photo\/wp-content\/uploads\/2024\/11\/Espace_NL3-300x200.jpg 300w, https:\/\/www.mvgphoto.com\/mvg_photo\/wp-content\/uploads\/2024\/11\/Espace_NL3-768x512.jpg 768w, https:\/\/www.mvgphoto.com\/mvg_photo\/wp-content\/uploads\/2024\/11\/Espace_NL3-360x240.jpg 360w, https:\/\/www.mvgphoto.com\/mvg_photo\/wp-content\/uploads\/2024\/11\/Espace_NL3.jpg 1200w\" sizes=\"auto, (max-width: 1024px) 100vw, 1024px\" \/><\/a><\/figure>\n\n<div style=\"height:10px\" aria-hidden=\"true\" class=\"wp-block-spacer\"><\/div>\n\n<figure class=\"wp-block-embed is-type-video is-provider-youtube wp-block-embed-youtube wp-embed-aspect-16-9 wp-has-aspect-ratio\"><div class=\"wp-block-embed__wrapper\">\n<iframe loading=\"lazy\"  id=\"_ytid_69826\"  width=\"750\" height=\"422\"  data-origwidth=\"750\" data-origheight=\"422\" src=\"https:\/\/www.youtube.com\/embed\/lrSGVbgUg0A?enablejsapi=1&#038;autoplay=0&#038;cc_load_policy=0&#038;cc_lang_pref=&#038;iv_load_policy=1&#038;loop=0&#038;modestbranding=0&#038;rel=0&#038;fs=1&#038;playsinline=0&#038;autohide=2&#038;theme=light&#038;color=red&#038;controls=1&#038;\" class=\"__youtube_prefs__  epyt-is-override  no-lazyload\" title=\"YouTube player\"  allow=\"fullscreen; accelerometer; autoplay; clipboard-write; encrypted-media; gyroscope; picture-in-picture\" allowfullscreen data-no-lazy=\"1\" data-skipgform_ajax_framebjll=\"\"><\/iframe>\n<\/div><\/figure>\n\n<div style=\"height:10px\" aria-hidden=\"true\" class=\"wp-block-spacer\"><\/div>\n\n<p>Exposition&nbsp;<strong>OUR TOWN<\/strong><br>Un regard sur l\u2019Am\u00e9rique profonde<br>27 septembre 2024 \u2013 1 mars 2025<br><strong>Jeudi, vendredi, samedi 14 \u2013 18h<\/strong><br>36, rue Falgui\u00e8re, 75015 Paris<\/p><\/div><\/details><\/div><p class=\"has-accent-color has-text-color has-link-color wp-elements-865c3428803f636f6dab74090340c698\" style=\"font-style:normal;font-weight:300\"><strong>2023<\/strong><\/p><div id=\"wp-block-themeisle-blocks-accordion-4081eb8f\" class=\"wp-block-themeisle-blocks-accordion exclusive\"><details class=\"wp-block-themeisle-blocks-accordion-item\"><summary class=\"wp-block-themeisle-blocks-accordion-item__title\"><div><strong>OUR TOWN, Cravenarts<\/strong>, Bank of the Arts and openair exhibition at Five Points, New Bern, North Carolina<\/div><\/summary><div class=\"wp-block-themeisle-blocks-accordion-item__content\"><figure class=\"wp-block-image size-large\"><a href=\"https:\/\/www.mvgphoto.com\/mvg_photo\/wp-content\/uploads\/2024\/12\/NewBern.jpg\"><img loading=\"lazy\" decoding=\"async\" width=\"1024\" height=\"683\" src=\"https:\/\/www.mvgphoto.com\/mvg_photo\/wp-content\/uploads\/2024\/12\/NewBern-1024x683.jpg\" alt=\"\" class=\"wp-image-2946\" srcset=\"https:\/\/www.mvgphoto.com\/mvg_photo\/wp-content\/uploads\/2024\/12\/NewBern-1024x683.jpg 1024w, https:\/\/www.mvgphoto.com\/mvg_photo\/wp-content\/uploads\/2024\/12\/NewBern-300x200.jpg 300w, https:\/\/www.mvgphoto.com\/mvg_photo\/wp-content\/uploads\/2024\/12\/NewBern-768x512.jpg 768w, https:\/\/www.mvgphoto.com\/mvg_photo\/wp-content\/uploads\/2024\/12\/NewBern-1536x1024.jpg 1536w, https:\/\/www.mvgphoto.com\/mvg_photo\/wp-content\/uploads\/2024\/12\/NewBern-360x240.jpg 360w, https:\/\/www.mvgphoto.com\/mvg_photo\/wp-content\/uploads\/2024\/12\/NewBern-600x400.jpg 600w, https:\/\/www.mvgphoto.com\/mvg_photo\/wp-content\/uploads\/2024\/12\/NewBern.jpg 1599w\" sizes=\"auto, (max-width: 1024px) 100vw, 1024px\" \/><\/a><\/figure>\n\n<div style=\"height:10px\" aria-hidden=\"true\" class=\"wp-block-spacer\"><\/div>\n\n<figure class=\"wp-block-image size-large\"><a href=\"https:\/\/www.mvgphoto.com\/mvg_photo\/wp-content\/uploads\/2024\/12\/NewBern1-scaled.jpg\"><img loading=\"lazy\" decoding=\"async\" width=\"1024\" height=\"683\" src=\"https:\/\/www.mvgphoto.com\/mvg_photo\/wp-content\/uploads\/2024\/12\/NewBern1-1024x683.jpg\" alt=\"\" class=\"wp-image-2947\" srcset=\"https:\/\/www.mvgphoto.com\/mvg_photo\/wp-content\/uploads\/2024\/12\/NewBern1-1024x683.jpg 1024w, https:\/\/www.mvgphoto.com\/mvg_photo\/wp-content\/uploads\/2024\/12\/NewBern1-300x200.jpg 300w, https:\/\/www.mvgphoto.com\/mvg_photo\/wp-content\/uploads\/2024\/12\/NewBern1-768x512.jpg 768w, https:\/\/www.mvgphoto.com\/mvg_photo\/wp-content\/uploads\/2024\/12\/NewBern1-1536x1024.jpg 1536w, https:\/\/www.mvgphoto.com\/mvg_photo\/wp-content\/uploads\/2024\/12\/NewBern1-2048x1365.jpg 2048w, https:\/\/www.mvgphoto.com\/mvg_photo\/wp-content\/uploads\/2024\/12\/NewBern1-360x240.jpg 360w, https:\/\/www.mvgphoto.com\/mvg_photo\/wp-content\/uploads\/2024\/12\/NewBern1-600x400.jpg 600w\" sizes=\"auto, (max-width: 1024px) 100vw, 1024px\" \/><\/a><\/figure>\n\n<div style=\"height:10px\" aria-hidden=\"true\" class=\"wp-block-spacer\"><\/div>\n\n<figure class=\"wp-block-image size-large\"><a href=\"https:\/\/www.mvgphoto.com\/mvg_photo\/wp-content\/uploads\/2024\/12\/NewBern3-scaled.jpg\"><img loading=\"lazy\" decoding=\"async\" width=\"1024\" height=\"683\" src=\"https:\/\/www.mvgphoto.com\/mvg_photo\/wp-content\/uploads\/2024\/12\/NewBern3-1024x683.jpg\" alt=\"\" class=\"wp-image-2948\" srcset=\"https:\/\/www.mvgphoto.com\/mvg_photo\/wp-content\/uploads\/2024\/12\/NewBern3-1024x683.jpg 1024w, https:\/\/www.mvgphoto.com\/mvg_photo\/wp-content\/uploads\/2024\/12\/NewBern3-300x200.jpg 300w, https:\/\/www.mvgphoto.com\/mvg_photo\/wp-content\/uploads\/2024\/12\/NewBern3-768x512.jpg 768w, https:\/\/www.mvgphoto.com\/mvg_photo\/wp-content\/uploads\/2024\/12\/NewBern3-1536x1024.jpg 1536w, https:\/\/www.mvgphoto.com\/mvg_photo\/wp-content\/uploads\/2024\/12\/NewBern3-2048x1365.jpg 2048w, https:\/\/www.mvgphoto.com\/mvg_photo\/wp-content\/uploads\/2024\/12\/NewBern3-360x240.jpg 360w, https:\/\/www.mvgphoto.com\/mvg_photo\/wp-content\/uploads\/2024\/12\/NewBern3-600x400.jpg 600w\" sizes=\"auto, (max-width: 1024px) 100vw, 1024px\" \/><\/a><\/figure>\n\n<div style=\"height:10px\" aria-hidden=\"true\" class=\"wp-block-spacer\"><\/div>\n\n<figure class=\"wp-block-image size-large\"><a href=\"https:\/\/www.mvgphoto.com\/mvg_photo\/wp-content\/uploads\/2024\/12\/NewBern2.jpg\"><img loading=\"lazy\" decoding=\"async\" width=\"1024\" height=\"584\" src=\"https:\/\/www.mvgphoto.com\/mvg_photo\/wp-content\/uploads\/2024\/12\/NewBern2-1024x584.jpg\" alt=\"\" class=\"wp-image-2949\" srcset=\"https:\/\/www.mvgphoto.com\/mvg_photo\/wp-content\/uploads\/2024\/12\/NewBern2-1024x584.jpg 1024w, https:\/\/www.mvgphoto.com\/mvg_photo\/wp-content\/uploads\/2024\/12\/NewBern2-300x171.jpg 300w, https:\/\/www.mvgphoto.com\/mvg_photo\/wp-content\/uploads\/2024\/12\/NewBern2-768x438.jpg 768w, https:\/\/www.mvgphoto.com\/mvg_photo\/wp-content\/uploads\/2024\/12\/NewBern2-1536x876.jpg 1536w, https:\/\/www.mvgphoto.com\/mvg_photo\/wp-content\/uploads\/2024\/12\/NewBern2-2048x1167.jpg 2048w, https:\/\/www.mvgphoto.com\/mvg_photo\/wp-content\/uploads\/2024\/12\/NewBern2-600x342.jpg 600w\" sizes=\"auto, (max-width: 1024px) 100vw, 1024px\" \/><\/a><\/figure><\/div><\/details><\/div><p style=\"font-style:normal;font-weight:300\"><strong>OUR TOWN,<\/strong> Nuit de la Photo, La Chaux-de-Fonds, Switzerland<\/p><p class=\"has-accent-color has-text-color has-link-color wp-elements-dcac14f8410ec5ae9ed06f294c9fd4a1\" style=\"font-style:normal;font-weight:300\"><strong>2022<\/strong><\/p><div id=\"wp-block-themeisle-blocks-accordion-a2a18648\" class=\"wp-block-themeisle-blocks-accordion exclusive\"><details class=\"wp-block-themeisle-blocks-accordion-item\"><summary class=\"wp-block-themeisle-blocks-accordion-item__title\"><div><strong>THE HUNGARIANS,<\/strong> public billboards, Deak Ferenc Square, Budapest<\/div><\/summary><div class=\"wp-block-themeisle-blocks-accordion-item__content\"><p>Der renommierte Schweizer Fotograf Michael von Graffenried hat vier Monate in Ungarn gelebt und gearbeitet. Die grossformatigen Panoramafotos sind aktuell in einer Open-Air-Fotoausstellung \u00abThe Hungarians\u00bb im Zentrum von Budapest zu sehen.<\/p>\n\n<figure class=\"wp-block-embed is-type-video is-provider-youtube wp-block-embed-youtube wp-embed-aspect-16-9 wp-has-aspect-ratio\"><div class=\"wp-block-embed__wrapper\">\n<iframe loading=\"lazy\"  id=\"_ytid_68084\"  width=\"750\" height=\"422\"  data-origwidth=\"750\" data-origheight=\"422\" src=\"https:\/\/www.youtube.com\/embed\/UdErV4stiyM?enablejsapi=1&#038;autoplay=0&#038;cc_load_policy=0&#038;cc_lang_pref=&#038;iv_load_policy=1&#038;loop=0&#038;modestbranding=0&#038;rel=0&#038;fs=1&#038;playsinline=0&#038;autohide=2&#038;theme=light&#038;color=red&#038;controls=1&#038;\" class=\"__youtube_prefs__  epyt-is-override  no-lazyload\" title=\"YouTube player\"  allow=\"fullscreen; accelerometer; autoplay; clipboard-write; encrypted-media; gyroscope; picture-in-picture\" allowfullscreen data-no-lazy=\"1\" data-skipgform_ajax_framebjll=\"\"><\/iframe>\n<\/div><figcaption class=\"wp-element-caption\"><sup>3sat Kulturzeit, 03.05.2022 \u2013 ab Min. 27.45<\/sup><\/figcaption><\/figure>\n\n<figure class=\"wp-block-embed is-type-video is-provider-youtube wp-block-embed-youtube wp-embed-aspect-16-9 wp-has-aspect-ratio\"><div class=\"wp-block-embed__wrapper\">\n<iframe loading=\"lazy\"  id=\"_ytid_97404\"  width=\"750\" height=\"422\"  data-origwidth=\"750\" data-origheight=\"422\" src=\"https:\/\/www.youtube.com\/embed\/_rD5phd1lMA?enablejsapi=1&#038;autoplay=0&#038;cc_load_policy=0&#038;cc_lang_pref=&#038;iv_load_policy=1&#038;loop=0&#038;modestbranding=0&#038;rel=0&#038;fs=1&#038;playsinline=0&#038;autohide=2&#038;theme=light&#038;color=red&#038;controls=1&#038;\" class=\"__youtube_prefs__  epyt-is-override  no-lazyload\" title=\"YouTube player\"  allow=\"fullscreen; accelerometer; autoplay; clipboard-write; encrypted-media; gyroscope; picture-in-picture\" allowfullscreen data-no-lazy=\"1\" data-skipgform_ajax_framebjll=\"\"><\/iframe>\n<\/div><figcaption class=\"wp-element-caption\"><sup>SRF Tagesschau, 04.05.2022<\/sup><\/figcaption><\/figure>\n\n<figure class=\"wp-block-audio\"><audio controls src=\"https:\/\/www.mvgphoto.com\/mvg_photo\/wp-content\/uploads\/2022\/06\/Budapest.mp3\"><\/audio><figcaption class=\"wp-element-caption\"><sup>TILOS R\u00c1DI\u00d3 90,3 \u2013 Sendung 07.05.2022<\/sup><\/figcaption><\/figure><\/div><\/details><\/div><p style=\"font-style:normal;font-weight:300\"><strong>MOUVEMENTS,<\/strong> Exposition permanente, Mus\u00e9e d\u2019Arts et d\u2019Histoire, Neuch\u00e2tel Switzerland<\/p><p class=\"has-accent-color has-text-color has-link-color wp-elements-b3f4bfb9168669cb14771a9f9e5c3b16\"><strong>2021<\/strong><\/p><p style=\"font-style:normal;font-weight:300\"><strong>OUR TOWN, ESPACE MVG<\/strong>, Rue Marguerite Dellenbach 3, Gen\u00e8ve&nbsp;<\/p><div id=\"wp-block-themeisle-blocks-accordion-26c5223b\" class=\"wp-block-themeisle-blocks-accordion exclusive\"><details class=\"wp-block-themeisle-blocks-accordion-item\"><summary class=\"wp-block-themeisle-blocks-accordion-item__title\"><div><strong>OUR TOWN,<\/strong> Photo London<\/div><\/summary><div class=\"wp-block-themeisle-blocks-accordion-item__content\"><figure class=\"wp-block-image size-large\"><a href=\"https:\/\/www.mvgphoto.com\/mvg_photo\/wp-content\/uploads\/2024\/12\/PhotoLondon1.jpg\"><img loading=\"lazy\" decoding=\"async\" width=\"1024\" height=\"683\" src=\"https:\/\/www.mvgphoto.com\/mvg_photo\/wp-content\/uploads\/2024\/12\/PhotoLondon1-1024x683.jpg\" alt=\"\" class=\"wp-image-3051\" srcset=\"https:\/\/www.mvgphoto.com\/mvg_photo\/wp-content\/uploads\/2024\/12\/PhotoLondon1-1024x683.jpg 1024w, https:\/\/www.mvgphoto.com\/mvg_photo\/wp-content\/uploads\/2024\/12\/PhotoLondon1-300x200.jpg 300w, https:\/\/www.mvgphoto.com\/mvg_photo\/wp-content\/uploads\/2024\/12\/PhotoLondon1-768x512.jpg 768w, https:\/\/www.mvgphoto.com\/mvg_photo\/wp-content\/uploads\/2024\/12\/PhotoLondon1-1536x1024.jpg 1536w, https:\/\/www.mvgphoto.com\/mvg_photo\/wp-content\/uploads\/2024\/12\/PhotoLondon1-2048x1366.jpg 2048w, https:\/\/www.mvgphoto.com\/mvg_photo\/wp-content\/uploads\/2024\/12\/PhotoLondon1-360x240.jpg 360w, https:\/\/www.mvgphoto.com\/mvg_photo\/wp-content\/uploads\/2024\/12\/PhotoLondon1-600x400.jpg 600w\" sizes=\"auto, (max-width: 1024px) 100vw, 1024px\" \/><\/a><\/figure>\n\n<div style=\"height:10px\" aria-hidden=\"true\" class=\"wp-block-spacer\"><\/div>\n\n<figure class=\"wp-block-image size-large\"><a href=\"https:\/\/www.mvgphoto.com\/mvg_photo\/wp-content\/uploads\/2024\/12\/PhotoLondon2-scaled.jpg\"><img loading=\"lazy\" decoding=\"async\" width=\"1024\" height=\"683\" src=\"https:\/\/www.mvgphoto.com\/mvg_photo\/wp-content\/uploads\/2024\/12\/PhotoLondon2-1024x683.jpg\" alt=\"\" class=\"wp-image-3052\" srcset=\"https:\/\/www.mvgphoto.com\/mvg_photo\/wp-content\/uploads\/2024\/12\/PhotoLondon2-1024x683.jpg 1024w, https:\/\/www.mvgphoto.com\/mvg_photo\/wp-content\/uploads\/2024\/12\/PhotoLondon2-300x200.jpg 300w, https:\/\/www.mvgphoto.com\/mvg_photo\/wp-content\/uploads\/2024\/12\/PhotoLondon2-768x512.jpg 768w, https:\/\/www.mvgphoto.com\/mvg_photo\/wp-content\/uploads\/2024\/12\/PhotoLondon2-1536x1024.jpg 1536w, https:\/\/www.mvgphoto.com\/mvg_photo\/wp-content\/uploads\/2024\/12\/PhotoLondon2-2048x1366.jpg 2048w, https:\/\/www.mvgphoto.com\/mvg_photo\/wp-content\/uploads\/2024\/12\/PhotoLondon2-360x240.jpg 360w, https:\/\/www.mvgphoto.com\/mvg_photo\/wp-content\/uploads\/2024\/12\/PhotoLondon2-600x400.jpg 600w\" sizes=\"auto, (max-width: 1024px) 100vw, 1024px\" \/><\/a><\/figure>\n\n<div style=\"height:10px\" aria-hidden=\"true\" class=\"wp-block-spacer\"><\/div>\n\n<figure class=\"wp-block-image size-large\"><a href=\"https:\/\/www.mvgphoto.com\/mvg_photo\/wp-content\/uploads\/2024\/12\/PhotoLondon3.jpg\"><img loading=\"lazy\" decoding=\"async\" width=\"1024\" height=\"1024\" src=\"https:\/\/www.mvgphoto.com\/mvg_photo\/wp-content\/uploads\/2024\/12\/PhotoLondon3-1024x1024.jpg\" alt=\"\" class=\"wp-image-3053\" srcset=\"https:\/\/www.mvgphoto.com\/mvg_photo\/wp-content\/uploads\/2024\/12\/PhotoLondon3-1024x1024.jpg 1024w, https:\/\/www.mvgphoto.com\/mvg_photo\/wp-content\/uploads\/2024\/12\/PhotoLondon3-300x300.jpg 300w, https:\/\/www.mvgphoto.com\/mvg_photo\/wp-content\/uploads\/2024\/12\/PhotoLondon3-150x150.jpg 150w, https:\/\/www.mvgphoto.com\/mvg_photo\/wp-content\/uploads\/2024\/12\/PhotoLondon3-768x768.jpg 768w, https:\/\/www.mvgphoto.com\/mvg_photo\/wp-content\/uploads\/2024\/12\/PhotoLondon3-1536x1536.jpg 1536w, https:\/\/www.mvgphoto.com\/mvg_photo\/wp-content\/uploads\/2024\/12\/PhotoLondon3-2048x2048.jpg 2048w, https:\/\/www.mvgphoto.com\/mvg_photo\/wp-content\/uploads\/2024\/12\/PhotoLondon3-600x600.jpg 600w, https:\/\/www.mvgphoto.com\/mvg_photo\/wp-content\/uploads\/2024\/12\/PhotoLondon3-160x160.jpg 160w\" sizes=\"auto, (max-width: 1024px) 100vw, 1024px\" \/><\/a><\/figure><\/div><\/details><\/div><p class=\"has-accent-color has-text-color has-link-color wp-elements-d5dcddb4ab6bbc81181d05a589fb3cc6\"><strong>2019<\/strong><\/p><p style=\"font-style:normal;font-weight:300\"><strong>Algeria Vintage,<\/strong> Photo London Fair<\/p><p class=\"has-accent-color has-text-color has-link-color wp-elements-716e4a24bd8c74790b07c184a17c3c2d\" style=\"font-style:normal;font-weight:300\"><strong>2016<\/strong><\/p><div id=\"wp-block-themeisle-blocks-accordion-2838beac\" class=\"wp-block-themeisle-blocks-accordion exclusive\"><details class=\"wp-block-themeisle-blocks-accordion-item\"><summary class=\"wp-block-themeisle-blocks-accordion-item__title\"><div><strong>CHANGING RIO,<\/strong> Galerie Esther Wordehoff Paris<\/div><\/summary><div class=\"wp-block-themeisle-blocks-accordion-item__content\"><figure class=\"wp-block-image size-large\"><a href=\"https:\/\/www.mvgphoto.com\/mvg_photo\/wp-content\/uploads\/2024\/12\/ChangingRioParis-scaled.jpg\"><img loading=\"lazy\" decoding=\"async\" width=\"1024\" height=\"683\" src=\"https:\/\/www.mvgphoto.com\/mvg_photo\/wp-content\/uploads\/2024\/12\/ChangingRioParis-1024x683.jpg\" alt=\"\" class=\"wp-image-3007\" srcset=\"https:\/\/www.mvgphoto.com\/mvg_photo\/wp-content\/uploads\/2024\/12\/ChangingRioParis-1024x683.jpg 1024w, https:\/\/www.mvgphoto.com\/mvg_photo\/wp-content\/uploads\/2024\/12\/ChangingRioParis-300x200.jpg 300w, https:\/\/www.mvgphoto.com\/mvg_photo\/wp-content\/uploads\/2024\/12\/ChangingRioParis-768x512.jpg 768w, https:\/\/www.mvgphoto.com\/mvg_photo\/wp-content\/uploads\/2024\/12\/ChangingRioParis-1536x1024.jpg 1536w, https:\/\/www.mvgphoto.com\/mvg_photo\/wp-content\/uploads\/2024\/12\/ChangingRioParis-2048x1365.jpg 2048w, https:\/\/www.mvgphoto.com\/mvg_photo\/wp-content\/uploads\/2024\/12\/ChangingRioParis-360x240.jpg 360w, https:\/\/www.mvgphoto.com\/mvg_photo\/wp-content\/uploads\/2024\/12\/ChangingRioParis-600x400.jpg 600w\" sizes=\"auto, (max-width: 1024px) 100vw, 1024px\" \/><\/a><\/figure>\n\n<div style=\"height:10px\" aria-hidden=\"true\" class=\"wp-block-spacer\"><\/div>\n\n<figure class=\"wp-block-image size-large\"><a href=\"https:\/\/www.mvgphoto.com\/mvg_photo\/wp-content\/uploads\/2024\/12\/ChangingRioParis2-scaled.jpg\"><img loading=\"lazy\" decoding=\"async\" width=\"1024\" height=\"683\" src=\"https:\/\/www.mvgphoto.com\/mvg_photo\/wp-content\/uploads\/2024\/12\/ChangingRioParis2-1024x683.jpg\" alt=\"\" class=\"wp-image-3008\" srcset=\"https:\/\/www.mvgphoto.com\/mvg_photo\/wp-content\/uploads\/2024\/12\/ChangingRioParis2-1024x683.jpg 1024w, https:\/\/www.mvgphoto.com\/mvg_photo\/wp-content\/uploads\/2024\/12\/ChangingRioParis2-300x200.jpg 300w, https:\/\/www.mvgphoto.com\/mvg_photo\/wp-content\/uploads\/2024\/12\/ChangingRioParis2-768x512.jpg 768w, https:\/\/www.mvgphoto.com\/mvg_photo\/wp-content\/uploads\/2024\/12\/ChangingRioParis2-1536x1024.jpg 1536w, https:\/\/www.mvgphoto.com\/mvg_photo\/wp-content\/uploads\/2024\/12\/ChangingRioParis2-2048x1365.jpg 2048w, https:\/\/www.mvgphoto.com\/mvg_photo\/wp-content\/uploads\/2024\/12\/ChangingRioParis2-360x240.jpg 360w, https:\/\/www.mvgphoto.com\/mvg_photo\/wp-content\/uploads\/2024\/12\/ChangingRioParis2-600x400.jpg 600w\" sizes=\"auto, (max-width: 1024px) 100vw, 1024px\" \/><\/a><\/figure>\n\n<div style=\"height:10px\" aria-hidden=\"true\" class=\"wp-block-spacer\"><\/div>\n\n<p><a href=\"https:\/\/www.rts.ch\/info\/culture\/arts-visuels\/7858147-le-photographe-michael-von-graffenried-consacre-une-exposition-a-rio.html\">https:\/\/www.rts.ch\/info\/culture\/arts-visuels\/7858147-le-photographe-michael-von-graffenried-consacre-une-exposition-a-rio.html<\/a><\/p><\/div><\/details><\/div><p style=\"font-style:normal;font-weight:300\"><strong>CHANGING RIO<\/strong>, Nuit de la Photo, La Chaux-de-Fonds<\/p><p class=\"has-accent-color has-text-color has-link-color wp-elements-0eabae9cff61a9b0efb0bac31172e0b5\"><strong>2014<\/strong><\/p><div id=\"wp-block-themeisle-blocks-accordion-c99faa83\" class=\"wp-block-themeisle-blocks-accordion exclusive\"><details class=\"wp-block-themeisle-blocks-accordion-item\"><summary class=\"wp-block-themeisle-blocks-accordion-item__title\"><div><strong>TED TALK,<\/strong> Museum for Modern and Contemporary Art MAMA, Algiers<\/div><\/summary><div class=\"wp-block-themeisle-blocks-accordion-item__content\"><figure class=\"wp-block-embed is-type-video is-provider-youtube wp-block-embed-youtube wp-embed-aspect-16-9 wp-has-aspect-ratio\"><div class=\"wp-block-embed__wrapper\">\n<iframe loading=\"lazy\"  id=\"_ytid_65228\"  width=\"750\" height=\"422\"  data-origwidth=\"750\" data-origheight=\"422\" src=\"https:\/\/www.youtube.com\/embed\/yRlQsyv3iTw?enablejsapi=1&#038;autoplay=0&#038;cc_load_policy=0&#038;cc_lang_pref=&#038;iv_load_policy=1&#038;loop=0&#038;modestbranding=0&#038;rel=0&#038;fs=1&#038;playsinline=0&#038;autohide=2&#038;theme=light&#038;color=red&#038;controls=1&#038;\" class=\"__youtube_prefs__  epyt-is-override  no-lazyload\" title=\"YouTube player\"  allow=\"fullscreen; accelerometer; autoplay; clipboard-write; encrypted-media; gyroscope; picture-in-picture\" allowfullscreen data-no-lazy=\"1\" data-skipgform_ajax_framebjll=\"\"><\/iframe>\n<\/div><\/figure><\/div><\/details><\/div><p style=\"font-style:normal;font-weight:300\"><strong>CHANIGING RIO,<\/strong> Club 44, La Chaux-de-Fonds, Switzerland<\/p><p style=\"font-style:normal;font-weight:300\"><strong>Robert Frank and me,<\/strong> Club 44, La Chaux-de-Fonds, Switzerland<\/p><p style=\"font-style:normal;font-weight:300\"><strong>Drive In<\/strong> (en collaboration avec la Galerie Esther Woerdehoff), Galerija Fotografija, Ljubljana, Slovenia<\/p><p class=\"has-accent-color has-text-color has-link-color wp-elements-2fd5f77d8c8220887bb1184d0dd99e3a\"><strong>2012<\/strong><\/p><div id=\"wp-block-themeisle-blocks-accordion-c4709b2e\" class=\"wp-block-themeisle-blocks-accordion exclusive\"><details class=\"wp-block-themeisle-blocks-accordion-item\"><summary class=\"wp-block-themeisle-blocks-accordion-item__title\"><div><strong>SHOREDITCH STORIES,<\/strong> Shoreditch Park Surgery, London<\/div><\/summary><div class=\"wp-block-themeisle-blocks-accordion-item__content\"><figure class=\"wp-block-embed is-type-video is-provider-youtube wp-block-embed-youtube wp-embed-aspect-16-9 wp-has-aspect-ratio\"><div class=\"wp-block-embed__wrapper\">\n<iframe loading=\"lazy\"  id=\"_ytid_89685\"  width=\"750\" height=\"422\"  data-origwidth=\"750\" data-origheight=\"422\" src=\"https:\/\/www.youtube.com\/embed\/-yzSk7-C7N8?enablejsapi=1&#038;autoplay=0&#038;cc_load_policy=0&#038;cc_lang_pref=&#038;iv_load_policy=1&#038;loop=0&#038;modestbranding=0&#038;rel=0&#038;fs=1&#038;playsinline=0&#038;autohide=2&#038;theme=light&#038;color=red&#038;controls=1&#038;\" class=\"__youtube_prefs__  epyt-is-override  no-lazyload\" title=\"YouTube player\"  allow=\"fullscreen; accelerometer; autoplay; clipboard-write; encrypted-media; gyroscope; picture-in-picture\" allowfullscreen data-no-lazy=\"1\" data-skipgform_ajax_framebjll=\"\"><\/iframe>\n<\/div><\/figure>\n\n<p><sup>Photographer Michael von Graffenried shot with his panoramic camera the people in their homes. They are all patients of Shoreditch Park Surgery in Hackney London. A collaboration of medicine and art.<\/sup><\/p>\n\n<figure class=\"wp-block-image size-large\"><a href=\"https:\/\/www.mvgphoto.com\/mvg_photo\/wp-content\/uploads\/2024\/12\/ShoredichStories-scaled.jpg\"><img loading=\"lazy\" decoding=\"async\" width=\"1024\" height=\"683\" src=\"https:\/\/www.mvgphoto.com\/mvg_photo\/wp-content\/uploads\/2024\/12\/ShoredichStories-1024x683.jpg\" alt=\"\" class=\"wp-image-3013\" srcset=\"https:\/\/www.mvgphoto.com\/mvg_photo\/wp-content\/uploads\/2024\/12\/ShoredichStories-1024x683.jpg 1024w, https:\/\/www.mvgphoto.com\/mvg_photo\/wp-content\/uploads\/2024\/12\/ShoredichStories-300x200.jpg 300w, https:\/\/www.mvgphoto.com\/mvg_photo\/wp-content\/uploads\/2024\/12\/ShoredichStories-768x512.jpg 768w, https:\/\/www.mvgphoto.com\/mvg_photo\/wp-content\/uploads\/2024\/12\/ShoredichStories-1536x1024.jpg 1536w, https:\/\/www.mvgphoto.com\/mvg_photo\/wp-content\/uploads\/2024\/12\/ShoredichStories-2048x1365.jpg 2048w, https:\/\/www.mvgphoto.com\/mvg_photo\/wp-content\/uploads\/2024\/12\/ShoredichStories-360x240.jpg 360w, https:\/\/www.mvgphoto.com\/mvg_photo\/wp-content\/uploads\/2024\/12\/ShoredichStories-600x400.jpg 600w\" sizes=\"auto, (max-width: 1024px) 100vw, 1024px\" \/><\/a><\/figure><\/div><\/details>\n\n<details class=\"wp-block-themeisle-blocks-accordion-item\"><summary class=\"wp-block-themeisle-blocks-accordion-item__title\"><div><strong>SHOREDITCH STORIES,<\/strong> Royal College of General Practitioners (Opening with Prince Philip) London<\/div><\/summary><div class=\"wp-block-themeisle-blocks-accordion-item__content\"><figure class=\"wp-block-image size-large\"><a href=\"https:\/\/www.mvgphoto.com\/mvg_photo\/wp-content\/uploads\/2024\/12\/RoyalCollege_PrinzPhilippe-scaled.jpg\"><img loading=\"lazy\" decoding=\"async\" width=\"1024\" height=\"683\" src=\"https:\/\/www.mvgphoto.com\/mvg_photo\/wp-content\/uploads\/2024\/12\/RoyalCollege_PrinzPhilippe-1024x683.jpg\" alt=\"\" class=\"wp-image-3015\" srcset=\"https:\/\/www.mvgphoto.com\/mvg_photo\/wp-content\/uploads\/2024\/12\/RoyalCollege_PrinzPhilippe-1024x683.jpg 1024w, https:\/\/www.mvgphoto.com\/mvg_photo\/wp-content\/uploads\/2024\/12\/RoyalCollege_PrinzPhilippe-300x200.jpg 300w, https:\/\/www.mvgphoto.com\/mvg_photo\/wp-content\/uploads\/2024\/12\/RoyalCollege_PrinzPhilippe-768x512.jpg 768w, https:\/\/www.mvgphoto.com\/mvg_photo\/wp-content\/uploads\/2024\/12\/RoyalCollege_PrinzPhilippe-1536x1024.jpg 1536w, https:\/\/www.mvgphoto.com\/mvg_photo\/wp-content\/uploads\/2024\/12\/RoyalCollege_PrinzPhilippe-2048x1365.jpg 2048w, https:\/\/www.mvgphoto.com\/mvg_photo\/wp-content\/uploads\/2024\/12\/RoyalCollege_PrinzPhilippe-360x240.jpg 360w, https:\/\/www.mvgphoto.com\/mvg_photo\/wp-content\/uploads\/2024\/12\/RoyalCollege_PrinzPhilippe-600x400.jpg 600w\" sizes=\"auto, (max-width: 1024px) 100vw, 1024px\" \/><\/a><\/figure><\/div><\/details>\n\n<details class=\"wp-block-themeisle-blocks-accordion-item\"><summary class=\"wp-block-themeisle-blocks-accordion-item__title\"><div><strong>ON THE EDGE,<\/strong> Varanasi, India<\/div><\/summary><div class=\"wp-block-themeisle-blocks-accordion-item__content\"><figure class=\"wp-block-embed is-type-video is-provider-youtube wp-block-embed-youtube wp-embed-aspect-16-9 wp-has-aspect-ratio\"><div class=\"wp-block-embed__wrapper\">\n<iframe loading=\"lazy\"  id=\"_ytid_13365\"  width=\"750\" height=\"422\"  data-origwidth=\"750\" data-origheight=\"422\" src=\"https:\/\/www.youtube.com\/embed\/KTnw021A9lc?enablejsapi=1&#038;autoplay=0&#038;cc_load_policy=0&#038;cc_lang_pref=&#038;iv_load_policy=1&#038;loop=0&#038;modestbranding=0&#038;rel=0&#038;fs=1&#038;playsinline=0&#038;autohide=2&#038;theme=light&#038;color=red&#038;controls=1&#038;\" class=\"__youtube_prefs__  epyt-is-override  no-lazyload\" title=\"YouTube player\"  allow=\"fullscreen; accelerometer; autoplay; clipboard-write; encrypted-media; gyroscope; picture-in-picture\" allowfullscreen data-no-lazy=\"1\" data-skipgform_ajax_framebjll=\"\"><\/iframe>\n<\/div><figcaption class=\"wp-element-caption\"><sup>Michael von Graffenried &#8211; On the Edge &#8211; Varanasi, India 2012 Documentary Film by Mohammed Soudani<\/sup><\/figcaption><\/figure>\n\n<figure class=\"wp-block-embed is-type-video is-provider-youtube wp-block-embed-youtube wp-embed-aspect-4-3 wp-has-aspect-ratio\"><div class=\"wp-block-embed__wrapper\">\n<iframe loading=\"lazy\"  id=\"_ytid_51168\"  width=\"750\" height=\"563\"  data-origwidth=\"750\" data-origheight=\"563\" src=\"https:\/\/www.youtube.com\/embed\/poCukOqgBO0?enablejsapi=1&#038;autoplay=0&#038;cc_load_policy=0&#038;cc_lang_pref=&#038;iv_load_policy=1&#038;loop=0&#038;modestbranding=0&#038;rel=0&#038;fs=1&#038;playsinline=0&#038;autohide=2&#038;theme=light&#038;color=red&#038;controls=1&#038;\" class=\"__youtube_prefs__  epyt-is-override  no-lazyload\" title=\"YouTube player\"  allow=\"fullscreen; accelerometer; autoplay; clipboard-write; encrypted-media; gyroscope; picture-in-picture\" allowfullscreen data-no-lazy=\"1\" data-skipgform_ajax_framebjll=\"\"><\/iframe>\n<\/div><figcaption class=\"wp-element-caption\"><sup>On the Edge in the seven o&#8217;clock news Channel Den Kashi, December 1, 2012 (in Hindi language)<\/sup><\/figcaption><\/figure>\n\n<figure class=\"wp-block-image size-large\"><a href=\"https:\/\/www.mvgphoto.com\/mvg_photo\/wp-content\/uploads\/2014\/09\/Varanasi_mvg.jpg\"><img loading=\"lazy\" decoding=\"async\" width=\"1024\" height=\"682\" src=\"https:\/\/www.mvgphoto.com\/mvg_photo\/wp-content\/uploads\/2014\/09\/Varanasi_mvg-1024x682.jpg\" alt=\"\" class=\"wp-image-1262\" srcset=\"https:\/\/www.mvgphoto.com\/mvg_photo\/wp-content\/uploads\/2014\/09\/Varanasi_mvg-1024x682.jpg 1024w, https:\/\/www.mvgphoto.com\/mvg_photo\/wp-content\/uploads\/2014\/09\/Varanasi_mvg-600x400.jpg 600w, https:\/\/www.mvgphoto.com\/mvg_photo\/wp-content\/uploads\/2014\/09\/Varanasi_mvg-300x200.jpg 300w\" sizes=\"auto, (max-width: 1024px) 100vw, 1024px\" \/><\/a><\/figure>\n\n<div style=\"height:10px\" aria-hidden=\"true\" class=\"wp-block-spacer\"><\/div>\n\n<figure class=\"wp-block-image size-large\"><a href=\"https:\/\/www.mvgphoto.com\/mvg_photo\/wp-content\/uploads\/2014\/10\/on_the_edge_H.jpg\"><img loading=\"lazy\" decoding=\"async\" width=\"1024\" height=\"422\" src=\"https:\/\/www.mvgphoto.com\/mvg_photo\/wp-content\/uploads\/2014\/10\/on_the_edge_H-1024x422.jpg\" alt=\"\" class=\"wp-image-112\" srcset=\"https:\/\/www.mvgphoto.com\/mvg_photo\/wp-content\/uploads\/2014\/10\/on_the_edge_H-1024x422.jpg 1024w, https:\/\/www.mvgphoto.com\/mvg_photo\/wp-content\/uploads\/2014\/10\/on_the_edge_H-600x247.jpg 600w, https:\/\/www.mvgphoto.com\/mvg_photo\/wp-content\/uploads\/2014\/10\/on_the_edge_H-300x123.jpg 300w, https:\/\/www.mvgphoto.com\/mvg_photo\/wp-content\/uploads\/2014\/10\/on_the_edge_H.jpg 1400w\" sizes=\"auto, (max-width: 1024px) 100vw, 1024px\" \/><\/a><\/figure><\/div><\/details>\n\n<details class=\"wp-block-themeisle-blocks-accordion-item\"><summary class=\"wp-block-themeisle-blocks-accordion-item__title\"><div><strong>INSIDE CAIRO,<\/strong> Parker\u2019s Box, New York<\/div><\/summary><div class=\"wp-block-themeisle-blocks-accordion-item__content\"><figure class=\"wp-block-image size-large\"><a href=\"https:\/\/www.mvgphoto.com\/mvg_photo\/wp-content\/uploads\/2024\/12\/ParkersBox1-scaled.jpg\"><img loading=\"lazy\" decoding=\"async\" width=\"1024\" height=\"683\" src=\"https:\/\/www.mvgphoto.com\/mvg_photo\/wp-content\/uploads\/2024\/12\/ParkersBox1-1024x683.jpg\" alt=\"\" class=\"wp-image-3024\" srcset=\"https:\/\/www.mvgphoto.com\/mvg_photo\/wp-content\/uploads\/2024\/12\/ParkersBox1-1024x683.jpg 1024w, https:\/\/www.mvgphoto.com\/mvg_photo\/wp-content\/uploads\/2024\/12\/ParkersBox1-300x200.jpg 300w, https:\/\/www.mvgphoto.com\/mvg_photo\/wp-content\/uploads\/2024\/12\/ParkersBox1-768x512.jpg 768w, https:\/\/www.mvgphoto.com\/mvg_photo\/wp-content\/uploads\/2024\/12\/ParkersBox1-1536x1024.jpg 1536w, https:\/\/www.mvgphoto.com\/mvg_photo\/wp-content\/uploads\/2024\/12\/ParkersBox1-2048x1365.jpg 2048w, https:\/\/www.mvgphoto.com\/mvg_photo\/wp-content\/uploads\/2024\/12\/ParkersBox1-360x240.jpg 360w, https:\/\/www.mvgphoto.com\/mvg_photo\/wp-content\/uploads\/2024\/12\/ParkersBox1-600x400.jpg 600w\" sizes=\"auto, (max-width: 1024px) 100vw, 1024px\" \/><\/a><\/figure>\n\n<div style=\"height:10px\" aria-hidden=\"true\" class=\"wp-block-spacer\"><\/div>\n\n<figure class=\"wp-block-image size-large\"><a href=\"https:\/\/www.mvgphoto.com\/mvg_photo\/wp-content\/uploads\/2024\/12\/ParkersBox2-scaled.jpg\"><img loading=\"lazy\" decoding=\"async\" width=\"1024\" height=\"683\" src=\"https:\/\/www.mvgphoto.com\/mvg_photo\/wp-content\/uploads\/2024\/12\/ParkersBox2-1024x683.jpg\" alt=\"\" class=\"wp-image-3026\" srcset=\"https:\/\/www.mvgphoto.com\/mvg_photo\/wp-content\/uploads\/2024\/12\/ParkersBox2-1024x683.jpg 1024w, https:\/\/www.mvgphoto.com\/mvg_photo\/wp-content\/uploads\/2024\/12\/ParkersBox2-300x200.jpg 300w, https:\/\/www.mvgphoto.com\/mvg_photo\/wp-content\/uploads\/2024\/12\/ParkersBox2-768x512.jpg 768w, https:\/\/www.mvgphoto.com\/mvg_photo\/wp-content\/uploads\/2024\/12\/ParkersBox2-1536x1024.jpg 1536w, https:\/\/www.mvgphoto.com\/mvg_photo\/wp-content\/uploads\/2024\/12\/ParkersBox2-2048x1365.jpg 2048w, https:\/\/www.mvgphoto.com\/mvg_photo\/wp-content\/uploads\/2024\/12\/ParkersBox2-360x240.jpg 360w, https:\/\/www.mvgphoto.com\/mvg_photo\/wp-content\/uploads\/2024\/12\/ParkersBox2-600x400.jpg 600w\" sizes=\"auto, (max-width: 1024px) 100vw, 1024px\" \/><\/a><\/figure>\n\n<div style=\"height:10px\" aria-hidden=\"true\" class=\"wp-block-spacer\"><\/div>\n\n<figure class=\"wp-block-image size-large\"><a href=\"https:\/\/www.mvgphoto.com\/mvg_photo\/wp-content\/uploads\/2024\/12\/ParkersBox3.jpg\"><img loading=\"lazy\" decoding=\"async\" width=\"1024\" height=\"682\" src=\"https:\/\/www.mvgphoto.com\/mvg_photo\/wp-content\/uploads\/2024\/12\/ParkersBox3-1024x682.jpg\" alt=\"\" class=\"wp-image-3027\" srcset=\"https:\/\/www.mvgphoto.com\/mvg_photo\/wp-content\/uploads\/2024\/12\/ParkersBox3-1024x682.jpg 1024w, https:\/\/www.mvgphoto.com\/mvg_photo\/wp-content\/uploads\/2024\/12\/ParkersBox3-300x200.jpg 300w, https:\/\/www.mvgphoto.com\/mvg_photo\/wp-content\/uploads\/2024\/12\/ParkersBox3-768x512.jpg 768w, https:\/\/www.mvgphoto.com\/mvg_photo\/wp-content\/uploads\/2024\/12\/ParkersBox3-1536x1024.jpg 1536w, https:\/\/www.mvgphoto.com\/mvg_photo\/wp-content\/uploads\/2024\/12\/ParkersBox3-360x240.jpg 360w, https:\/\/www.mvgphoto.com\/mvg_photo\/wp-content\/uploads\/2024\/12\/ParkersBox3-600x400.jpg 600w, https:\/\/www.mvgphoto.com\/mvg_photo\/wp-content\/uploads\/2024\/12\/ParkersBox3.jpg 2000w\" sizes=\"auto, (max-width: 1024px) 100vw, 1024px\" \/><\/a><\/figure>\n\n<div style=\"height:10px\" aria-hidden=\"true\" class=\"wp-block-spacer\"><\/div>\n\n<figure class=\"wp-block-image size-large\"><a href=\"https:\/\/www.mvgphoto.com\/mvg_photo\/wp-content\/uploads\/2024\/12\/ParkersBox4.jpg\"><img loading=\"lazy\" decoding=\"async\" width=\"1024\" height=\"683\" src=\"https:\/\/www.mvgphoto.com\/mvg_photo\/wp-content\/uploads\/2024\/12\/ParkersBox4-1024x683.jpg\" alt=\"\" class=\"wp-image-3029\" srcset=\"https:\/\/www.mvgphoto.com\/mvg_photo\/wp-content\/uploads\/2024\/12\/ParkersBox4-1024x683.jpg 1024w, https:\/\/www.mvgphoto.com\/mvg_photo\/wp-content\/uploads\/2024\/12\/ParkersBox4-300x200.jpg 300w, https:\/\/www.mvgphoto.com\/mvg_photo\/wp-content\/uploads\/2024\/12\/ParkersBox4-768x512.jpg 768w, https:\/\/www.mvgphoto.com\/mvg_photo\/wp-content\/uploads\/2024\/12\/ParkersBox4-1536x1024.jpg 1536w, https:\/\/www.mvgphoto.com\/mvg_photo\/wp-content\/uploads\/2024\/12\/ParkersBox4-2048x1365.jpg 2048w, https:\/\/www.mvgphoto.com\/mvg_photo\/wp-content\/uploads\/2024\/12\/ParkersBox4-360x240.jpg 360w, https:\/\/www.mvgphoto.com\/mvg_photo\/wp-content\/uploads\/2024\/12\/ParkersBox4-600x400.jpg 600w\" sizes=\"auto, (max-width: 1024px) 100vw, 1024px\" \/><\/a><\/figure>\n\n<div style=\"height:10px\" aria-hidden=\"true\" class=\"wp-block-spacer\"><\/div>\n\n<figure class=\"wp-block-image size-large\"><a href=\"https:\/\/www.mvgphoto.com\/mvg_photo\/wp-content\/uploads\/2024\/12\/ParkersBox5-scaled.jpg\"><img loading=\"lazy\" decoding=\"async\" width=\"1024\" height=\"683\" src=\"https:\/\/www.mvgphoto.com\/mvg_photo\/wp-content\/uploads\/2024\/12\/ParkersBox5-1024x683.jpg\" alt=\"\" class=\"wp-image-3028\" srcset=\"https:\/\/www.mvgphoto.com\/mvg_photo\/wp-content\/uploads\/2024\/12\/ParkersBox5-1024x683.jpg 1024w, https:\/\/www.mvgphoto.com\/mvg_photo\/wp-content\/uploads\/2024\/12\/ParkersBox5-300x200.jpg 300w, https:\/\/www.mvgphoto.com\/mvg_photo\/wp-content\/uploads\/2024\/12\/ParkersBox5-768x512.jpg 768w, https:\/\/www.mvgphoto.com\/mvg_photo\/wp-content\/uploads\/2024\/12\/ParkersBox5-1536x1024.jpg 1536w, https:\/\/www.mvgphoto.com\/mvg_photo\/wp-content\/uploads\/2024\/12\/ParkersBox5-2048x1365.jpg 2048w, https:\/\/www.mvgphoto.com\/mvg_photo\/wp-content\/uploads\/2024\/12\/ParkersBox5-360x240.jpg 360w, https:\/\/www.mvgphoto.com\/mvg_photo\/wp-content\/uploads\/2024\/12\/ParkersBox5-600x400.jpg 600w\" sizes=\"auto, (max-width: 1024px) 100vw, 1024px\" \/><\/a><\/figure><\/div><\/details><\/div><p class=\"has-accent-color has-text-color has-link-color wp-elements-ab11784e85de54b763bc733482775a24\"><strong><strong>201<\/strong>0<\/strong><\/p><div id=\"wp-block-themeisle-blocks-accordion-1251f209\" class=\"wp-block-themeisle-blocks-accordion exclusive\"><details class=\"wp-block-themeisle-blocks-accordion-item\"><summary class=\"wp-block-themeisle-blocks-accordion-item__title\"><div><strong>Outing,<\/strong> Retrospective, Maison Europ\u00e9enne de la Photographie, Paris<\/div><\/summary><div class=\"wp-block-themeisle-blocks-accordion-item__content\"><figure class=\"wp-block-image size-large\"><a href=\"https:\/\/www.mvgphoto.com\/mvg_photo\/wp-content\/uploads\/2024\/12\/Mep1-scaled.jpg\"><img loading=\"lazy\" decoding=\"async\" width=\"1024\" height=\"683\" src=\"https:\/\/www.mvgphoto.com\/mvg_photo\/wp-content\/uploads\/2024\/12\/Mep1-1024x683.jpg\" alt=\"\" class=\"wp-image-3036\" srcset=\"https:\/\/www.mvgphoto.com\/mvg_photo\/wp-content\/uploads\/2024\/12\/Mep1-1024x683.jpg 1024w, https:\/\/www.mvgphoto.com\/mvg_photo\/wp-content\/uploads\/2024\/12\/Mep1-300x200.jpg 300w, https:\/\/www.mvgphoto.com\/mvg_photo\/wp-content\/uploads\/2024\/12\/Mep1-768x512.jpg 768w, https:\/\/www.mvgphoto.com\/mvg_photo\/wp-content\/uploads\/2024\/12\/Mep1-1536x1024.jpg 1536w, https:\/\/www.mvgphoto.com\/mvg_photo\/wp-content\/uploads\/2024\/12\/Mep1-2048x1365.jpg 2048w, https:\/\/www.mvgphoto.com\/mvg_photo\/wp-content\/uploads\/2024\/12\/Mep1-360x240.jpg 360w, https:\/\/www.mvgphoto.com\/mvg_photo\/wp-content\/uploads\/2024\/12\/Mep1-600x400.jpg 600w\" sizes=\"auto, (max-width: 1024px) 100vw, 1024px\" \/><\/a><\/figure>\n\n<div style=\"height:10px\" aria-hidden=\"true\" class=\"wp-block-spacer\"><\/div>\n\n<figure class=\"wp-block-image size-large\"><a href=\"https:\/\/www.mvgphoto.com\/mvg_photo\/wp-content\/uploads\/2024\/12\/Mep2-scaled.jpg\"><img loading=\"lazy\" decoding=\"async\" width=\"1024\" height=\"683\" src=\"https:\/\/www.mvgphoto.com\/mvg_photo\/wp-content\/uploads\/2024\/12\/Mep2-1024x683.jpg\" alt=\"\" class=\"wp-image-3037\" srcset=\"https:\/\/www.mvgphoto.com\/mvg_photo\/wp-content\/uploads\/2024\/12\/Mep2-1024x683.jpg 1024w, https:\/\/www.mvgphoto.com\/mvg_photo\/wp-content\/uploads\/2024\/12\/Mep2-300x200.jpg 300w, https:\/\/www.mvgphoto.com\/mvg_photo\/wp-content\/uploads\/2024\/12\/Mep2-768x512.jpg 768w, https:\/\/www.mvgphoto.com\/mvg_photo\/wp-content\/uploads\/2024\/12\/Mep2-1536x1024.jpg 1536w, https:\/\/www.mvgphoto.com\/mvg_photo\/wp-content\/uploads\/2024\/12\/Mep2-2048x1365.jpg 2048w, https:\/\/www.mvgphoto.com\/mvg_photo\/wp-content\/uploads\/2024\/12\/Mep2-360x240.jpg 360w, https:\/\/www.mvgphoto.com\/mvg_photo\/wp-content\/uploads\/2024\/12\/Mep2-600x400.jpg 600w\" sizes=\"auto, (max-width: 1024px) 100vw, 1024px\" \/><\/a><\/figure>\n\n<div style=\"height:10px\" aria-hidden=\"true\" class=\"wp-block-spacer\"><\/div>\n\n<figure class=\"wp-block-image size-large\"><a href=\"https:\/\/www.mvgphoto.com\/mvg_photo\/wp-content\/uploads\/2024\/12\/Mep4-scaled.jpg\"><img loading=\"lazy\" decoding=\"async\" width=\"1024\" height=\"683\" src=\"https:\/\/www.mvgphoto.com\/mvg_photo\/wp-content\/uploads\/2024\/12\/Mep4-1024x683.jpg\" alt=\"\" class=\"wp-image-3038\" srcset=\"https:\/\/www.mvgphoto.com\/mvg_photo\/wp-content\/uploads\/2024\/12\/Mep4-1024x683.jpg 1024w, https:\/\/www.mvgphoto.com\/mvg_photo\/wp-content\/uploads\/2024\/12\/Mep4-300x200.jpg 300w, https:\/\/www.mvgphoto.com\/mvg_photo\/wp-content\/uploads\/2024\/12\/Mep4-768x512.jpg 768w, https:\/\/www.mvgphoto.com\/mvg_photo\/wp-content\/uploads\/2024\/12\/Mep4-1536x1024.jpg 1536w, https:\/\/www.mvgphoto.com\/mvg_photo\/wp-content\/uploads\/2024\/12\/Mep4-2048x1365.jpg 2048w, https:\/\/www.mvgphoto.com\/mvg_photo\/wp-content\/uploads\/2024\/12\/Mep4-360x240.jpg 360w, https:\/\/www.mvgphoto.com\/mvg_photo\/wp-content\/uploads\/2024\/12\/Mep4-600x400.jpg 600w\" sizes=\"auto, (max-width: 1024px) 100vw, 1024px\" \/><\/a><\/figure>\n\n<div style=\"height:10px\" aria-hidden=\"true\" class=\"wp-block-spacer\"><\/div>\n\n<figure class=\"wp-block-image size-large\"><a href=\"https:\/\/www.mvgphoto.com\/mvg_photo\/wp-content\/uploads\/2024\/12\/Mep5-scaled.jpg\"><img loading=\"lazy\" decoding=\"async\" width=\"1024\" height=\"683\" src=\"https:\/\/www.mvgphoto.com\/mvg_photo\/wp-content\/uploads\/2024\/12\/Mep5-1024x683.jpg\" alt=\"\" class=\"wp-image-3039\" srcset=\"https:\/\/www.mvgphoto.com\/mvg_photo\/wp-content\/uploads\/2024\/12\/Mep5-1024x683.jpg 1024w, https:\/\/www.mvgphoto.com\/mvg_photo\/wp-content\/uploads\/2024\/12\/Mep5-300x200.jpg 300w, https:\/\/www.mvgphoto.com\/mvg_photo\/wp-content\/uploads\/2024\/12\/Mep5-768x512.jpg 768w, https:\/\/www.mvgphoto.com\/mvg_photo\/wp-content\/uploads\/2024\/12\/Mep5-1536x1024.jpg 1536w, https:\/\/www.mvgphoto.com\/mvg_photo\/wp-content\/uploads\/2024\/12\/Mep5-2048x1365.jpg 2048w, https:\/\/www.mvgphoto.com\/mvg_photo\/wp-content\/uploads\/2024\/12\/Mep5-360x240.jpg 360w, https:\/\/www.mvgphoto.com\/mvg_photo\/wp-content\/uploads\/2024\/12\/Mep5-600x400.jpg 600w\" sizes=\"auto, (max-width: 1024px) 100vw, 1024px\" \/><\/a><\/figure>\n\n<div style=\"height:10px\" aria-hidden=\"true\" class=\"wp-block-spacer\"><\/div>\n\n<figure class=\"wp-block-image size-large\"><a href=\"https:\/\/www.mvgphoto.com\/mvg_photo\/wp-content\/uploads\/2024\/12\/Mep6-scaled.jpg\"><img loading=\"lazy\" decoding=\"async\" width=\"1024\" height=\"683\" src=\"https:\/\/www.mvgphoto.com\/mvg_photo\/wp-content\/uploads\/2024\/12\/Mep6-1024x683.jpg\" alt=\"\" class=\"wp-image-3040\" srcset=\"https:\/\/www.mvgphoto.com\/mvg_photo\/wp-content\/uploads\/2024\/12\/Mep6-1024x683.jpg 1024w, https:\/\/www.mvgphoto.com\/mvg_photo\/wp-content\/uploads\/2024\/12\/Mep6-300x200.jpg 300w, https:\/\/www.mvgphoto.com\/mvg_photo\/wp-content\/uploads\/2024\/12\/Mep6-768x512.jpg 768w, https:\/\/www.mvgphoto.com\/mvg_photo\/wp-content\/uploads\/2024\/12\/Mep6-1536x1024.jpg 1536w, https:\/\/www.mvgphoto.com\/mvg_photo\/wp-content\/uploads\/2024\/12\/Mep6-2048x1365.jpg 2048w, https:\/\/www.mvgphoto.com\/mvg_photo\/wp-content\/uploads\/2024\/12\/Mep6-360x240.jpg 360w, https:\/\/www.mvgphoto.com\/mvg_photo\/wp-content\/uploads\/2024\/12\/Mep6-600x400.jpg 600w\" sizes=\"auto, (max-width: 1024px) 100vw, 1024px\" \/><\/a><\/figure>\n\n<div style=\"height:10px\" aria-hidden=\"true\" class=\"wp-block-spacer\"><\/div>\n\n<figure class=\"wp-block-image size-large\"><a href=\"https:\/\/www.mvgphoto.com\/mvg_photo\/wp-content\/uploads\/2024\/12\/Mep7-scaled.jpg\"><img loading=\"lazy\" decoding=\"async\" width=\"1024\" height=\"683\" src=\"https:\/\/www.mvgphoto.com\/mvg_photo\/wp-content\/uploads\/2024\/12\/Mep7-1024x683.jpg\" alt=\"\" class=\"wp-image-3041\" srcset=\"https:\/\/www.mvgphoto.com\/mvg_photo\/wp-content\/uploads\/2024\/12\/Mep7-1024x683.jpg 1024w, https:\/\/www.mvgphoto.com\/mvg_photo\/wp-content\/uploads\/2024\/12\/Mep7-300x200.jpg 300w, https:\/\/www.mvgphoto.com\/mvg_photo\/wp-content\/uploads\/2024\/12\/Mep7-768x512.jpg 768w, https:\/\/www.mvgphoto.com\/mvg_photo\/wp-content\/uploads\/2024\/12\/Mep7-1536x1024.jpg 1536w, https:\/\/www.mvgphoto.com\/mvg_photo\/wp-content\/uploads\/2024\/12\/Mep7-2048x1365.jpg 2048w, https:\/\/www.mvgphoto.com\/mvg_photo\/wp-content\/uploads\/2024\/12\/Mep7-360x240.jpg 360w, https:\/\/www.mvgphoto.com\/mvg_photo\/wp-content\/uploads\/2024\/12\/Mep7-600x400.jpg 600w\" sizes=\"auto, (max-width: 1024px) 100vw, 1024px\" \/><\/a><\/figure>\n\n<div style=\"height:10px\" aria-hidden=\"true\" class=\"wp-block-spacer\"><\/div>\n\n<figure class=\"wp-block-image size-large\"><a href=\"https:\/\/www.mvgphoto.com\/mvg_photo\/wp-content\/uploads\/2024\/12\/Mep8-scaled.jpg\"><img loading=\"lazy\" decoding=\"async\" width=\"1024\" height=\"683\" src=\"https:\/\/www.mvgphoto.com\/mvg_photo\/wp-content\/uploads\/2024\/12\/Mep8-1024x683.jpg\" alt=\"\" class=\"wp-image-3042\" srcset=\"https:\/\/www.mvgphoto.com\/mvg_photo\/wp-content\/uploads\/2024\/12\/Mep8-1024x683.jpg 1024w, https:\/\/www.mvgphoto.com\/mvg_photo\/wp-content\/uploads\/2024\/12\/Mep8-300x200.jpg 300w, https:\/\/www.mvgphoto.com\/mvg_photo\/wp-content\/uploads\/2024\/12\/Mep8-768x512.jpg 768w, https:\/\/www.mvgphoto.com\/mvg_photo\/wp-content\/uploads\/2024\/12\/Mep8-1536x1024.jpg 1536w, https:\/\/www.mvgphoto.com\/mvg_photo\/wp-content\/uploads\/2024\/12\/Mep8-2048x1365.jpg 2048w, https:\/\/www.mvgphoto.com\/mvg_photo\/wp-content\/uploads\/2024\/12\/Mep8-360x240.jpg 360w, https:\/\/www.mvgphoto.com\/mvg_photo\/wp-content\/uploads\/2024\/12\/Mep8-600x400.jpg 600w\" sizes=\"auto, (max-width: 1024px) 100vw, 1024px\" \/><\/a><\/figure>\n\n<div style=\"height:10px\" aria-hidden=\"true\" class=\"wp-block-spacer\"><\/div>\n\n<figure class=\"wp-block-image size-large\"><a href=\"https:\/\/www.mvgphoto.com\/mvg_photo\/wp-content\/uploads\/2024\/12\/Mep9-scaled.jpg\"><img loading=\"lazy\" decoding=\"async\" width=\"1024\" height=\"683\" src=\"https:\/\/www.mvgphoto.com\/mvg_photo\/wp-content\/uploads\/2024\/12\/Mep9-1024x683.jpg\" alt=\"\" class=\"wp-image-3043\" srcset=\"https:\/\/www.mvgphoto.com\/mvg_photo\/wp-content\/uploads\/2024\/12\/Mep9-1024x683.jpg 1024w, https:\/\/www.mvgphoto.com\/mvg_photo\/wp-content\/uploads\/2024\/12\/Mep9-300x200.jpg 300w, https:\/\/www.mvgphoto.com\/mvg_photo\/wp-content\/uploads\/2024\/12\/Mep9-768x512.jpg 768w, https:\/\/www.mvgphoto.com\/mvg_photo\/wp-content\/uploads\/2024\/12\/Mep9-1536x1024.jpg 1536w, https:\/\/www.mvgphoto.com\/mvg_photo\/wp-content\/uploads\/2024\/12\/Mep9-2048x1365.jpg 2048w, https:\/\/www.mvgphoto.com\/mvg_photo\/wp-content\/uploads\/2024\/12\/Mep9-360x240.jpg 360w, https:\/\/www.mvgphoto.com\/mvg_photo\/wp-content\/uploads\/2024\/12\/Mep9-600x400.jpg 600w\" sizes=\"auto, (max-width: 1024px) 100vw, 1024px\" \/><\/a><\/figure>\n\n<div style=\"height:10px\" aria-hidden=\"true\" class=\"wp-block-spacer\"><\/div>\n\n<figure class=\"wp-block-image size-large\"><a href=\"https:\/\/www.mvgphoto.com\/mvg_photo\/wp-content\/uploads\/2024\/12\/Mep10-scaled.jpg\"><img loading=\"lazy\" decoding=\"async\" width=\"1024\" height=\"683\" src=\"https:\/\/www.mvgphoto.com\/mvg_photo\/wp-content\/uploads\/2024\/12\/Mep10-1024x683.jpg\" alt=\"\" class=\"wp-image-3044\" srcset=\"https:\/\/www.mvgphoto.com\/mvg_photo\/wp-content\/uploads\/2024\/12\/Mep10-1024x683.jpg 1024w, https:\/\/www.mvgphoto.com\/mvg_photo\/wp-content\/uploads\/2024\/12\/Mep10-300x200.jpg 300w, https:\/\/www.mvgphoto.com\/mvg_photo\/wp-content\/uploads\/2024\/12\/Mep10-768x512.jpg 768w, https:\/\/www.mvgphoto.com\/mvg_photo\/wp-content\/uploads\/2024\/12\/Mep10-1536x1024.jpg 1536w, https:\/\/www.mvgphoto.com\/mvg_photo\/wp-content\/uploads\/2024\/12\/Mep10-2048x1365.jpg 2048w, https:\/\/www.mvgphoto.com\/mvg_photo\/wp-content\/uploads\/2024\/12\/Mep10-360x240.jpg 360w, https:\/\/www.mvgphoto.com\/mvg_photo\/wp-content\/uploads\/2024\/12\/Mep10-600x400.jpg 600w\" sizes=\"auto, (max-width: 1024px) 100vw, 1024px\" \/><\/a><\/figure>\n\n<div style=\"height:10px\" aria-hidden=\"true\" class=\"wp-block-spacer\"><\/div>\n\n<figure class=\"wp-block-embed is-type-video is-provider-youtube wp-block-embed-youtube wp-embed-aspect-16-9 wp-has-aspect-ratio\"><div class=\"wp-block-embed__wrapper\">\n<iframe loading=\"lazy\"  id=\"_ytid_60521\"  width=\"750\" height=\"422\"  data-origwidth=\"750\" data-origheight=\"422\" src=\"https:\/\/www.youtube.com\/embed\/FdK-gCxzJh0?enablejsapi=1&#038;autoplay=0&#038;cc_load_policy=0&#038;cc_lang_pref=&#038;iv_load_policy=1&#038;loop=0&#038;modestbranding=0&#038;rel=0&#038;fs=1&#038;playsinline=0&#038;autohide=2&#038;theme=light&#038;color=red&#038;controls=1&#038;\" class=\"__youtube_prefs__  epyt-is-override  no-lazyload\" title=\"YouTube player\"  allow=\"fullscreen; accelerometer; autoplay; clipboard-write; encrypted-media; gyroscope; picture-in-picture\" allowfullscreen data-no-lazy=\"1\" data-skipgform_ajax_framebjll=\"\"><\/iframe>\n<\/div><\/figure><\/div><\/details><\/div><p style=\"font-style:normal;font-weight:300\"><strong>Eye on Africa<\/strong>, Galerie Esther Woerdehoff, Paris<\/p><p class=\"has-accent-color has-text-color has-link-color wp-elements-e448ad394b0f61a5311233001f01220d\" style=\"font-style:normal;font-weight:300\"><strong>2009<\/strong><\/p><p class=\"has-black-color has-text-color has-link-color wp-elements-70e866e5aa7329fcc0e2332f5efb5618\" style=\"font-style:normal;font-weight:300\"><strong>Eye on Africa,<\/strong> Paul Klee Zentrum, Bern, Switzerland<\/p><p class=\"has-accent-color has-text-color has-link-color wp-elements-84f90ca49c27b31394c0a70d777ba1d7\" style=\"font-style:normal;font-weight:300\"><strong>2008<\/strong><\/p><p class=\"has-black-color has-text-color has-link-color wp-elements-f1ccda58f67992b86f5e4ced837a2122\" style=\"font-style:normal;font-weight:300\"><strong>photographies d\u2019une guerre sans images<\/strong>, Hangar &#8211; UMAM, Beirut, Lebanon<\/p><p class=\"has-accent-color has-text-color has-link-color wp-elements-da1a87fc0478104b4e2a158d6120022f\" style=\"font-style:normal;font-weight:300\"><strong>2007<\/strong><\/p><p style=\"font-style:normal;font-weight:300\"><strong>Our Town,<\/strong> Mus\u00e9e du Kornhausforum Bern<\/p><p style=\"font-style:normal;font-weight:300\"><strong>Switzerland Panoramas 1997-2007,<\/strong> Galerie Bernhard Bischoff &amp; Partners, Bern, Switzerland <\/p><div id=\"wp-block-themeisle-blocks-accordion-2505be06\" class=\"wp-block-themeisle-blocks-accordion exclusive\"><details class=\"wp-block-themeisle-blocks-accordion-item\"><summary class=\"wp-block-themeisle-blocks-accordion-item__title\"><div><strong>Inside Cairo,<\/strong> Sur le toit d\u2019un immeuble du Downtown au Caire, photography installation, Egypt<\/div><\/summary><div class=\"wp-block-themeisle-blocks-accordion-item__content\"><figure class=\"wp-block-image size-large\"><a href=\"https:\/\/www.mvgphoto.com\/mvg_photo\/wp-content\/uploads\/2014\/09\/Rooftop_Cairo_mvg.jpg\"><img loading=\"lazy\" decoding=\"async\" width=\"1024\" height=\"682\" src=\"https:\/\/www.mvgphoto.com\/mvg_photo\/wp-content\/uploads\/2014\/09\/Rooftop_Cairo_mvg-1024x682.jpg\" alt=\"\" class=\"wp-image-1263\" srcset=\"https:\/\/www.mvgphoto.com\/mvg_photo\/wp-content\/uploads\/2014\/09\/Rooftop_Cairo_mvg-1024x682.jpg 1024w, https:\/\/www.mvgphoto.com\/mvg_photo\/wp-content\/uploads\/2014\/09\/Rooftop_Cairo_mvg-600x400.jpg 600w, https:\/\/www.mvgphoto.com\/mvg_photo\/wp-content\/uploads\/2014\/09\/Rooftop_Cairo_mvg-300x200.jpg 300w\" sizes=\"auto, (max-width: 1024px) 100vw, 1024px\" \/><\/a><\/figure><\/div><\/details><\/div><p class=\"has-accent-color has-text-color has-link-color wp-elements-8d1cdb72e27d0a4d9d8d1b8275dab81e\" style=\"font-style:normal;font-weight:300\"><strong>2006<\/strong><\/p><div id=\"wp-block-themeisle-blocks-accordion-8db51e90\" class=\"wp-block-themeisle-blocks-accordion exclusive\"><details class=\"wp-block-themeisle-blocks-accordion-item\"><summary class=\"wp-block-themeisle-blocks-accordion-item__title\"><div><strong>Graffenried \u00e0 la page<\/strong>, Galerie Esther Woerdehoff, Mois de la Photo \u00e0 Paris <\/div><\/summary><div class=\"wp-block-themeisle-blocks-accordion-item__content\"><figure class=\"wp-block-image size-large\"><a href=\"https:\/\/www.mvgphoto.com\/mvg_photo\/wp-content\/uploads\/2024\/12\/Graffenrieda_laPage2006-scaled.jpg\"><img loading=\"lazy\" decoding=\"async\" width=\"1024\" height=\"683\" src=\"https:\/\/www.mvgphoto.com\/mvg_photo\/wp-content\/uploads\/2024\/12\/Graffenrieda_laPage2006-1024x683.jpg\" alt=\"\" class=\"wp-image-3060\" srcset=\"https:\/\/www.mvgphoto.com\/mvg_photo\/wp-content\/uploads\/2024\/12\/Graffenrieda_laPage2006-1024x683.jpg 1024w, https:\/\/www.mvgphoto.com\/mvg_photo\/wp-content\/uploads\/2024\/12\/Graffenrieda_laPage2006-300x200.jpg 300w, https:\/\/www.mvgphoto.com\/mvg_photo\/wp-content\/uploads\/2024\/12\/Graffenrieda_laPage2006-768x512.jpg 768w, https:\/\/www.mvgphoto.com\/mvg_photo\/wp-content\/uploads\/2024\/12\/Graffenrieda_laPage2006-1536x1024.jpg 1536w, https:\/\/www.mvgphoto.com\/mvg_photo\/wp-content\/uploads\/2024\/12\/Graffenrieda_laPage2006-2048x1365.jpg 2048w, https:\/\/www.mvgphoto.com\/mvg_photo\/wp-content\/uploads\/2024\/12\/Graffenrieda_laPage2006-360x240.jpg 360w, https:\/\/www.mvgphoto.com\/mvg_photo\/wp-content\/uploads\/2024\/12\/Graffenrieda_laPage2006-600x400.jpg 600w\" sizes=\"auto, (max-width: 1024px) 100vw, 1024px\" \/><\/a><\/figure>\n\n<div style=\"height:10px\" aria-hidden=\"true\" class=\"wp-block-spacer\"><\/div>\n\n<figure class=\"wp-block-image size-large\"><a href=\"https:\/\/www.mvgphoto.com\/mvg_photo\/wp-content\/uploads\/2024\/12\/Graffenrieda_laPage2006_2-scaled.jpg\"><img loading=\"lazy\" decoding=\"async\" width=\"1024\" height=\"768\" src=\"https:\/\/www.mvgphoto.com\/mvg_photo\/wp-content\/uploads\/2024\/12\/Graffenrieda_laPage2006_2-1024x768.jpg\" alt=\"\" class=\"wp-image-3061\" srcset=\"https:\/\/www.mvgphoto.com\/mvg_photo\/wp-content\/uploads\/2024\/12\/Graffenrieda_laPage2006_2-1024x768.jpg 1024w, https:\/\/www.mvgphoto.com\/mvg_photo\/wp-content\/uploads\/2024\/12\/Graffenrieda_laPage2006_2-300x225.jpg 300w, https:\/\/www.mvgphoto.com\/mvg_photo\/wp-content\/uploads\/2024\/12\/Graffenrieda_laPage2006_2-768x576.jpg 768w, https:\/\/www.mvgphoto.com\/mvg_photo\/wp-content\/uploads\/2024\/12\/Graffenrieda_laPage2006_2-1536x1152.jpg 1536w, https:\/\/www.mvgphoto.com\/mvg_photo\/wp-content\/uploads\/2024\/12\/Graffenrieda_laPage2006_2-2048x1536.jpg 2048w, https:\/\/www.mvgphoto.com\/mvg_photo\/wp-content\/uploads\/2024\/12\/Graffenrieda_laPage2006_2-600x450.jpg 600w\" sizes=\"auto, (max-width: 1024px) 100vw, 1024px\" \/><\/a><\/figure><\/div><\/details><\/div><p style=\"font-style:normal;font-weight:300\"><strong>New Bern,<\/strong> Bank of the Arts, North Carolina, United States<\/p><p style=\"font-style:normal;font-weight:300\"><strong>En fran\u00e7ais sous l\u2019image,<\/strong> Espace Electra, Paris (group show)<\/p><p class=\"has-accent-color has-text-color has-link-color wp-elements-20427dad7330d3d4dc6961557307a816\"><strong>2005<\/strong><\/p><div id=\"wp-block-themeisle-blocks-accordion-14c8d093\" class=\"wp-block-themeisle-blocks-accordion exclusive\"><details class=\"wp-block-themeisle-blocks-accordion-item\"><summary class=\"wp-block-themeisle-blocks-accordion-item__title\"><div><strong>Rosanna, Astrid, Peter und die andern,<\/strong> Landesmuseum Z\u00fcrich, Switzerland <\/div><\/summary><div class=\"wp-block-themeisle-blocks-accordion-item__content\"><figure class=\"wp-block-image size-full\"><a href=\"https:\/\/www.mvgphoto.com\/mvg_photo\/wp-content\/uploads\/2014\/10\/exhib_cocaine_landesmuseum6.jpg\"><img loading=\"lazy\" decoding=\"async\" width=\"1024\" height=\"682\" src=\"https:\/\/www.mvgphoto.com\/mvg_photo\/wp-content\/uploads\/2014\/10\/exhib_cocaine_landesmuseum6.jpg\" alt=\"\" class=\"wp-image-545\" srcset=\"https:\/\/www.mvgphoto.com\/mvg_photo\/wp-content\/uploads\/2014\/10\/exhib_cocaine_landesmuseum6.jpg 1024w, https:\/\/www.mvgphoto.com\/mvg_photo\/wp-content\/uploads\/2014\/10\/exhib_cocaine_landesmuseum6-600x400.jpg 600w, https:\/\/www.mvgphoto.com\/mvg_photo\/wp-content\/uploads\/2014\/10\/exhib_cocaine_landesmuseum6-300x199.jpg 300w\" sizes=\"auto, (max-width: 1024px) 100vw, 1024px\" \/><\/a><\/figure>\n\n<div style=\"height:10px\" aria-hidden=\"true\" class=\"wp-block-spacer\"><\/div>\n\n<figure class=\"wp-block-image size-full\"><a href=\"https:\/\/www.mvgphoto.com\/mvg_photo\/wp-content\/uploads\/2014\/10\/exhib_cocaine_landesmuseum1.jpg\"><img loading=\"lazy\" decoding=\"async\" width=\"1024\" height=\"682\" src=\"https:\/\/www.mvgphoto.com\/mvg_photo\/wp-content\/uploads\/2014\/10\/exhib_cocaine_landesmuseum1.jpg\" alt=\"\" class=\"wp-image-543\" srcset=\"https:\/\/www.mvgphoto.com\/mvg_photo\/wp-content\/uploads\/2014\/10\/exhib_cocaine_landesmuseum1.jpg 1024w, https:\/\/www.mvgphoto.com\/mvg_photo\/wp-content\/uploads\/2014\/10\/exhib_cocaine_landesmuseum1-600x400.jpg 600w, https:\/\/www.mvgphoto.com\/mvg_photo\/wp-content\/uploads\/2014\/10\/exhib_cocaine_landesmuseum1-300x199.jpg 300w\" sizes=\"auto, (max-width: 1024px) 100vw, 1024px\" \/><\/a><\/figure>\n\n<div style=\"height:10px\" aria-hidden=\"true\" class=\"wp-block-spacer\"><\/div>\n\n<figure class=\"wp-block-image size-full\"><a href=\"https:\/\/www.mvgphoto.com\/mvg_photo\/wp-content\/uploads\/2014\/10\/exhib_cocaine_landesmuseum5.jpg\"><img loading=\"lazy\" decoding=\"async\" width=\"1024\" height=\"682\" src=\"https:\/\/www.mvgphoto.com\/mvg_photo\/wp-content\/uploads\/2014\/10\/exhib_cocaine_landesmuseum5.jpg\" alt=\"\" class=\"wp-image-544\" srcset=\"https:\/\/www.mvgphoto.com\/mvg_photo\/wp-content\/uploads\/2014\/10\/exhib_cocaine_landesmuseum5.jpg 1024w, https:\/\/www.mvgphoto.com\/mvg_photo\/wp-content\/uploads\/2014\/10\/exhib_cocaine_landesmuseum5-600x400.jpg 600w, https:\/\/www.mvgphoto.com\/mvg_photo\/wp-content\/uploads\/2014\/10\/exhib_cocaine_landesmuseum5-300x199.jpg 300w\" sizes=\"auto, (max-width: 1024px) 100vw, 1024px\" \/><\/a><\/figure><\/div><\/details><\/div><p style=\"font-style:normal;font-weight:300\"><strong>Rosanna, Astrid, Pierre et les autres,<\/strong> Mus\u00e9e national Ch\u00e2teau de Prangins, Switzerland<\/p><p class=\"has-accent-color has-text-color has-link-color wp-elements-fba482c13aa8a74647c6ba6588d545ad\" style=\"font-style:normal;font-weight:300\"><strong>2004<\/strong><\/p><p style=\"font-style:normal;font-weight:300\"><strong>Rosanna, Astrid, Pierre et les autres<\/strong>, Kornhausforum Bern, Bern, Switzerland<\/p><p class=\"has-accent-color has-text-color has-link-color wp-elements-3419077b5039dd8ea50cc36ba192200d\"><strong>2003<\/strong><\/p><div id=\"wp-block-themeisle-blocks-accordion-0500e528\" class=\"wp-block-themeisle-blocks-accordion exclusive\"><details class=\"wp-block-themeisle-blocks-accordion-item\"><summary class=\"wp-block-themeisle-blocks-accordion-item__title\"><div><strong>Michael von Graffenried &#8211; Panorama du monde,<\/strong> Library of the city of Bordeaux, France<\/div><\/summary><div class=\"wp-block-themeisle-blocks-accordion-item__content\"><figure class=\"wp-block-image size-large\"><a href=\"https:\/\/www.mvgphoto.com\/mvg_photo\/wp-content\/uploads\/2024\/12\/michael_bordeaux_19-04-28_B_PY056-scaled.jpg\"><img loading=\"lazy\" decoding=\"async\" width=\"1024\" height=\"681\" src=\"https:\/\/www.mvgphoto.com\/mvg_photo\/wp-content\/uploads\/2024\/12\/michael_bordeaux_19-04-28_B_PY056-1024x681.jpg\" alt=\"\" class=\"wp-image-3075\" srcset=\"https:\/\/www.mvgphoto.com\/mvg_photo\/wp-content\/uploads\/2024\/12\/michael_bordeaux_19-04-28_B_PY056-1024x681.jpg 1024w, https:\/\/www.mvgphoto.com\/mvg_photo\/wp-content\/uploads\/2024\/12\/michael_bordeaux_19-04-28_B_PY056-300x199.jpg 300w, https:\/\/www.mvgphoto.com\/mvg_photo\/wp-content\/uploads\/2024\/12\/michael_bordeaux_19-04-28_B_PY056-768x511.jpg 768w, https:\/\/www.mvgphoto.com\/mvg_photo\/wp-content\/uploads\/2024\/12\/michael_bordeaux_19-04-28_B_PY056-1536x1021.jpg 1536w, https:\/\/www.mvgphoto.com\/mvg_photo\/wp-content\/uploads\/2024\/12\/michael_bordeaux_19-04-28_B_PY056-2048x1362.jpg 2048w, https:\/\/www.mvgphoto.com\/mvg_photo\/wp-content\/uploads\/2024\/12\/michael_bordeaux_19-04-28_B_PY056-360x240.jpg 360w, https:\/\/www.mvgphoto.com\/mvg_photo\/wp-content\/uploads\/2024\/12\/michael_bordeaux_19-04-28_B_PY056-600x399.jpg 600w\" sizes=\"auto, (max-width: 1024px) 100vw, 1024px\" \/><\/a><\/figure><\/div><\/details><\/div><p>Kunstmuseum Bern (Museum of Fine Arts), Bern, Switzerland<\/p><p class=\"has-accent-color has-text-color has-link-color wp-elements-2192277d0d6b30f0cdd6ff5d275f24fc\" style=\"font-style:normal;font-weight:300\"><strong>2002<\/strong><\/p><p style=\"font-style:normal;font-weight:300\"><strong>Helveticum 02,<\/strong> Mus\u00e9e d\u2019art et d\u2019histoire, Neuch\u00e2tel, Switzerland<\/p><div id=\"wp-block-themeisle-blocks-accordion-3406dfa0\" class=\"wp-block-themeisle-blocks-accordion exclusive\"><details class=\"wp-block-themeisle-blocks-accordion-item\"><summary class=\"wp-block-themeisle-blocks-accordion-item__title\"><div><strong>Alg\u00e9rie, photographies d\u2019une guerre sans images,<\/strong> Museum f\u00fcr Gestaltung, Zurich<\/div><\/summary><div class=\"wp-block-themeisle-blocks-accordion-item__content\"><figure class=\"wp-block-image size-large\"><a href=\"https:\/\/www.mvgphoto.com\/mvg_photo\/wp-content\/uploads\/2024\/12\/MuseumGestaltungZurich1002-scaled.jpg\"><img loading=\"lazy\" decoding=\"async\" width=\"1024\" height=\"692\" src=\"https:\/\/www.mvgphoto.com\/mvg_photo\/wp-content\/uploads\/2024\/12\/MuseumGestaltungZurich1002-1024x692.jpg\" alt=\"\" class=\"wp-image-3078\" srcset=\"https:\/\/www.mvgphoto.com\/mvg_photo\/wp-content\/uploads\/2024\/12\/MuseumGestaltungZurich1002-1024x692.jpg 1024w, https:\/\/www.mvgphoto.com\/mvg_photo\/wp-content\/uploads\/2024\/12\/MuseumGestaltungZurich1002-300x203.jpg 300w, https:\/\/www.mvgphoto.com\/mvg_photo\/wp-content\/uploads\/2024\/12\/MuseumGestaltungZurich1002-768x519.jpg 768w, https:\/\/www.mvgphoto.com\/mvg_photo\/wp-content\/uploads\/2024\/12\/MuseumGestaltungZurich1002-1536x1038.jpg 1536w, https:\/\/www.mvgphoto.com\/mvg_photo\/wp-content\/uploads\/2024\/12\/MuseumGestaltungZurich1002-2048x1384.jpg 2048w, https:\/\/www.mvgphoto.com\/mvg_photo\/wp-content\/uploads\/2024\/12\/MuseumGestaltungZurich1002-600x405.jpg 600w\" sizes=\"auto, (max-width: 1024px) 100vw, 1024px\" \/><\/a><\/figure><\/div><\/details><\/div><p style=\"font-style:normal;font-weight:300\"><strong>photographies panoramiques<\/strong>, Galerie O, Schaffhouse, Switzerland<\/p><p style=\"font-style:normal;font-weight:300\"><strong>Big is beautiful,<\/strong> Mus\u00e9e d\u2019art et d\u2019histoire, Neuch\u00e2tel, Switzerland (group show)<\/p><p class=\"has-accent-color has-text-color has-link-color wp-elements-19712b38804d053d235ca835d50c47eb\"><strong>2000<\/strong><\/p><p style=\"font-style:normal;font-weight:300\"><strong>Alg\u00e9rie, photographies d\u2019une guerre sans images, <\/strong>National Library El Hamma, Algiers <\/p><p style=\"font-style:normal;font-weight:300\"><strong>Du Jura au vaste monde parcours d\u2019un photographe, <\/strong>Ferme-Asile, Sion, Switzerland <\/p><p style=\"font-style:normal;font-weight:300\"><strong>Paris une com\u00e9die humaine,<\/strong> Galerie Esther Woerdehoff, Paris<\/p><p style=\"font-style:normal;font-weight:300\"><strong>Panorama del mundo,<\/strong> Autumno fotografico (Biennial), Sala Diego Chiesa, Chiasso, Switzerland<\/p><p style=\"font-style:normal;font-weight:300\"><strong>La grande illusion<\/strong>, Mus\u00e9e d\u2019art et d\u2019histoire, Neuch\u00e2tel, Switzerland (group show)<\/p><p class=\"has-accent-color has-text-color has-link-color wp-elements-4378eceaf23900ba92c87837a6c2d52d\"><strong>1999<\/strong><\/p><p style=\"font-style:normal;font-weight:300\"><strong>Weltpanorama,<\/strong> Fotomuseum Winterthur, Switzerland<\/p><p style=\"font-style:normal;font-weight:300\"><strong>Weltpanorama,<\/strong> Galerie Arlecchino, Lucerne, Switzerland<\/p><p style=\"font-style:normal;font-weight:300\"><strong>Jura, visages d\u2019une jeune r\u00e9publique hors image,<\/strong> St Ursanne cloister, Switzerland <\/p><p style=\"font-style:normal;font-weight:300\"><strong>Alg\u00e9rie, photographies d\u2019une guerre sans images<\/strong>, Usine \u00e0 chaux, St Ursanne, Switzerland<\/p><p style=\"font-style:normal;font-weight:300\"><strong>Afriques,<\/strong> Mus\u00e9e de la photographie, Charleroi, Belgium (group show)<\/p><p class=\"has-accent-color has-text-color has-link-color wp-elements-89bca77561c8954e87b04fb1555ff1da\"><strong>1998<\/strong><\/p><p style=\"font-style:normal;font-weight:300\"><strong>Soudan,<\/strong> L\u2019abbaye de l\u2019Epau, Le Mans, France<\/p><p style=\"font-style:normal;font-weight:300\"><strong>Alg\u00e9rie,<\/strong> Centre National et Mus\u00e9e Jean Jaur\u00e9s, Castres, France<\/p><p style=\"font-style:normal;font-weight:300\"><strong>Alg\u00e9rie, photographies d\u2019une guerre sans images,<\/strong> Mois de la Photo, Pavillon Delouvrier, Parc de la Villette, Paris<\/p><p style=\"font-style:normal;font-weight:300\"><strong>Le sport,<\/strong> Galerie du Ch\u00e2teau d\u2019Eau, Toulouse, France <\/p><p style=\"font-style:normal;font-weight:300\"><strong>Summer group show,<\/strong> Witkin Gallery, New York (group show)<\/p><p class=\"has-accent-color has-text-color has-link-color wp-elements-29afda43ec98ad26aaf03d3e55831226\"><strong>1997<\/strong><\/p><p style=\"font-style:normal;font-weight:300\"><strong>Naked in Paradise<\/strong>, Witkin Gallery, New York<\/p><p style=\"font-style:normal;font-weight:300\"><strong>Soudan,<\/strong> Fnac, Troyes, France<\/p><p><strong>Galerie Scalo,<\/strong> Zurich, Switzerland<\/p><p style=\"font-style:normal;font-weight:300\"><strong>Soudan,<\/strong> Fnac Avignon, France<\/p><p style=\"font-style:normal;font-weight:300\"><strong>Galerie Kabinett,<\/strong> Bern, Switzerland<\/p><p style=\"font-style:normal;font-weight:300\"><strong>Museum Z\u00fcndorfer Wehrturm,<\/strong> Cologne, Germany<\/p><p style=\"font-style:normal;font-weight:300\"><strong>Galerie Agathe Gaillard,<\/strong> Paris<\/p><p style=\"font-style:normal;font-weight:300\"><strong>Museu Nogueira da Silva<\/strong>, Braga, Portugal (encontros da imagem, mai de la Photo) <\/p><p style=\"font-style:normal;font-weight:300\"><strong>Nu au Paradis,<\/strong> Montpellier Photovision, Montpellier, France<\/p><p style=\"font-style:normal;font-weight:300\"><strong>Soudan, <\/strong>Fnac, Saint-\u00c9tienne, France<\/p><p style=\"font-style:normal;font-weight:300\"><strong>Nu au Paradis,<\/strong> Galerie Focale, Nyon, Switzerland<\/p><p style=\"font-style:normal;font-weight:300\"><strong>Weltenblicke &#8211; Reportagefotografie und ihre Medien<\/strong>, Fotomuseum Winterthur, Switzerland (group show)<\/p><p class=\"has-accent-color has-text-color has-link-color wp-elements-f47d75429409a8eb6ef4caf985a9bb6c\"><strong>1996<\/strong><\/p><p style=\"font-style:normal;font-weight:300\"><strong>Soudan, <\/strong>Fnac Lyon-Part-Dieu, France <\/p><p style=\"font-style:normal;font-weight:300\"><strong>Soudan, <\/strong>Fnac Versailles Parly II, France <\/p><p style=\"font-style:normal;font-weight:300\"><strong>Soudan,<\/strong> Fnac Rennes, France<\/p><p style=\"font-style:normal;font-weight:300\"><strong>Ein Fenster zur Schweiz, <\/strong>Kiev, Ukraine (group show)<\/p><p class=\"has-accent-color has-text-color has-link-color wp-elements-50382699d5ee14bc8b05129b4239b943\"><strong>1995<\/strong><\/p><p style=\"font-style:normal;font-weight:300\"><strong>Algerien zwischen Demokratie und Gottesstaat<\/strong>, V\u00f6lkerkunde-Sammlung, L\u00fcbeck, Germany<\/p><p style=\"font-style:normal;font-weight:300\"><strong>Un photographe au coeur de l\u2019Alg\u00e9rie d\u2019aujourd\u2019hui<\/strong>, Arche de la D\u00e9fense, Paris <\/p><p style=\"font-style:normal;font-weight:300\"><strong>Soudan,<\/strong> Gruner &amp; Jahr, Hamburg, Germany<\/p><p style=\"font-style:normal;font-weight:300\"><strong>Soudan<\/strong>, Mus\u00e9e de l\u2019Elys\u00e9e, Lausanne, Switzerland<\/p><p style=\"font-style:normal;font-weight:300\"><strong>Soudan,<\/strong> Kornsch\u00fctte, Lucerne, Switzerland<\/p><p style=\"font-style:normal;font-weight:300\"><strong>Alg\u00e9rie. Le r\u00eave bris\u00e9 de la d\u00e9mocratie,<\/strong> Archives d\u00e9partementales, Montpellier, France<\/p><p style=\"font-style:normal;font-weight:300\"><strong>Soudan,<\/strong> Fnac Cnit La D\u00e9fense, Paris<\/p><p style=\"font-style:normal;font-weight:300\"><strong>Alg\u00e9rie. Le r\u00eave bris\u00e9 de la d\u00e9mocratie,<\/strong> Maison de la Culture, Amiens, France <\/p><p style=\"font-style:normal;font-weight:300\"><strong>Alg\u00e9rie. Le r\u00eave bris\u00e9 de la d\u00e9mocratie,<\/strong> Centre des glacis, Belfort, France Alg\u00e9rie, S\u00e9nat, Paris<\/p><p style=\"font-style:normal;font-weight:300\"><strong>Magic moments Leica,<\/strong> travelling exhibition, Germany, France, USA (group show)<\/p><p class=\"has-accent-color has-text-color has-link-color wp-elements-f4cffd4aee426dab43e85c30d75a5c4a\"><strong>1994<\/strong><\/p><p style=\"font-style:normal;font-weight:300\"><strong>Hong-Kong Arts Center,<\/strong> Hong Kong<\/p><p class=\"has-accent-color has-text-color has-link-color wp-elements-5f5f61d0cd0ffd0d0d97f85d53985b09\"><strong>1993<\/strong><\/p><p style=\"font-style:normal;font-weight:300\"><strong>Saint-Gervais Photographie,<\/strong> Geneva, Switzerland<\/p><p style=\"font-style:normal;font-weight:300\"><strong>Havana (Cuba),<\/strong> Miami, Atlanta (USA)<\/p><p style=\"font-style:normal;font-weight:300\"><strong>A la recherche du p\u00e8re,<\/strong> Espace Photographique de Paris, <\/p><p style=\"font-style:normal;font-weight:300\"><strong>Paris La Slov\u00e9nie au quotidien, <\/strong>Bank of Slov\u00e9nia, Ljubljana, Slov\u00e9nia <\/p><p style=\"font-style:normal;font-weight:300\"><strong>La Syrie au quotidien, <\/strong>Institut du monde arabe, Paris<\/p><p class=\"has-accent-color has-text-color has-link-color wp-elements-bc288ba89adf21a491580c07a507a055\"><strong>1991<\/strong><\/p><p style=\"font-style:normal;font-weight:300\"><strong>Centre Saint-Gervais, <\/strong>Geneva, Switzerland<\/p><p style=\"font-style:normal;font-weight:300\"><strong>Swiss Institute,<\/strong> New York<\/p><p style=\"font-style:normal;font-weight:300\"><strong>Zappeion, <\/strong>Athens<\/p><p style=\"font-style:normal;font-weight:300\"><strong>Les Suisses,<\/strong> Visa pour l\u2019image, Perpignan, France <\/p><p style=\"font-style:normal;font-weight:300\"><strong>Palais de la Culture, <\/strong>Algiers<\/p><p style=\"font-style:normal;font-weight:300\"><strong>Witkin Gallery,<\/strong> New York<\/p><p class=\"has-accent-color has-text-color has-link-color wp-elements-8bbc7cb3c2e5f66fd2939e1748d44910\"><strong>1990<\/strong><\/p><p style=\"font-style:normal;font-weight:300\"><strong>Swiss Image, <\/strong>Centre Culturel Suisse (during the Mois de la Photo), Paris<\/p><p class=\"has-accent-color has-text-color has-link-color wp-elements-39f633ad908bb567591d53b9d8ead5fd\"><strong>1989<\/strong><\/p><p style=\"font-style:normal;font-weight:300\"><strong>Swiss Image, <\/strong>Mus\u00e9e de l\u2019Elys\u00e9e, Lausanne, Switzerland<\/p><p style=\"font-style:normal;font-weight:300\"><strong>World Press Photo 1989 <\/strong>&#8211; travelling exhibition<\/p><p class=\"has-accent-color has-text-color has-link-color wp-elements-9f990052c23d388f07ed0dba0448f516\"><strong>1988<\/strong><\/p><p style=\"font-style:normal;font-weight:300\"><strong>Sc\u00e8nes suisses,<\/strong> Centre Culturel Suisse, Paris<\/p><p style=\"font-style:normal;font-weight:300\"><strong>Photos d\u2019artistes sovi\u00e9tiques en Perestro\u00efka,<\/strong> Museum of Fine Arts, Bern, Switzerland<\/p><p class=\"has-accent-color has-text-color has-link-color wp-elements-d824ffff66b8d4983350c9a10dff78f2\"><strong>1987<\/strong><\/p><p style=\"font-style:normal;font-weight:300\"><strong>Photoforum Pasquart,<\/strong> Bienne, Switzerland &amp; Galerie Schauspielhaus, Nuremberg, Germany<\/p><p class=\"has-accent-color has-text-color has-link-color wp-elements-508601f427c6fcad7105aa1756db1af7\"><strong>1986<\/strong><\/p><div id=\"wp-block-themeisle-blocks-accordion-fa89179e\" class=\"wp-block-themeisle-blocks-accordion exclusive\"><details class=\"wp-block-themeisle-blocks-accordion-item\"><summary class=\"wp-block-themeisle-blocks-accordion-item__title\"><div><strong>Photokina<\/strong>, Cologne, Germany<\/div><\/summary><div class=\"wp-block-themeisle-blocks-accordion-item__content\"><figure class=\"wp-block-image size-large\"><a href=\"https:\/\/www.mvgphoto.com\/mvg_photo\/wp-content\/uploads\/2024\/12\/Photokina_Koeln-scaled.jpg\"><img loading=\"lazy\" decoding=\"async\" width=\"1024\" height=\"683\" src=\"https:\/\/www.mvgphoto.com\/mvg_photo\/wp-content\/uploads\/2024\/12\/Photokina_Koeln-1024x683.jpg\" alt=\"\" class=\"wp-image-3091\" srcset=\"https:\/\/www.mvgphoto.com\/mvg_photo\/wp-content\/uploads\/2024\/12\/Photokina_Koeln-1024x683.jpg 1024w, https:\/\/www.mvgphoto.com\/mvg_photo\/wp-content\/uploads\/2024\/12\/Photokina_Koeln-300x200.jpg 300w, https:\/\/www.mvgphoto.com\/mvg_photo\/wp-content\/uploads\/2024\/12\/Photokina_Koeln-768x512.jpg 768w, https:\/\/www.mvgphoto.com\/mvg_photo\/wp-content\/uploads\/2024\/12\/Photokina_Koeln-1536x1024.jpg 1536w, https:\/\/www.mvgphoto.com\/mvg_photo\/wp-content\/uploads\/2024\/12\/Photokina_Koeln-2048x1365.jpg 2048w, https:\/\/www.mvgphoto.com\/mvg_photo\/wp-content\/uploads\/2024\/12\/Photokina_Koeln-360x240.jpg 360w, https:\/\/www.mvgphoto.com\/mvg_photo\/wp-content\/uploads\/2024\/12\/Photokina_Koeln-600x400.jpg 600w\" sizes=\"auto, (max-width: 1024px) 100vw, 1024px\" \/><\/a><\/figure><\/div><\/details><\/div><p class=\"has-accent-color has-text-color has-link-color wp-elements-0d982cd409183149a66ff433bdcf5ce5\"><strong>1985<\/strong><\/p><p style=\"font-style:normal;font-weight:300\"><strong>Galerie Nikon,<\/strong> Zurich, Switzerland<\/p><p style=\"font-style:normal;font-weight:300\"><strong>Casino de Montbenon,<\/strong> Lausanne, Switzerland<\/p><p class=\"has-accent-color has-text-color has-link-color wp-elements-189196fd53f6a0a13aff33030c51cccf\"><strong>1984<\/strong><\/p><p style=\"font-style:normal;font-weight:300\"><strong>Galerie de la Treille,<\/strong> Sion, Switzerland<\/p><p style=\"font-style:normal;font-weight:300\"><strong>Berner Photogalerie,<\/strong> with Ren\u00e9 Burri<\/p><p style=\"font-style:normal;font-weight:300\"><strong>Portraits d\u2019artistes,<\/strong> Mus\u00e9e des Beaux-Arts, Berner Galerie, Bern, Switzerland Palais des arts, Paris<\/p><p class=\"has-accent-color has-text-color has-link-color wp-elements-1c005975a088153b0ddff795f02f19b0\"><strong>AWARDS AND GRANTS<\/strong><\/p><p class=\"has-accent-color has-text-color has-link-color wp-elements-0da1a4d70c95f2308eab89670341b8c9\"><strong>2010<\/strong><\/p><p style=\"font-style:normal;font-weight:300\"><strong>Dr. Erich Salomon Prize<\/strong> of the German Society of Photography<\/p><p class=\"has-accent-color has-text-color has-link-color wp-elements-6cc9d05b6a151f49fc238348578a7f52\"><strong>2006<\/strong><\/p><p style=\"font-style:normal;font-weight:300\"><strong>Chevalier des Arts et des Lettres,<\/strong> Minist\u00e8re de la Culture, France<\/p><p class=\"has-accent-color has-text-color has-link-color wp-elements-39f633ad908bb567591d53b9d8ead5fd\"><strong>1989<\/strong><\/p><div id=\"wp-block-themeisle-blocks-accordion-5f81bb09\" class=\"wp-block-themeisle-blocks-accordion exclusive\"><details class=\"wp-block-themeisle-blocks-accordion-item\"><summary class=\"wp-block-themeisle-blocks-accordion-item__title\"><div><strong>Prix World Press Photo<\/strong><\/div><\/summary><div class=\"wp-block-themeisle-blocks-accordion-item__content\"><figure class=\"wp-block-image size-large\"><a href=\"https:\/\/www.mvgphoto.com\/mvg_photo\/wp-content\/uploads\/2024\/12\/WorldPress001-scaled.jpg\"><img loading=\"lazy\" decoding=\"async\" width=\"1024\" height=\"684\" src=\"https:\/\/www.mvgphoto.com\/mvg_photo\/wp-content\/uploads\/2024\/12\/WorldPress001-1024x684.jpg\" alt=\"\" class=\"wp-image-3094\" srcset=\"https:\/\/www.mvgphoto.com\/mvg_photo\/wp-content\/uploads\/2024\/12\/WorldPress001-1024x684.jpg 1024w, https:\/\/www.mvgphoto.com\/mvg_photo\/wp-content\/uploads\/2024\/12\/WorldPress001-300x200.jpg 300w, https:\/\/www.mvgphoto.com\/mvg_photo\/wp-content\/uploads\/2024\/12\/WorldPress001-768x513.jpg 768w, https:\/\/www.mvgphoto.com\/mvg_photo\/wp-content\/uploads\/2024\/12\/WorldPress001-1536x1026.jpg 1536w, https:\/\/www.mvgphoto.com\/mvg_photo\/wp-content\/uploads\/2024\/12\/WorldPress001-2048x1368.jpg 2048w, https:\/\/www.mvgphoto.com\/mvg_photo\/wp-content\/uploads\/2024\/12\/WorldPress001-360x240.jpg 360w, https:\/\/www.mvgphoto.com\/mvg_photo\/wp-content\/uploads\/2024\/12\/WorldPress001-600x401.jpg 600w\" sizes=\"auto, (max-width: 1024px) 100vw, 1024px\" \/><\/a><\/figure>\n\n<div style=\"height:10px\" aria-hidden=\"true\" class=\"wp-block-spacer\"><\/div>\n\n<figure class=\"wp-block-image size-large\"><a href=\"https:\/\/www.mvgphoto.com\/mvg_photo\/wp-content\/uploads\/2024\/12\/WorldPress002-scaled.jpg\"><img loading=\"lazy\" decoding=\"async\" width=\"1024\" height=\"696\" src=\"https:\/\/www.mvgphoto.com\/mvg_photo\/wp-content\/uploads\/2024\/12\/WorldPress002-1024x696.jpg\" alt=\"\" class=\"wp-image-3095\" srcset=\"https:\/\/www.mvgphoto.com\/mvg_photo\/wp-content\/uploads\/2024\/12\/WorldPress002-1024x696.jpg 1024w, https:\/\/www.mvgphoto.com\/mvg_photo\/wp-content\/uploads\/2024\/12\/WorldPress002-300x204.jpg 300w, https:\/\/www.mvgphoto.com\/mvg_photo\/wp-content\/uploads\/2024\/12\/WorldPress002-768x522.jpg 768w, https:\/\/www.mvgphoto.com\/mvg_photo\/wp-content\/uploads\/2024\/12\/WorldPress002-1536x1044.jpg 1536w, https:\/\/www.mvgphoto.com\/mvg_photo\/wp-content\/uploads\/2024\/12\/WorldPress002-2048x1392.jpg 2048w, https:\/\/www.mvgphoto.com\/mvg_photo\/wp-content\/uploads\/2024\/12\/WorldPress002-600x408.jpg 600w\" sizes=\"auto, (max-width: 1024px) 100vw, 1024px\" \/><\/a><\/figure><\/div><\/details><\/div><p class=\"has-accent-color has-text-color has-link-color wp-elements-9dcdc0f3c25cf2222ea4728febb1731b\"><strong>1987 et 1985<\/strong><\/p><p style=\"font-style:normal;font-weight:300\"><strong>Federal grant for applied arts,<\/strong> Kornhaus, Bern<\/p><p><\/p><p class=\"has-accent-color has-text-color has-link-color wp-elements-c5d3f372507927fc31b1d6488611d123\"><strong>COLLECTIONS<\/strong><\/p><p style=\"font-style:normal;font-weight:300\"><strong>Fotostiftung Schweiz (Swiss Foundation for Photography),<\/strong> Winterthur, Switzerland <\/p><p style=\"font-style:normal;font-weight:300\"><strong>Kunstmuseum Bern<\/strong> (Museum of Fine Arts), Bern<\/p><p style=\"font-style:normal;font-weight:300\"><strong>Collection Charles-Henri Favrod, <\/strong>Mus\u00e9e de l\u2019Elys\u00e9e, Lausanne<\/p><p style=\"font-style:normal;font-weight:300\"><strong>Fondation World Press Photo,<\/strong> Holland, Amsterdam<\/p><p style=\"font-style:normal;font-weight:300\"><strong>Biblioth\u00e8que nationale de France,<\/strong> Paris <\/p><p style=\"font-style:normal;font-weight:300\"><strong>Maison Europ\u00e9enne de la Photographie,<\/strong> Paris <\/p><p style=\"font-style:normal;font-weight:300\"><strong>Collection of the City of Geneva,<\/strong> Switzerland <\/p><p style=\"font-style:normal;font-weight:300\"><strong>The Pilara Foundation,<\/strong> San Francisco, USA<\/p><p><\/p>","protected":false},"excerpt":{"rendered":"<p>SHOWS 2024 2023 OUR TOWN, Nuit de la Photo, La Chaux-de-Fonds, Switzerland 2022 MOUVEMENTS, Exposition permanente, Mus\u00e9e d\u2019Arts et d\u2019Histoire, Neuch\u00e2tel Switzerland 2021 OUR TOWN, ESPACE MVG, Rue Marguerite Dellenbach 3, Gen\u00e8ve&nbsp; 2019 Algeria Vintage, Photo London Fair 2016 CHANGING RIO, Nuit de la Photo, La Chaux-de-Fonds 2014 CHANIGING RIO, [&hellip;]<\/p>\n","protected":false},"author":1,"featured_media":1115,"parent":0,"menu_order":5,"comment_status":"closed","ping_status":"open","template":"","meta":{"ngg_post_thumbnail":0,"_themeisle_gutenberg_block_has_review":false,"footnotes":""},"class_list":["post-915","page","type-page","status-publish","has-post-thumbnail","hentry"],"_links":{"self":[{"href":"https:\/\/www.mvgphoto.com\/index.php?rest_route=\/wp\/v2\/pages\/915","targetHints":{"allow":["GET"]}}],"collection":[{"href":"https:\/\/www.mvgphoto.com\/index.php?rest_route=\/wp\/v2\/pages"}],"about":[{"href":"https:\/\/www.mvgphoto.com\/index.php?rest_route=\/wp\/v2\/types\/page"}],"author":[{"embeddable":true,"href":"https:\/\/www.mvgphoto.com\/index.php?rest_route=\/wp\/v2\/users\/1"}],"replies":[{"embeddable":true,"href":"https:\/\/www.mvgphoto.com\/index.php?rest_route=%2Fwp%2Fv2%2Fcomments&post=915"}],"version-history":[{"count":66,"href":"https:\/\/www.mvgphoto.com\/index.php?rest_route=\/wp\/v2\/pages\/915\/revisions"}],"predecessor-version":[{"id":3096,"href":"https:\/\/www.mvgphoto.com\/index.php?rest_route=\/wp\/v2\/pages\/915\/revisions\/3096"}],"wp:featuredmedia":[{"embeddable":true,"href":"https:\/\/www.mvgphoto.com\/index.php?rest_route=\/wp\/v2\/media\/1115"}],"wp:attachment":[{"href":"https:\/\/www.mvgphoto.com\/index.php?rest_route=%2Fwp%2Fv2%2Fmedia&parent=915"}],"curies":[{"name":"wp","href":"https:\/\/api.w.org\/{rel}","templated":true}]}}