{"id":920,"date":"2014-11-04T22:53:49","date_gmt":"2014-11-04T20:53:49","guid":{"rendered":"http:\/\/www.mvgphoto.com\/?page_id=920"},"modified":"2024-12-04T21:26:15","modified_gmt":"2024-12-04T19:26:15","slug":"books","status":"publish","type":"page","link":"https:\/\/www.mvgphoto.com\/?page_id=920","title":{"rendered":"Books"},"content":{"rendered":"<figure class=\"wp-block-image\"><img loading=\"lazy\" decoding=\"async\" width=\"1024\" height=\"600\" src=\"https:\/\/www.mvgphoto.com\/mvg_photo\/wp-content\/uploads\/2021\/05\/cover_over_town_b-1024x600.jpg\" alt=\"\" class=\"wp-image-1411\" srcset=\"https:\/\/www.mvgphoto.com\/mvg_photo\/wp-content\/uploads\/2021\/05\/cover_over_town_b-1024x600.jpg 1024w, https:\/\/www.mvgphoto.com\/mvg_photo\/wp-content\/uploads\/2021\/05\/cover_over_town_b-600x352.jpg 600w, https:\/\/www.mvgphoto.com\/mvg_photo\/wp-content\/uploads\/2021\/05\/cover_over_town_b-300x176.jpg 300w, https:\/\/www.mvgphoto.com\/mvg_photo\/wp-content\/uploads\/2021\/05\/cover_over_town_b-768x450.jpg 768w, https:\/\/www.mvgphoto.com\/mvg_photo\/wp-content\/uploads\/2021\/05\/cover_over_town_b-1536x900.jpg 1536w, https:\/\/www.mvgphoto.com\/mvg_photo\/wp-content\/uploads\/2021\/05\/cover_over_town_b.jpg 2000w\" sizes=\"auto, (max-width: 1024px) 100vw, 1024px\" \/><\/figure><p class=\"has-small-font-size\" style=\"font-style:normal;font-weight:300\"><em>Our Town<\/em>, Editions Steidl, G\u00f6ttingen, 2021, 240 pages, 120 images, <strong>\u20ac 50<\/strong> (+ \u20ac 10 shipping)<\/p><details class=\"wp-block-details has-small-font-size is-layout-flow wp-block-details-is-layout-flow\" style=\"font-style:normal;font-weight:200\"><summary>More Information<\/summary><p>Our Town is Michael von Graffenried&#8217;s photographic portrait of New Bern, a small town in North Carolina on the east coast of the USA with a population of 30,000. The population is 55 percent white and 33 percent black. Here, at the confluence of the Neuse and Trent Rivers, Christoph von Graffenried from Bern in Switzerland, an ancestor of the author, built the first houses in 1710 and gave the place the name of his home town.<\/p>\n\n<p>The photographs taken by Michael von Graffenried over a period of 15 years are neither overly formal compositions nor fleeting snapshots, but patient images of everyday life that do not presume to pass judgment on the town&#8217;s citizens. We see a black church congregation, young white girls practicing their guns, black men exchanging cash on the street, a white couple showing off their gun collection with a stuffed bear as a hunting trophy, a black stripper dancing for a white man.<\/p>\n\n<p>In June 2020, following the murder of George Floyd, a black man, by white police officers, the largest demonstration New Bern has ever seen took place, alongside many protests by the Black Lives Matter movement across the country. This was the first time that racism had been made a public issue in the city.<\/p><\/details>ngg_shortcode_0_placeholder<hr class=\"wp-block-separator has-text-color has-accent-color has-alpha-channel-opacity has-accent-background-color has-background is-style-wide\"\/><figure class=\"wp-block-image size-large\"><a href=\"https:\/\/www.mvgphoto.com\/mvg_photo\/wp-content\/uploads\/2019\/10\/changing_rio_cover.jpg\"><img loading=\"lazy\" decoding=\"async\" width=\"1024\" height=\"746\" src=\"https:\/\/www.mvgphoto.com\/mvg_photo\/wp-content\/uploads\/2019\/10\/changing_rio_cover-1024x746.jpg\" alt=\"\" class=\"wp-image-1313\" srcset=\"https:\/\/www.mvgphoto.com\/mvg_photo\/wp-content\/uploads\/2019\/10\/changing_rio_cover-1024x746.jpg 1024w, https:\/\/www.mvgphoto.com\/mvg_photo\/wp-content\/uploads\/2019\/10\/changing_rio_cover-600x437.jpg 600w, https:\/\/www.mvgphoto.com\/mvg_photo\/wp-content\/uploads\/2019\/10\/changing_rio_cover-300x218.jpg 300w, https:\/\/www.mvgphoto.com\/mvg_photo\/wp-content\/uploads\/2019\/10\/changing_rio_cover.jpg 1131w\" sizes=\"auto, (max-width: 1024px) 100vw, 1024px\" \/><\/a><\/figure><p class=\"has-text-align-left has-small-font-size\" style=\"font-style:normal;font-weight:300\"><em>Changing Rio<\/em>, publi\u00e9 aux \u00e9ditions Slatkine, 2016, <strong>\u20ac 45<\/strong> (+ \u20ac 10 shipping).<\/p>ngg_shortcode_1_placeholder<form action=\"https:\/\/www.paypal.com\/cgi-bin\/webscr\" method=\"post\" target=\"_top\"><input name=\"cmd\" type=\"hidden\" value=\"_s-xclick\"><br><input name=\"hosted_button_id\" type=\"hidden\" value=\"9KRVE8SZAHFJQ\"><br><input alt=\"PayPal - The safer, easier way to pay online!\" name=\"submit\" src=\"https:\/\/www.paypalobjects.com\/en_US\/CH\/i\/btn\/btn_buynowCC_LG.gif\" type=\"image\"><br><figure><img loading=\"lazy\" decoding=\"async\" src=\"https:\/\/www.paypalobjects.com\/fr_FR\/i\/scr\/pixel.gif\" alt=\"\" width=\"1\" height=\"1\" border=\"0\"><\/figure><\/form><hr class=\"wp-block-separator has-text-color has-accent-color has-alpha-channel-opacity has-accent-background-color has-background is-style-wide\"\/><div class=\"wp-block-image\"><figure class=\"aligncenter size-full\"><a href=\"https:\/\/www.mvgphoto.com\/mvg_photo\/wp-content\/uploads\/2024\/11\/tempImageEi7wkR.heic\"><img decoding=\"async\" src=\"https:\/\/www.mvgphoto.com\/mvg_photo\/wp-content\/uploads\/2024\/11\/tempImageEi7wkR.heic\" alt=\"\" class=\"wp-image-2413\"\/><\/a><\/figure><\/div><p class=\"has-small-font-size\" style=\"font-style:normal;font-weight:300\"><em>\u201eBierfest\u201c<\/em>, Steidl Publishers, G\u00f6ttingen, 2014, 128 pages 11.6 x 9.4 inches \/ 29.5 x 24 cm 55 double-page panorama photographs &#8211; <strong>sold out<\/strong>. Last books <strong>here<\/strong>! &nbsp;<strong>\u20ac 45<\/strong> &nbsp;(+ \u20ac 10 shipping)<\/p><details class=\"wp-block-details has-small-font-size is-layout-flow wp-block-details-is-layout-flow\" style=\"font-style:normal;font-weight:600\"><summary>More&#8230;<\/summary><p class=\"has-small-font-size\" style=\"font-style:normal;font-weight:300\">Munich locals look forward to their Oktoberfest all year round. When the time finally comes, locals and tourists who have traveled to the festival put on their lederhosen and dirndls and throw themselves into the hustle and bustle of the Wiesn. Where seven million liters of beer are poured in a very short space of time, boundaries are quickly crossed: Beer corpses sleeping off their intoxication line the green areas behind the festival tents, which are used as toilets. Police and emergency doctors are in high season. Every year, the inhibition threshold drops and the state of emergency intensifies. Michael von Graffenried shows the darker side of what is probably the most famous folk festival in the world. His pictures make no distinction between the fun in the beer tent and the delirium away from the crowds.<\/p><\/details>ngg_shortcode_2_placeholder<form action=\"https:\/\/www.paypal.com\/cgi-bin\/webscr\" method=\"post\" target=\"_top\"><input name=\"cmd\" type=\"hidden\" value=\"_s-xclick\"><br><input name=\"hosted_button_id\" type=\"hidden\" value=\"G6KDM3DN4BE6E\"><br><input alt=\"PayPal - The safer, easier way to pay online!\" name=\"submit\" src=\"https:\/\/www.paypalobjects.com\/en_US\/CH\/i\/btn\/btn_buynowCC_LG.gif\" type=\"image\"><br><figure><img loading=\"lazy\" decoding=\"async\" src=\"https:\/\/www.paypalobjects.com\/fr_FR\/i\/scr\/pixel.gif\" alt=\"\" width=\"1\" height=\"1\" border=\"0\"><\/figure><\/form><hr class=\"wp-block-separator has-text-color has-accent-color has-alpha-channel-opacity has-accent-background-color has-background is-style-wide\"\/><div class=\"wp-block-image\"><figure class=\"aligncenter size-full\"><a href=\"https:\/\/www.mvgphoto.com\/mvg_photo\/wp-content\/uploads\/2014\/11\/book_35mm.jpg\"><img loading=\"lazy\" decoding=\"async\" width=\"575\" height=\"371\" src=\"https:\/\/www.mvgphoto.com\/mvg_photo\/wp-content\/uploads\/2014\/11\/book_35mm.jpg\" alt=\"\" class=\"wp-image-945\" srcset=\"https:\/\/www.mvgphoto.com\/mvg_photo\/wp-content\/uploads\/2014\/11\/book_35mm.jpg 575w, https:\/\/www.mvgphoto.com\/mvg_photo\/wp-content\/uploads\/2014\/11\/book_35mm-300x193.jpg 300w\" sizes=\"auto, (max-width: 575px) 100vw, 575px\" \/><\/a><\/figure><\/div><p class=\"has-small-font-size\" style=\"font-style:normal;font-weight:300\"><br><em>\u201e35mm \u2013 El Gran Teatro del Mondo\u201c<\/em>, Hans Michael K\u00f6tzle, Benteli Publishers (EN, DE), 2012 &nbsp;<strong>\u20ac 30<\/strong><\/p>ngg_shortcode_3_placeholder<form action=\"https:\/\/www.paypal.com\/cgi-bin\/webscr\" method=\"post\" target=\"_top\"><input name=\"cmd\" type=\"hidden\" value=\"_s-xclick\"><br><input name=\"hosted_button_id\" type=\"hidden\" value=\"GW9YUZUESNWKU\"><br><input alt=\"PayPal - The safer, easier way to pay online!\" name=\"submit\" src=\"https:\/\/www.paypalobjects.com\/en_US\/CH\/i\/btn\/btn_buynowCC_LG.gif\" type=\"image\"><br><figure><img loading=\"lazy\" decoding=\"async\" src=\"https:\/\/www.paypalobjects.com\/fr_FR\/i\/scr\/pixel.gif\" alt=\"\" width=\"1\" height=\"1\" border=\"0\"><\/figure><\/form><hr class=\"wp-block-separator has-text-color has-accent-color has-alpha-channel-opacity has-accent-background-color has-background is-style-wide\"\/><div class=\"wp-block-image\"><figure class=\"aligncenter size-full\"><a href=\"https:\/\/www.mvgphoto.com\/mvg_photo\/wp-content\/uploads\/2014\/11\/book_obrist_cover.jpg\"><img loading=\"lazy\" decoding=\"async\" width=\"575\" height=\"371\" src=\"https:\/\/www.mvgphoto.com\/mvg_photo\/wp-content\/uploads\/2014\/11\/book_obrist_cover.jpg\" alt=\"\" class=\"wp-image-970\" srcset=\"https:\/\/www.mvgphoto.com\/mvg_photo\/wp-content\/uploads\/2014\/11\/book_obrist_cover.jpg 575w, https:\/\/www.mvgphoto.com\/mvg_photo\/wp-content\/uploads\/2014\/11\/book_obrist_cover-300x193.jpg 300w\" sizes=\"auto, (max-width: 575px) 100vw, 575px\" \/><\/a><\/figure><\/div><p class=\"has-small-font-size\" style=\"font-style:normal;font-weight:300\">\u201e<em>Outing &#8211; Conversation with Hans Ulrich Obrist\u201c<\/em>, Maison Europ\u00e9enne de la Photographie, Paris (EN, FR, DE, IT), &nbsp;<strong>\u20ac 28<\/strong>&nbsp; (+ \u20ac&nbsp;7 shipping)<\/p>ngg_shortcode_4_placeholder<form action=\"https:\/\/www.paypal.com\/cgi-bin\/webscr\" method=\"post\" target=\"_top\"><input name=\"cmd\" type=\"hidden\" value=\"_s-xclick\"><br><input name=\"hosted_button_id\" type=\"hidden\" value=\"NN9EUUN64FXAN\"><br><input alt=\"PayPal - The safer, easier way to pay online!\" name=\"submit\" src=\"https:\/\/www.paypalobjects.com\/en_US\/CH\/i\/btn\/btn_buynowCC_LG.gif\" type=\"image\"><br><figure><img loading=\"lazy\" decoding=\"async\" src=\"https:\/\/www.paypalobjects.com\/fr_FR\/i\/scr\/pixel.gif\" alt=\"\" width=\"1\" height=\"1\" border=\"0\"><\/figure><\/form><hr class=\"wp-block-separator has-text-color has-accent-color has-alpha-channel-opacity has-accent-background-color has-background is-style-wide\"\/><div class=\"wp-block-image\"><figure class=\"aligncenter size-full\"><a href=\"https:\/\/www.mvgphoto.com\/mvg_photo\/wp-content\/uploads\/2014\/11\/book_africa_cover.jpg\"><img loading=\"lazy\" decoding=\"async\" width=\"575\" height=\"371\" src=\"https:\/\/www.mvgphoto.com\/mvg_photo\/wp-content\/uploads\/2014\/11\/book_africa_cover.jpg\" alt=\"\" class=\"wp-image-946\" srcset=\"https:\/\/www.mvgphoto.com\/mvg_photo\/wp-content\/uploads\/2014\/11\/book_africa_cover.jpg 575w, https:\/\/www.mvgphoto.com\/mvg_photo\/wp-content\/uploads\/2014\/11\/book_africa_cover-300x193.jpg 300w\" sizes=\"auto, (max-width: 575px) 100vw, 575px\" \/><\/a><\/figure><\/div><p class=\"has-small-font-size\" style=\"font-style:normal;font-weight:300\">\u201e<em>Eye on Africa\u201c<\/em>, Schwabe Verlag, Basel (EN, FR, DE, IT),&nbsp;2009, \u20ac 45 &nbsp;(+\u20ac 10 shipping)<\/p>ngg_shortcode_5_placeholder<form action=\"https:\/\/www.paypal.com\/cgi-bin\/webscr\" method=\"post\" target=\"_top\"><input name=\"cmd\" type=\"hidden\" value=\"_s-xclick\"><br><input name=\"hosted_button_id\" type=\"hidden\" value=\"UEC7PJ6R27LPG\"><br><input alt=\"PayPal - The safer, easier way to pay online!\" name=\"submit\" src=\"https:\/\/www.paypalobjects.com\/en_US\/CH\/i\/btn\/btn_buynowCC_LG.gif\" type=\"image\"><br><figure><img loading=\"lazy\" decoding=\"async\" src=\"https:\/\/www.paypalobjects.com\/fr_FR\/i\/scr\/pixel.gif\" alt=\"\" width=\"1\" height=\"1\" border=\"0\"><\/figure><\/form><hr class=\"wp-block-separator has-text-color has-accent-color has-alpha-channel-opacity has-accent-background-color has-background is-style-wide\"\/><div class=\"wp-block-image\"><figure class=\"aligncenter size-full\"><a href=\"https:\/\/www.mvgphoto.com\/mvg_photo\/wp-content\/uploads\/2014\/11\/book_cover_cocainelove.jpg\"><img loading=\"lazy\" decoding=\"async\" width=\"575\" height=\"371\" src=\"https:\/\/www.mvgphoto.com\/mvg_photo\/wp-content\/uploads\/2014\/11\/book_cover_cocainelove.jpg\" alt=\"\" class=\"wp-image-958\" srcset=\"https:\/\/www.mvgphoto.com\/mvg_photo\/wp-content\/uploads\/2014\/11\/book_cover_cocainelove.jpg 575w, https:\/\/www.mvgphoto.com\/mvg_photo\/wp-content\/uploads\/2014\/11\/book_cover_cocainelove-300x193.jpg 300w\" sizes=\"auto, (max-width: 575px) 100vw, 575px\" \/><\/a><\/figure><\/div><p class=\"has-small-font-size\" style=\"font-style:normal;font-weight:300\">\u201e<em>Cocainelove\u201c<\/em>, Benteli Publisher (EN, FR, DE, IT), 2005 <strong>\u20ac 55 <\/strong>&nbsp;(+ \u20ac 10 shipping)<\/p>ngg_shortcode_6_placeholder<form action=\"https:\/\/www.paypal.com\/cgi-bin\/webscr\" method=\"post\" target=\"_top\"><input name=\"cmd\" type=\"hidden\" value=\"_s-xclick\"><br><input name=\"hosted_button_id\" type=\"hidden\" value=\"FK2VWFKW5423Q\"><br><input alt=\"PayPal - The safer, easier way to pay online!\" name=\"submit\" src=\"https:\/\/www.paypalobjects.com\/en_US\/CH\/i\/btn\/btn_buynowCC_LG.gif\" type=\"image\"><br><figure><img loading=\"lazy\" decoding=\"async\" src=\"https:\/\/www.paypalobjects.com\/fr_FR\/i\/scr\/pixel.gif\" alt=\"\" width=\"1\" height=\"1\" border=\"0\"><\/figure><\/form><hr class=\"wp-block-separator has-text-color has-accent-color has-alpha-channel-opacity has-accent-background-color has-background is-style-wide\"\/><div class=\"wp-block-image\"><figure class=\"aligncenter size-full\"><a href=\"https:\/\/www.mvgphoto.com\/mvg_photo\/wp-content\/uploads\/2014\/11\/book_risk_cover.jpg\"><img loading=\"lazy\" decoding=\"async\" width=\"575\" height=\"371\" src=\"https:\/\/www.mvgphoto.com\/mvg_photo\/wp-content\/uploads\/2014\/11\/book_risk_cover.jpg\" alt=\"\" class=\"wp-image-972\" srcset=\"https:\/\/www.mvgphoto.com\/mvg_photo\/wp-content\/uploads\/2014\/11\/book_risk_cover.jpg 575w, https:\/\/www.mvgphoto.com\/mvg_photo\/wp-content\/uploads\/2014\/11\/book_risk_cover-300x193.jpg 300w\" sizes=\"auto, (max-width: 575px) 100vw, 575px\" \/><\/a><\/figure><\/div><p class=\"has-small-font-size\" style=\"font-style:normal;font-weight:300\"><em>\u201eRisk\u201c<\/em>, Contact Netz, Bern,&nbsp;2005, <strong>\u20ac 28<\/strong>&nbsp; (+ \u20ac&nbsp;7&nbsp;shipping)<\/p>ngg_shortcode_7_placeholder<form action=\"https:\/\/www.paypal.com\/cgi-bin\/webscr\" method=\"post\" target=\"_top\"><input name=\"cmd\" type=\"hidden\" value=\"_s-xclick\"><br><input name=\"hosted_button_id\" type=\"hidden\" value=\"PLSWD496XRDBA\"><br><input alt=\"PayPal - The safer, easier way to pay online!\" name=\"submit\" src=\"https:\/\/www.paypalobjects.com\/en_US\/CH\/i\/btn\/btn_buynowCC_LG.gif\" type=\"image\"><br><figure><img loading=\"lazy\" decoding=\"async\" src=\"https:\/\/www.paypalobjects.com\/fr_FR\/i\/scr\/pixel.gif\" alt=\"\" width=\"1\" height=\"1\" border=\"0\"><\/figure><\/form><hr class=\"wp-block-separator has-text-color has-accent-color has-alpha-channel-opacity has-accent-background-color has-background is-style-wide\"\/><div class=\"wp-block-image\"><figure class=\"aligncenter\"><a href=\"https:\/\/www.mvgphoto.com\/mvg_photo\/wp-content\/uploads\/2014\/11\/book_journal_algerie_cover.jpg\"><img loading=\"lazy\" decoding=\"async\" width=\"575\" height=\"371\" src=\"https:\/\/www.mvgphoto.com\/mvg_photo\/wp-content\/uploads\/2014\/11\/book_journal_algerie_cover.jpg\" alt=\"book_journal_algerie_cover\" class=\"wp-image-962\" srcset=\"https:\/\/www.mvgphoto.com\/mvg_photo\/wp-content\/uploads\/2014\/11\/book_journal_algerie_cover.jpg 575w, https:\/\/www.mvgphoto.com\/mvg_photo\/wp-content\/uploads\/2014\/11\/book_journal_algerie_cover-300x193.jpg 300w\" sizes=\"auto, (max-width: 575px) 100vw, 575px\" \/><\/a><\/figure><\/div><p class=\"has-small-font-size\" style=\"font-style:normal;font-weight:300\"><em>\u201eJournal d\u2019Alg\u00e9rie, 1991-2001\u201c<\/em>, Editions Autrement., Paris,&nbsp;2003, <strong>\u20ac 28<\/strong>&nbsp; (+ \u20ac&nbsp;7&nbsp;shipping)<\/p><form action=\"https:\/\/www.paypal.com\/cgi-bin\/webscr\" method=\"post\" target=\"_top\"><input name=\"cmd\" type=\"hidden\" value=\"_s-xclick\"><br><input name=\"hosted_button_id\" type=\"hidden\" value=\"3FEPH3F5W2GAJ\"><br><input alt=\"PayPal - The safer, easier way to pay online!\" name=\"submit\" src=\"https:\/\/www.paypalobjects.com\/en_US\/CH\/i\/btn\/btn_buynowCC_LG.gif\" type=\"image\"><br><figure><img loading=\"lazy\" decoding=\"async\" src=\"https:\/\/www.paypalobjects.com\/fr_FR\/i\/scr\/pixel.gif\" alt=\"\" width=\"1\" height=\"1\" border=\"0\"><\/figure><\/form><hr class=\"wp-block-separator has-text-color has-accent-color has-alpha-channel-opacity has-accent-background-color has-background is-style-wide\"\/><div class=\"wp-block-image\"><figure class=\"aligncenter size-full\"><a href=\"https:\/\/www.mvgphoto.com\/mvg_photo\/wp-content\/uploads\/2014\/11\/book_swisspanorama_cover.jpg\"><img loading=\"lazy\" decoding=\"async\" width=\"575\" height=\"371\" src=\"https:\/\/www.mvgphoto.com\/mvg_photo\/wp-content\/uploads\/2014\/11\/book_swisspanorama_cover.jpg\" alt=\"\" class=\"wp-image-976\" srcset=\"https:\/\/www.mvgphoto.com\/mvg_photo\/wp-content\/uploads\/2014\/11\/book_swisspanorama_cover.jpg 575w, https:\/\/www.mvgphoto.com\/mvg_photo\/wp-content\/uploads\/2014\/11\/book_swisspanorama_cover-300x193.jpg 300w\" sizes=\"auto, (max-width: 575px) 100vw, 575px\" \/><\/a><\/figure><\/div><p class=\"has-small-font-size\" style=\"font-style:normal;font-weight:300\"><em>\u201eSwisspanorama\u201c<\/em>, mvgphoto.com, Paris,&nbsp;2000, <strong>\u20ac 28<\/strong>&nbsp; (+ \u20ac&nbsp;7&nbsp;shipping)<\/p>ngg_shortcode_8_placeholder<form action=\"https:\/\/www.paypal.com\/cgi-bin\/webscr\" method=\"post\" target=\"_top\"><input name=\"cmd\" type=\"hidden\" value=\"_s-xclick\"><br><input name=\"hosted_button_id\" type=\"hidden\" value=\"A5Q6E8CA3DY8N\"><br><input alt=\"PayPal - The safer, easier way to pay online!\" name=\"submit\" src=\"https:\/\/www.paypalobjects.com\/en_US\/CH\/i\/btn\/btn_buynowCC_LG.gif\" type=\"image\"><br><figure><img loading=\"lazy\" decoding=\"async\" src=\"https:\/\/www.paypalobjects.com\/fr_FR\/i\/scr\/pixel.gif\" alt=\"\" width=\"1\" height=\"1\" border=\"0\"><\/figure><\/form><hr class=\"wp-block-separator has-text-color has-accent-color has-alpha-channel-opacity has-accent-background-color has-background is-style-wide\"\/><div class=\"wp-block-image\"><figure class=\"aligncenter\"><a href=\"https:\/\/www.mvgphoto.com\/mvg_photo\/wp-content\/uploads\/2014\/11\/book_im_herzen_algeriens_cover.jpg\"><img loading=\"lazy\" decoding=\"async\" width=\"575\" height=\"371\" src=\"https:\/\/www.mvgphoto.com\/mvg_photo\/wp-content\/uploads\/2014\/11\/book_im_herzen_algeriens_cover.jpg\" alt=\"book_im_herzen_algeriens_cover\" class=\"wp-image-961\" srcset=\"https:\/\/www.mvgphoto.com\/mvg_photo\/wp-content\/uploads\/2014\/11\/book_im_herzen_algeriens_cover.jpg 575w, https:\/\/www.mvgphoto.com\/mvg_photo\/wp-content\/uploads\/2014\/11\/book_im_herzen_algeriens_cover-300x193.jpg 300w\" sizes=\"auto, (max-width: 575px) 100vw, 575px\" \/><\/a><\/figure><\/div><p class=\"has-text-align-center has-small-font-size\" style=\"font-style:normal;font-weight:300\"><em>\u201eIm Herzen Algeriens\u201c<\/em> Museum f\u00fcr Gestaltung Zurich, Benteli Verlag Bern, 2000<\/p><hr class=\"wp-block-separator has-text-color has-accent-color has-alpha-channel-opacity has-accent-background-color has-background is-style-wide\"\/><div class=\"wp-block-image\"><figure class=\"aligncenter\"><a href=\"https:\/\/www.mvgphoto.com\/mvg_photo\/wp-content\/uploads\/2014\/11\/book_expo_cover.jpg\"><img loading=\"lazy\" decoding=\"async\" width=\"575\" height=\"371\" src=\"https:\/\/www.mvgphoto.com\/mvg_photo\/wp-content\/uploads\/2014\/11\/book_expo_cover.jpg\" alt=\"book_expo_cover\" class=\"wp-image-959\" srcset=\"https:\/\/www.mvgphoto.com\/mvg_photo\/wp-content\/uploads\/2014\/11\/book_expo_cover.jpg 575w, https:\/\/www.mvgphoto.com\/mvg_photo\/wp-content\/uploads\/2014\/11\/book_expo_cover-300x193.jpg 300w\" sizes=\"auto, (max-width: 575px) 100vw, 575px\" \/><\/a><\/figure><\/div><p class=\"has-text-align-center has-small-font-size\" style=\"font-style:normal;font-weight:300\"><em>\u201eDu Jura au vaste monde, parcours d\u2019un photographe\u201c<\/em>, Editions Ferme Asile, Sion, 2000<\/p><hr class=\"wp-block-separator has-text-color has-accent-color has-alpha-channel-opacity has-accent-background-color has-background is-style-wide\"\/><div class=\"wp-block-image\"><figure class=\"aligncenter\"><a href=\"https:\/\/www.mvgphoto.com\/mvg_photo\/wp-content\/uploads\/2014\/11\/book_weltpanorama_cover.jpg\"><img loading=\"lazy\" decoding=\"async\" width=\"575\" height=\"371\" src=\"https:\/\/www.mvgphoto.com\/mvg_photo\/wp-content\/uploads\/2014\/11\/book_weltpanorama_cover.jpg\" alt=\"book_weltpanorama_cover\" class=\"wp-image-978\" srcset=\"https:\/\/www.mvgphoto.com\/mvg_photo\/wp-content\/uploads\/2014\/11\/book_weltpanorama_cover.jpg 575w, https:\/\/www.mvgphoto.com\/mvg_photo\/wp-content\/uploads\/2014\/11\/book_weltpanorama_cover-300x193.jpg 300w\" sizes=\"auto, (max-width: 575px) 100vw, 575px\" \/><\/a><\/figure><\/div><p class=\"has-text-align-center has-small-font-size\" style=\"font-style:normal;font-weight:300\"><em>\u201eWeltpanorama\u201c<\/em>, Weltwoche-ABC Verlag, Z\u00fcrich, 1999<\/p><hr class=\"wp-block-separator has-text-color has-accent-color has-alpha-channel-opacity has-accent-background-color has-background is-style-wide\"\/><div class=\"wp-block-image\"><figure class=\"aligncenter size-full\"><a href=\"https:\/\/www.mvgphoto.com\/mvg_photo\/wp-content\/uploads\/2014\/11\/book_jura_cover.jpg\"><img loading=\"lazy\" decoding=\"async\" width=\"575\" height=\"371\" src=\"https:\/\/www.mvgphoto.com\/mvg_photo\/wp-content\/uploads\/2014\/11\/book_jura_cover.jpg\" alt=\"\" class=\"wp-image-963\" srcset=\"https:\/\/www.mvgphoto.com\/mvg_photo\/wp-content\/uploads\/2014\/11\/book_jura_cover.jpg 575w, https:\/\/www.mvgphoto.com\/mvg_photo\/wp-content\/uploads\/2014\/11\/book_jura_cover-300x193.jpg 300w\" sizes=\"auto, (max-width: 575px) 100vw, 575px\" \/><\/a><\/figure><\/div><p class=\"has-small-font-size\" style=\"font-style:normal;font-weight:300\"><em>\u201eJura \u2013 Visages d\u2019une jeune R\u00e9publique hors image\u201c,<\/em> Editions Arts Vivants, Saint Ursanne,&nbsp;1999, <strong>\u20ac 28<\/strong>&nbsp; (+ \u20ac&nbsp;7&nbsp;shipping)<\/p>ngg_shortcode_9_placeholder<form action=\"https:\/\/www.paypal.com\/cgi-bin\/webscr\" method=\"post\" target=\"_top\"><input name=\"cmd\" type=\"hidden\" value=\"_s-xclick\"><br><input name=\"hosted_button_id\" type=\"hidden\" value=\"KF9F6JFAM8EHU\"><br><input alt=\"PayPal - The safer, easier way to pay online!\" name=\"submit\" src=\"https:\/\/www.paypalobjects.com\/en_US\/CH\/i\/btn\/btn_buynowCC_LG.gif\" type=\"image\"><br><figure><img loading=\"lazy\" decoding=\"async\" src=\"https:\/\/www.paypalobjects.com\/fr_FR\/i\/scr\/pixel.gif\" alt=\"\" width=\"1\" height=\"1\" border=\"0\"><\/figure><\/form><hr class=\"wp-block-separator has-text-color has-accent-color has-alpha-channel-opacity has-accent-background-color has-background is-style-wide\"\/><div class=\"wp-block-image\"><figure class=\"aligncenter size-full\"><a href=\"https:\/\/www.mvgphoto.com\/mvg_photo\/wp-content\/uploads\/2014\/11\/book_algeria_cover_d.jpg\"><img loading=\"lazy\" decoding=\"async\" width=\"575\" height=\"371\" src=\"https:\/\/www.mvgphoto.com\/mvg_photo\/wp-content\/uploads\/2014\/11\/book_algeria_cover_d.jpg\" alt=\"\" class=\"wp-image-948\" srcset=\"https:\/\/www.mvgphoto.com\/mvg_photo\/wp-content\/uploads\/2014\/11\/book_algeria_cover_d.jpg 575w, https:\/\/www.mvgphoto.com\/mvg_photo\/wp-content\/uploads\/2014\/11\/book_algeria_cover_d-300x193.jpg 300w\" sizes=\"auto, (max-width: 575px) 100vw, 575px\" \/><\/a><\/figure><\/div><p class=\"has-small-font-size\" style=\"font-style:normal;font-weight:300\"><em>\u201eAlgerien, der unheimliche Krieg\u201c<\/em> Benteli Verlag, Bern (DE), 1998<\/p>ngg_shortcode_10_placeholder<hr class=\"wp-block-separator has-text-color has-accent-color has-alpha-channel-opacity has-accent-background-color has-background is-style-wide\"\/><div class=\"wp-block-image\"><figure class=\"aligncenter size-full\"><a href=\"https:\/\/www.mvgphoto.com\/mvg_photo\/wp-content\/uploads\/2014\/11\/book_algeria_cover_f.jpg\"><img loading=\"lazy\" decoding=\"async\" width=\"575\" height=\"371\" src=\"https:\/\/www.mvgphoto.com\/mvg_photo\/wp-content\/uploads\/2014\/11\/book_algeria_cover_f.jpg\" alt=\"\" class=\"wp-image-950\" srcset=\"https:\/\/www.mvgphoto.com\/mvg_photo\/wp-content\/uploads\/2014\/11\/book_algeria_cover_f.jpg 575w, https:\/\/www.mvgphoto.com\/mvg_photo\/wp-content\/uploads\/2014\/11\/book_algeria_cover_f-300x193.jpg 300w\" sizes=\"auto, (max-width: 575px) 100vw, 575px\" \/><\/a><\/figure><\/div><div class=\"wp-block-group is-nowrap is-layout-flex wp-container-core-group-is-layout-1 wp-block-group-is-layout-flex\"><p class=\"has-small-font-size\" style=\"font-style:normal;font-weight:300\"><em>\u201eAlg\u00e9rie, photographies d\u2019une guerre sans images\u201c<\/em> Editions Hazan, Paris (FR), 1998 <strong>\u20ac 50&nbsp;<\/strong> (+ \u20ac 10 shipping)<\/p><\/div>ngg_shortcode_11_placeholder<div class=\"wp-block-group\"><div class=\"wp-block-group__inner-container is-layout-constrained wp-block-group-is-layout-constrained\"><form action=\"https:\/\/www.paypal.com\/cgi-bin\/webscr\" method=\"post\" target=\"_top\"><input name=\"cmd\" type=\"hidden\" value=\"_s-xclick\"><br><input name=\"hosted_button_id\" type=\"hidden\" value=\"N32JDU2HUDVPG\"><br><input alt=\"PayPal - The safer, easier way to pay online!\" name=\"submit\" src=\"https:\/\/www.paypalobjects.com\/en_US\/CH\/i\/btn\/btn_buynowCC_LG.gif\" type=\"image\"><br><figure><img loading=\"lazy\" decoding=\"async\" src=\"https:\/\/www.paypalobjects.com\/fr_FR\/i\/scr\/pixel.gif\" alt=\"\" width=\"1\" height=\"1\" border=\"0\"><\/figure><\/form><\/div><\/div><hr class=\"wp-block-separator has-text-color has-accent-color has-alpha-channel-opacity has-accent-background-color has-background is-style-wide\"\/><div class=\"wp-block-image\"><figure class=\"aligncenter size-full\"><a href=\"https:\/\/www.mvgphoto.com\/mvg_photo\/wp-content\/uploads\/2014\/11\/book_algeria_cover_e.jpg\"><img loading=\"lazy\" decoding=\"async\" width=\"575\" height=\"371\" src=\"https:\/\/www.mvgphoto.com\/mvg_photo\/wp-content\/uploads\/2014\/11\/book_algeria_cover_e.jpg\" alt=\"\" class=\"wp-image-949\" srcset=\"https:\/\/www.mvgphoto.com\/mvg_photo\/wp-content\/uploads\/2014\/11\/book_algeria_cover_e.jpg 575w, https:\/\/www.mvgphoto.com\/mvg_photo\/wp-content\/uploads\/2014\/11\/book_algeria_cover_e-300x193.jpg 300w\" sizes=\"auto, (max-width: 575px) 100vw, 575px\" \/><\/a><\/figure><\/div><p class=\"has-small-font-size\" style=\"font-style:normal;font-weight:300\"><em>\u201eInside Algeria\u201c <\/em>Aperture, New York (EN)<\/p>ngg_shortcode_12_placeholder<hr class=\"wp-block-separator has-text-color has-accent-color has-alpha-channel-opacity has-accent-background-color has-background is-style-wide\"\/><div class=\"wp-block-image\"><figure class=\"aligncenter size-full\"><a href=\"https:\/\/www.mvgphoto.com\/mvg_photo\/wp-content\/uploads\/2014\/11\/book_algeria_arab_cover.jpg\"><img loading=\"lazy\" decoding=\"async\" width=\"575\" height=\"371\" src=\"https:\/\/www.mvgphoto.com\/mvg_photo\/wp-content\/uploads\/2014\/11\/book_algeria_arab_cover.jpg\" alt=\"\" class=\"wp-image-947\" srcset=\"https:\/\/www.mvgphoto.com\/mvg_photo\/wp-content\/uploads\/2014\/11\/book_algeria_arab_cover.jpg 575w, https:\/\/www.mvgphoto.com\/mvg_photo\/wp-content\/uploads\/2014\/11\/book_algeria_arab_cover-300x193.jpg 300w\" sizes=\"auto, (max-width: 575px) 100vw, 575px\" \/><\/a><\/figure><\/div>ngg_shortcode_13_placeholder<hr class=\"wp-block-separator has-text-color has-accent-color has-alpha-channel-opacity has-accent-background-color has-background is-style-wide\"\/><div class=\"wp-block-image\"><figure class=\"aligncenter\"><a href=\"https:\/\/www.mvgphoto.com\/mvg_photo\/wp-content\/uploads\/2014\/11\/book_bundeshaus_cover.jpg\"><img loading=\"lazy\" decoding=\"async\" width=\"575\" height=\"371\" src=\"https:\/\/www.mvgphoto.com\/mvg_photo\/wp-content\/uploads\/2014\/11\/book_bundeshaus_cover.jpg\" alt=\"book_bundeshaus_cover\" class=\"wp-image-956\" srcset=\"https:\/\/www.mvgphoto.com\/mvg_photo\/wp-content\/uploads\/2014\/11\/book_bundeshaus_cover.jpg 575w, https:\/\/www.mvgphoto.com\/mvg_photo\/wp-content\/uploads\/2014\/11\/book_bundeshaus_cover-300x193.jpg 300w\" sizes=\"auto, (max-width: 575px) 100vw, 575px\" \/><\/a><\/figure><\/div><p class=\"has-text-align-center has-small-font-size\" style=\"font-style:normal;font-weight:300\"><em>\u201eFreie Sicht aufs Bundeshaus\u201c,<\/em> Editions Benteli Berne, Der Festakt, 150 Jahre CH, 1998<\/p><hr class=\"wp-block-separator has-text-color has-accent-color has-alpha-channel-opacity has-accent-background-color has-background is-style-wide\"\/><div class=\"wp-block-image\"><figure class=\"aligncenter size-full\"><a href=\"https:\/\/www.mvgphoto.com\/mvg_photo\/wp-content\/uploads\/2014\/11\/book_naked_cover_d.jpg\"><img loading=\"lazy\" decoding=\"async\" width=\"575\" height=\"371\" src=\"https:\/\/www.mvgphoto.com\/mvg_photo\/wp-content\/uploads\/2014\/11\/book_naked_cover_d.jpg\" alt=\"\" class=\"wp-image-967\" srcset=\"https:\/\/www.mvgphoto.com\/mvg_photo\/wp-content\/uploads\/2014\/11\/book_naked_cover_d.jpg 575w, https:\/\/www.mvgphoto.com\/mvg_photo\/wp-content\/uploads\/2014\/11\/book_naked_cover_d-300x193.jpg 300w\" sizes=\"auto, (max-width: 575px) 100vw, 575px\" \/><\/a><\/figure><\/div><p class=\"has-text-align-center has-small-font-size\" style=\"font-style:normal;font-weight:300\"><em>&#8222;Nackt im Paradies&#8220;,<\/em> Editions Benteli Berne (DE), 1997, <strong>\u20ac 100<\/strong>&nbsp; (+ \u20ac 10 shipping)<\/p><form action=\"https:\/\/www.paypal.com\/cgi-bin\/webscr\" method=\"post\" target=\"_top\"><input name=\"cmd\" type=\"hidden\" value=\"_s-xclick\"><br><input name=\"hosted_button_id\" type=\"hidden\" value=\"BAWK893GBLH62\"><br><input alt=\"PayPal - The safer, easier way to pay online!\" name=\"submit\" src=\"https:\/\/www.paypalobjects.com\/en_US\/CH\/i\/btn\/btn_buynowCC_LG.gif\" type=\"image\"><br><figure><img loading=\"lazy\" decoding=\"async\" src=\"https:\/\/www.paypalobjects.com\/fr_FR\/i\/scr\/pixel.gif\" alt=\"\" width=\"1\" height=\"1\" border=\"0\"><\/figure><\/form><hr class=\"wp-block-separator has-text-color has-accent-color has-alpha-channel-opacity has-accent-background-color has-background is-style-wide\"\/><div class=\"wp-block-image\"><figure class=\"aligncenter size-full\"><a href=\"https:\/\/www.mvgphoto.com\/mvg_photo\/wp-content\/uploads\/2014\/11\/book_naked_cover_f.jpg\"><img loading=\"lazy\" decoding=\"async\" width=\"575\" height=\"371\" src=\"https:\/\/www.mvgphoto.com\/mvg_photo\/wp-content\/uploads\/2014\/11\/book_naked_cover_f.jpg\" alt=\"\" class=\"wp-image-969\" srcset=\"https:\/\/www.mvgphoto.com\/mvg_photo\/wp-content\/uploads\/2014\/11\/book_naked_cover_f.jpg 575w, https:\/\/www.mvgphoto.com\/mvg_photo\/wp-content\/uploads\/2014\/11\/book_naked_cover_f-300x193.jpg 300w\" sizes=\"auto, (max-width: 575px) 100vw, 575px\" \/><\/a><\/figure><\/div><p class=\"has-small-font-size\" style=\"font-style:normal;font-weight:300\"><br><em>&#8222;Nu au Paradis&#8220;<\/em>, Editions Falgui\u00e8re &#8211; Inter art Paris (FR), 1997 \u20ac 100 &nbsp;(+ \u20ac 10 shipping)<\/p>ngg_shortcode_14_placeholder<form action=\"https:\/\/www.paypal.com\/cgi-bin\/webscr\" method=\"post\" target=\"_top\"><input name=\"cmd\" type=\"hidden\" value=\"_s-xclick\"><br><input name=\"hosted_button_id\" type=\"hidden\" value=\"GN82DDYK47HFC\"><br><input alt=\"PayPal - The safer, easier way to pay online!\" name=\"submit\" src=\"https:\/\/www.paypalobjects.com\/en_US\/CH\/i\/btn\/btn_buynowCC_LG.gif\" type=\"image\"><br><figure><img loading=\"lazy\" decoding=\"async\" src=\"https:\/\/www.paypalobjects.com\/fr_FR\/i\/scr\/pixel.gif\" alt=\"\" width=\"1\" height=\"1\" border=\"0\"><\/figure><\/form><hr class=\"wp-block-separator has-text-color has-accent-color has-alpha-channel-opacity has-accent-background-color has-background is-style-wide\"\/><div class=\"wp-block-image\"><figure class=\"aligncenter\"><a href=\"https:\/\/www.mvgphoto.com\/mvg_photo\/wp-content\/uploads\/2014\/11\/book_naked_cover_e.jpg\"><img loading=\"lazy\" decoding=\"async\" width=\"575\" height=\"371\" src=\"https:\/\/www.mvgphoto.com\/mvg_photo\/wp-content\/uploads\/2014\/11\/book_naked_cover_e.jpg\" alt=\"book_naked_cover_e\" class=\"wp-image-968\" srcset=\"https:\/\/www.mvgphoto.com\/mvg_photo\/wp-content\/uploads\/2014\/11\/book_naked_cover_e.jpg 575w, https:\/\/www.mvgphoto.com\/mvg_photo\/wp-content\/uploads\/2014\/11\/book_naked_cover_e-300x193.jpg 300w\" sizes=\"auto, (max-width: 575px) 100vw, 575px\" \/><\/a><\/figure><\/div><p class=\"has-text-align-center has-small-font-size\" style=\"font-style:normal;font-weight:300\"><em>&#8222;Naked in Paradise&#8220;<\/em>, Dewi Lewis Publishing, Stockport, England (EN), 1997, <strong>\u20ac 100 <\/strong>&nbsp;(+ \u20ac 10 shipping)<\/p><form action=\"https:\/\/www.paypal.com\/cgi-bin\/webscr\" method=\"post\" target=\"_top\"><input name=\"cmd\" type=\"hidden\" value=\"_s-xclick\"><br><input name=\"hosted_button_id\" type=\"hidden\" value=\"24W2DS7MCWVWW\"><br><input alt=\"PayPal - The safer, easier way to pay online!\" name=\"submit\" src=\"https:\/\/www.paypalobjects.com\/en_US\/CH\/i\/btn\/btn_buynowCC_LG.gif\" type=\"image\"><br><figure><img loading=\"lazy\" decoding=\"async\" src=\"https:\/\/www.paypalobjects.com\/fr_FR\/i\/scr\/pixel.gif\" alt=\"\" width=\"1\" height=\"1\" border=\"0\"><\/figure><\/form><hr class=\"wp-block-separator has-text-color has-accent-color has-alpha-channel-opacity has-accent-background-color has-background is-style-wide\"\/><div class=\"wp-block-image\"><figure class=\"aligncenter size-full\"><a href=\"https:\/\/www.mvgphoto.com\/mvg_photo\/wp-content\/uploads\/2014\/11\/book_soudan_cover_f.jpg\"><img loading=\"lazy\" decoding=\"async\" width=\"575\" height=\"371\" src=\"https:\/\/www.mvgphoto.com\/mvg_photo\/wp-content\/uploads\/2014\/11\/book_soudan_cover_f.jpg\" alt=\"\" class=\"wp-image-973\" srcset=\"https:\/\/www.mvgphoto.com\/mvg_photo\/wp-content\/uploads\/2014\/11\/book_soudan_cover_f.jpg 575w, https:\/\/www.mvgphoto.com\/mvg_photo\/wp-content\/uploads\/2014\/11\/book_soudan_cover_f-300x193.jpg 300w\" sizes=\"auto, (max-width: 575px) 100vw, 575px\" \/><\/a><\/figure><\/div><p class=\"has-small-font-size\" style=\"font-style:normal;font-weight:300\"><em>&#8222;Soudan&#8220;,<\/em> Benteli Berne et Editions Falgui\u00e8re &#8211; Inter art Paris, 1995<\/p>ngg_shortcode_15_placeholder<hr class=\"wp-block-separator has-text-color has-accent-color has-alpha-channel-opacity has-accent-background-color has-background is-style-wide\"\/><div class=\"wp-block-image\"><figure class=\"aligncenter\"><a href=\"https:\/\/www.mvgphoto.com\/mvg_photo\/wp-content\/uploads\/2014\/11\/book_sudan_cover_d.jpg\"><img loading=\"lazy\" decoding=\"async\" width=\"575\" height=\"371\" src=\"https:\/\/www.mvgphoto.com\/mvg_photo\/wp-content\/uploads\/2014\/11\/book_sudan_cover_d.jpg\" alt=\"book_sudan_cover_d\" class=\"wp-image-974\" srcset=\"https:\/\/www.mvgphoto.com\/mvg_photo\/wp-content\/uploads\/2014\/11\/book_sudan_cover_d.jpg 575w, https:\/\/www.mvgphoto.com\/mvg_photo\/wp-content\/uploads\/2014\/11\/book_sudan_cover_d-300x193.jpg 300w\" sizes=\"auto, (max-width: 575px) 100vw, 575px\" \/><\/a><\/figure><\/div><p class=\"has-text-align-center has-small-font-size\" style=\"font-style:normal;font-weight:300\"><em>&#8222;Sudan, der vergessene Krieg&#8220;<\/em>, Inter art Paris &#8211; Benteli Verlag, Bern (EN\/DE), 1995<\/p><hr class=\"wp-block-separator has-text-color has-accent-color has-alpha-channel-opacity has-accent-background-color has-background is-style-wide\"\/><div class=\"wp-block-image\"><figure class=\"aligncenter size-full\"><a href=\"https:\/\/www.mvgphoto.com\/mvg_photo\/wp-content\/uploads\/2014\/11\/book_algerien_traum_cover.jpg\"><img loading=\"lazy\" decoding=\"async\" width=\"575\" height=\"371\" src=\"https:\/\/www.mvgphoto.com\/mvg_photo\/wp-content\/uploads\/2014\/11\/book_algerien_traum_cover.jpg\" alt=\"\" class=\"wp-image-951\" srcset=\"https:\/\/www.mvgphoto.com\/mvg_photo\/wp-content\/uploads\/2014\/11\/book_algerien_traum_cover.jpg 575w, https:\/\/www.mvgphoto.com\/mvg_photo\/wp-content\/uploads\/2014\/11\/book_algerien_traum_cover-300x193.jpg 300w\" sizes=\"auto, (max-width: 575px) 100vw, 575px\" \/><\/a><\/figure><\/div><p class=\"has-small-font-size\" style=\"font-style:normal;font-weight:300\"><br><em>&#8222;Alg\u00e9rie. Le r\u00eave bris\u00e9 de la d\u00e9mocratie \/ Algerien, der Traum von der Demokratie&#8220;<\/em>, \u00e9d Benteli, 1993<\/p>ngg_shortcode_16_placeholder<hr class=\"wp-block-separator has-text-color has-accent-color has-alpha-channel-opacity has-accent-background-color has-background is-style-wide\"\/><div class=\"wp-block-image\"><figure class=\"aligncenter\"><a href=\"https:\/\/www.mvgphoto.com\/mvg_photo\/wp-content\/uploads\/2014\/11\/book_swisspeople_cover.jpg\"><img loading=\"lazy\" decoding=\"async\" width=\"575\" height=\"371\" src=\"https:\/\/www.mvgphoto.com\/mvg_photo\/wp-content\/uploads\/2014\/11\/book_swisspeople_cover.jpg\" alt=\"book_swisspeople_cover\" class=\"wp-image-977\" srcset=\"https:\/\/www.mvgphoto.com\/mvg_photo\/wp-content\/uploads\/2014\/11\/book_swisspeople_cover.jpg 575w, https:\/\/www.mvgphoto.com\/mvg_photo\/wp-content\/uploads\/2014\/11\/book_swisspeople_cover-300x193.jpg 300w\" sizes=\"auto, (max-width: 575px) 100vw, 575px\" \/><\/a><\/figure><\/div><p class=\"has-text-align-center has-small-font-size\" style=\"font-style:normal;font-weight:300\"><em>&#8222;Swiss People&#8220;<\/em>, Photo Poche, Collection la m\u00e9moire de l&#8217;oeil, Jean Genoud, Lausanne, 1991<\/p><hr class=\"wp-block-separator has-text-color has-accent-color has-alpha-channel-opacity has-accent-background-color has-background is-style-wide\"\/><div class=\"wp-block-image\"><figure class=\"aligncenter\"><a href=\"https:\/\/www.mvgphoto.com\/mvg_photo\/wp-content\/uploads\/2014\/11\/book_swissimage_cover.jpg\"><img loading=\"lazy\" decoding=\"async\" width=\"575\" height=\"371\" src=\"https:\/\/www.mvgphoto.com\/mvg_photo\/wp-content\/uploads\/2014\/11\/book_swissimage_cover.jpg\" alt=\"book_swissimage_cover\" class=\"wp-image-975\" srcset=\"https:\/\/www.mvgphoto.com\/mvg_photo\/wp-content\/uploads\/2014\/11\/book_swissimage_cover.jpg 575w, https:\/\/www.mvgphoto.com\/mvg_photo\/wp-content\/uploads\/2014\/11\/book_swissimage_cover-300x193.jpg 300w\" sizes=\"auto, (max-width: 575px) 100vw, 575px\" \/><\/a><\/figure><\/div><p class=\"has-text-align-center has-small-font-size\" style=\"font-style:normal;font-weight:300\"><em>&#8222;Swiss Image&#8220;<\/em>, Benteli Publishers \/ Tribune \u00e9ditions, Gen\u00e8ve (EN, DE, FR), 1989<\/p><hr class=\"wp-block-separator has-text-color has-accent-color has-alpha-channel-opacity has-accent-background-color has-background is-style-wide\"\/><div class=\"wp-block-image\"><figure class=\"aligncenter\"><a href=\"https:\/\/www.mvgphoto.com\/mvg_photo\/wp-content\/uploads\/2014\/11\/book_kopp_cover.jpg\"><img loading=\"lazy\" decoding=\"async\" width=\"575\" height=\"371\" src=\"https:\/\/www.mvgphoto.com\/mvg_photo\/wp-content\/uploads\/2014\/11\/book_kopp_cover.jpg\" alt=\"book_kopp_cover\" class=\"wp-image-964\" srcset=\"https:\/\/www.mvgphoto.com\/mvg_photo\/wp-content\/uploads\/2014\/11\/book_kopp_cover.jpg 575w, https:\/\/www.mvgphoto.com\/mvg_photo\/wp-content\/uploads\/2014\/11\/book_kopp_cover-300x193.jpg 300w\" sizes=\"auto, (max-width: 575px) 100vw, 575px\" \/><\/a><\/figure><\/div><p class=\"has-text-align-center has-small-font-size\" style=\"font-style:normal;font-weight:300\"><em>&#8222;Mich trifft keine Schuld&#8220;<\/em> Dokumentation \u00fcber den Fall der Justizministerin Elisabeth Kopp, Ringier Verlag, Z\u00fcrich, 1989<\/p><hr class=\"wp-block-separator has-text-color has-accent-color has-alpha-channel-opacity has-accent-background-color has-background is-style-wide\"\/><div class=\"wp-block-image\"><figure class=\"aligncenter\"><a href=\"https:\/\/www.mvgphoto.com\/mvg_photo\/wp-content\/uploads\/2014\/11\/book_markt_cover.jpg\"><img loading=\"lazy\" decoding=\"async\" width=\"575\" height=\"371\" src=\"https:\/\/www.mvgphoto.com\/mvg_photo\/wp-content\/uploads\/2014\/11\/book_markt_cover.jpg\" alt=\"book_markt_cover\" class=\"wp-image-965\" srcset=\"https:\/\/www.mvgphoto.com\/mvg_photo\/wp-content\/uploads\/2014\/11\/book_markt_cover.jpg 575w, https:\/\/www.mvgphoto.com\/mvg_photo\/wp-content\/uploads\/2014\/11\/book_markt_cover-300x193.jpg 300w\" sizes=\"auto, (max-width: 575px) 100vw, 575px\" \/><\/a><\/figure><\/div><p class=\"has-text-align-center has-small-font-size\" style=\"font-style:normal;font-weight:300\"><em>&#8222;Markt&#8220;<\/em>, ED-Verlag, Langnau, 1988<\/p><hr class=\"wp-block-separator has-text-color has-accent-color has-alpha-channel-opacity has-accent-background-color has-background is-style-wide\"\/><p class=\"has-text-align-center has-small-font-size\" style=\"font-style:normal;font-weight:600\"><em>&#8222;Liebe zu Kaufen&#8220;<\/em>, 10 photographes regardent la prostitution, Edition Stemmle, Schaffhausen, 1987<\/p><hr class=\"wp-block-separator has-text-color has-accent-color has-alpha-channel-opacity has-accent-background-color has-background is-style-wide\"\/><div class=\"wp-block-image\"><figure class=\"aligncenter\"><a href=\"https:\/\/www.mvgphoto.com\/mvg_photo\/wp-content\/uploads\/2014\/11\/book_blauer_berg_cover.jpg\"><img loading=\"lazy\" decoding=\"async\" width=\"575\" height=\"371\" src=\"https:\/\/www.mvgphoto.com\/mvg_photo\/wp-content\/uploads\/2014\/11\/book_blauer_berg_cover.jpg\" alt=\"book_blauer_berg_cover\" class=\"wp-image-955\" srcset=\"https:\/\/www.mvgphoto.com\/mvg_photo\/wp-content\/uploads\/2014\/11\/book_blauer_berg_cover.jpg 575w, https:\/\/www.mvgphoto.com\/mvg_photo\/wp-content\/uploads\/2014\/11\/book_blauer_berg_cover-300x193.jpg 300w\" sizes=\"auto, (max-width: 575px) 100vw, 575px\" \/><\/a><\/figure><\/div><p class=\"has-text-align-center has-small-font-size\" style=\"font-style:normal;font-weight:300\"><em>\u201eDer Blaue Berg, Literatur in der Schweiz\u201c<\/em>, Editions Der Blaue Berg, Bern, 1986<\/p><hr class=\"wp-block-separator has-text-color has-accent-color has-alpha-channel-opacity has-accent-background-color has-background is-style-wide\"\/><div class=\"wp-block-image\"><figure class=\"aligncenter\"><a href=\"https:\/\/www.mvgphoto.com\/mvg_photo\/wp-content\/uploads\/2014\/11\/book_palais_federal_cover.jpg\"><img loading=\"lazy\" decoding=\"async\" width=\"575\" height=\"371\" src=\"https:\/\/www.mvgphoto.com\/mvg_photo\/wp-content\/uploads\/2014\/11\/book_palais_federal_cover.jpg\" alt=\"book_palais_federal_cover\" class=\"wp-image-971\" srcset=\"https:\/\/www.mvgphoto.com\/mvg_photo\/wp-content\/uploads\/2014\/11\/book_palais_federal_cover.jpg 575w, https:\/\/www.mvgphoto.com\/mvg_photo\/wp-content\/uploads\/2014\/11\/book_palais_federal_cover-300x193.jpg 300w\" sizes=\"auto, (max-width: 575px) 100vw, 575px\" \/><\/a><\/figure><\/div><p class=\"has-text-align-center has-small-font-size\" style=\"font-style:normal;font-weight:300\"><em>&#8222;Un photographe au coeur du Palais-F\u00e9d\u00e9ral&#8220;<\/em>, Editions Ringier, Lausanne, 1986<\/p><hr class=\"wp-block-separator has-text-color has-accent-color has-alpha-channel-opacity has-accent-background-color has-background is-style-wide\"\/><div class=\"wp-block-image\"><figure class=\"aligncenter\"><a href=\"https:\/\/www.mvgphoto.com\/mvg_photo\/wp-content\/uploads\/2014\/11\/book_bundeshausfotografien_cover.jpg\"><img loading=\"lazy\" decoding=\"async\" width=\"575\" height=\"371\" src=\"https:\/\/www.mvgphoto.com\/mvg_photo\/wp-content\/uploads\/2014\/11\/book_bundeshausfotografien_cover.jpg\" alt=\"book_bundeshausfotografien_cover\" class=\"wp-image-957\" srcset=\"https:\/\/www.mvgphoto.com\/mvg_photo\/wp-content\/uploads\/2014\/11\/book_bundeshausfotografien_cover.jpg 575w, https:\/\/www.mvgphoto.com\/mvg_photo\/wp-content\/uploads\/2014\/11\/book_bundeshausfotografien_cover-300x193.jpg 300w\" sizes=\"auto, (max-width: 575px) 100vw, 575px\" \/><\/a><\/figure><\/div><p class=\"has-text-align-center has-small-font-size\" style=\"font-style:normal;font-weight:300\"><br><em>&#8222;Bundeshaus-Fotografien&#8220;<\/em>, Grafino Verlag, Berne, 1984, <strong>\u20ac 50&nbsp;<\/strong> (+ \u20ac 10 shipping)<\/p><form action=\"https:\/\/www.paypal.com\/cgi-bin\/webscr\" method=\"post\" target=\"_top\"><input name=\"cmd\" type=\"hidden\" value=\"_s-xclick\"><br><input name=\"hosted_button_id\" type=\"hidden\" value=\"WCXVW7T3H7CEE\"><br><input alt=\"PayPal - The safer, easier way to pay online!\" name=\"submit\" src=\"https:\/\/www.paypalobjects.com\/en_US\/CH\/i\/btn\/btn_buynowCC_LG.gif\" type=\"image\"><br><figure><img loading=\"lazy\" decoding=\"async\" src=\"https:\/\/www.paypalobjects.com\/fr_FR\/i\/scr\/pixel.gif\" alt=\"\" width=\"1\" height=\"1\" border=\"0\"><\/figure><\/form><hr class=\"wp-block-separator has-text-color has-accent-color has-alpha-channel-opacity has-accent-background-color has-background is-style-wide\"\/><p class=\"has-text-align-center has-small-font-size\" style=\"font-style:normal;font-weight:600\"><em>&#8222;Kramgasse Berne&#8220;<\/em>, VDB Verlag, Berne, 1983<\/p><hr class=\"wp-block-separator has-text-color has-accent-color has-alpha-channel-opacity has-accent-background-color has-background is-style-wide\"\/><div class=\"wp-block-image\"><figure class=\"aligncenter\"><a href=\"https:\/\/www.mvgphoto.com\/mvg_photo\/wp-content\/uploads\/2014\/11\/book_beizenportraits_cover.jpg\"><img loading=\"lazy\" decoding=\"async\" width=\"575\" height=\"371\" src=\"https:\/\/www.mvgphoto.com\/mvg_photo\/wp-content\/uploads\/2014\/11\/book_beizenportraits_cover.jpg\" alt=\"book_beizenportraits_cover\" class=\"wp-image-952\" srcset=\"https:\/\/www.mvgphoto.com\/mvg_photo\/wp-content\/uploads\/2014\/11\/book_beizenportraits_cover.jpg 575w, https:\/\/www.mvgphoto.com\/mvg_photo\/wp-content\/uploads\/2014\/11\/book_beizenportraits_cover-300x193.jpg 300w\" sizes=\"auto, (max-width: 575px) 100vw, 575px\" \/><\/a><\/figure><\/div><p class=\"has-text-align-center has-small-font-size\" style=\"font-style:normal;font-weight:300\"><em>&#8222;Berner Beizen-Portr\u00e4ts&#8220;<\/em>, VDB Verlag, Berne, 1982<\/p><hr class=\"wp-block-separator has-text-color has-accent-color has-alpha-channel-opacity has-accent-background-color has-background is-style-wide\"\/><div class=\"wp-block-image\"><figure class=\"aligncenter\"><a href=\"https:\/\/www.mvgphoto.com\/mvg_photo\/wp-content\/uploads\/2014\/11\/book_gurten_cover.jpg\"><img loading=\"lazy\" decoding=\"async\" width=\"575\" height=\"371\" src=\"https:\/\/www.mvgphoto.com\/mvg_photo\/wp-content\/uploads\/2014\/11\/book_gurten_cover.jpg\" alt=\"book_gurten_cover\" class=\"wp-image-960\" srcset=\"https:\/\/www.mvgphoto.com\/mvg_photo\/wp-content\/uploads\/2014\/11\/book_gurten_cover.jpg 575w, https:\/\/www.mvgphoto.com\/mvg_photo\/wp-content\/uploads\/2014\/11\/book_gurten_cover-300x193.jpg 300w\" sizes=\"auto, (max-width: 575px) 100vw, 575px\" \/><\/a><\/figure><\/div><p class=\"has-text-align-center has-small-font-size\" style=\"font-style:normal;font-weight:300\"><em>&#8222;Folkfestival Gurten&#8220;<\/em>, Benteli Verlag, Bern, 1981<\/p><hr class=\"wp-block-separator has-text-color has-accent-color has-alpha-channel-opacity has-accent-background-color has-background is-style-wide\"\/><div class=\"wp-block-image\"><figure class=\"aligncenter\"><a href=\"https:\/\/www.mvgphoto.com\/mvg_photo\/wp-content\/uploads\/2014\/11\/book_berns_lauben_cover.jpg\"><img loading=\"lazy\" decoding=\"async\" width=\"575\" height=\"371\" src=\"https:\/\/www.mvgphoto.com\/mvg_photo\/wp-content\/uploads\/2014\/11\/book_berns_lauben_cover.jpg\" alt=\"book_berns_lauben_cover\" class=\"wp-image-953\" srcset=\"https:\/\/www.mvgphoto.com\/mvg_photo\/wp-content\/uploads\/2014\/11\/book_berns_lauben_cover.jpg 575w, https:\/\/www.mvgphoto.com\/mvg_photo\/wp-content\/uploads\/2014\/11\/book_berns_lauben_cover-300x193.jpg 300w\" sizes=\"auto, (max-width: 575px) 100vw, 575px\" \/><\/a><\/figure><\/div><p class=\"has-text-align-center has-small-font-size\" style=\"font-style:normal;font-weight:300\"><em>&#8222;Unter Berns Lauben&#8220;,<\/em> VDB Verlag, Berne, 1980<\/p><hr class=\"wp-block-separator has-text-color has-accent-color has-alpha-channel-opacity has-accent-background-color has-background is-style-wide\"\/><div class=\"wp-block-image\"><figure class=\"aligncenter\"><a href=\"https:\/\/www.mvgphoto.com\/mvg_photo\/wp-content\/uploads\/2014\/11\/book_markt_ist_mehr_cover.jpg\"><img loading=\"lazy\" decoding=\"async\" width=\"575\" height=\"371\" src=\"https:\/\/www.mvgphoto.com\/mvg_photo\/wp-content\/uploads\/2014\/11\/book_markt_ist_mehr_cover.jpg\" alt=\"book_markt_ist_mehr_cover\" class=\"wp-image-966\" srcset=\"https:\/\/www.mvgphoto.com\/mvg_photo\/wp-content\/uploads\/2014\/11\/book_markt_ist_mehr_cover.jpg 575w, https:\/\/www.mvgphoto.com\/mvg_photo\/wp-content\/uploads\/2014\/11\/book_markt_ist_mehr_cover-300x193.jpg 300w\" sizes=\"auto, (max-width: 575px) 100vw, 575px\" \/><\/a><\/figure><\/div><p><\/p>","protected":false},"excerpt":{"rendered":"<p>Our Town, Editions Steidl, G\u00f6ttingen, 2021, 240 pages, 120 images, \u20ac 50 (+ \u20ac 10 shipping) Changing Rio, publi\u00e9 aux \u00e9ditions Slatkine, 2016, \u20ac 45 (+ \u20ac 10 shipping). \u201eBierfest\u201c, Steidl Publishers, G\u00f6ttingen, 2014, 128 pages 11.6 x 9.4 inches \/ 29.5 x 24 cm 55 double-page panorama photographs &#8211; [&hellip;]<\/p>\n","protected":false},"author":1,"featured_media":1417,"parent":0,"menu_order":5,"comment_status":"closed","ping_status":"open","template":"","meta":{"ngg_post_thumbnail":0,"_themeisle_gutenberg_block_has_review":false,"footnotes":""},"class_list":["post-920","page","type-page","status-publish","has-post-thumbnail","hentry"],"_links":{"self":[{"href":"https:\/\/www.mvgphoto.com\/index.php?rest_route=\/wp\/v2\/pages\/920","targetHints":{"allow":["GET"]}}],"collection":[{"href":"https:\/\/www.mvgphoto.com\/index.php?rest_route=\/wp\/v2\/pages"}],"about":[{"href":"https:\/\/www.mvgphoto.com\/index.php?rest_route=\/wp\/v2\/types\/page"}],"author":[{"embeddable":true,"href":"https:\/\/www.mvgphoto.com\/index.php?rest_route=\/wp\/v2\/users\/1"}],"replies":[{"embeddable":true,"href":"https:\/\/www.mvgphoto.com\/index.php?rest_route=%2Fwp%2Fv2%2Fcomments&post=920"}],"version-history":[{"count":161,"href":"https:\/\/www.mvgphoto.com\/index.php?rest_route=\/wp\/v2\/pages\/920\/revisions"}],"predecessor-version":[{"id":2903,"href":"https:\/\/www.mvgphoto.com\/index.php?rest_route=\/wp\/v2\/pages\/920\/revisions\/2903"}],"wp:featuredmedia":[{"embeddable":true,"href":"https:\/\/www.mvgphoto.com\/index.php?rest_route=\/wp\/v2\/media\/1417"}],"wp:attachment":[{"href":"https:\/\/www.mvgphoto.com\/index.php?rest_route=%2Fwp%2Fv2%2Fmedia&parent=920"}],"curies":[{"name":"wp","href":"https:\/\/api.w.org\/{rel}","templated":true}]}}